{"id":10529,"date":"2022-12-22T11:17:50","date_gmt":"2022-12-22T10:17:50","guid":{"rendered":"https:\/\/www.sab.ch\/dienstleistungen\/management-dorganisations-et-de-reseaux\/le-reseau-alliance-dans-les-alpes\/devenir-membre\/"},"modified":"2024-05-06T10:49:12","modified_gmt":"2024-05-06T08:49:12","slug":"devenir-membre","status":"publish","type":"page","link":"https:\/\/www.sab.ch\/fr\/dienstleistungen\/management-dorganisations-et-de-reseaux\/le-reseau-alliance-dans-les-alpes\/devenir-membre\/","title":{"rendered":"Devenir membre"},"content":{"rendered":"<div id='av_section_1'  class='avia-section av-kbufzd3s-dd428f854b73db9c732bdb3b761e163e main_color avia-section-default avia-shadow  avia-builder-el-0  avia-builder-el-no-sibling  avia-bg-style-scroll container_wrap fullsize'  ><div class='container av-section-cont-open' ><main  role=\"main\" itemprop=\"mainContentOfPage\"  class='template-page content  av-content-full alpha units'><div class='post-entry post-entry-type-page post-entry-10529'><div class='entry-content-wrapper clearfix'>\n<div  class='flex_column av-2zry57-89172371ba98ea60f4b8cbf7547475c6 av_two_third  avia-builder-el-1  avia-builder-el-no-sibling  first flex_column_div  '     ><section  class='av_textblock_section av-jxk41cbl-a1fc1525f09076e0644c7e0771550ccd '   itemscope=\"itemscope\" itemtype=\"https:\/\/schema.org\/CreativeWork\" ><div class='avia_textblock'  itemprop=\"text\" ><h2 class=\"csc-firstHeader\">Prestations fournies par l&rsquo;Alliance dans les Alpes<\/h2>\n<p>\u00ab\u00a0Alliance dans les Alpes\u00a0\u00bb est un r\u00e9seau regroupant des communes de montagne, ainsi que des r\u00e9gions des sept pays de l&rsquo;Arc alpin. <a href=\"https:\/\/alpenallianz.org\/de\/\">Ce r\u00e9seau<\/a> existe depuis 1997.<\/p>\n<p>Les membres s&rsquo;engagent, avec leurs citoyens, \u00e0 d\u00e9velopper leur r\u00e9gion de mani\u00e8re durable. La base pour ce d\u00e9veloppement est constitu\u00e9 par la Convention alpine Depuis 2008, le SAB est charg\u00e9 de la coordination du r\u00e9seau suisse. Un <a class=\"internal-link\" title=\"Opens internal link in current window\" href=\"http:\/\/www.sab.ch\/dienstleistungen\/management-von-organisationen-und-netzwerken\/allianz-in-den-alpen\/kontaktpersonen.html\" target=\"_self\" rel=\"noopener\">animateur<\/a> soutient les communes dans le d\u00e9veloppement et la mise en oeuvre de projets, en Suisse romande et en Suisse al\u00e9manique. 32 <a href=\"https:\/\/alliancealpes.org\/fr\/sur-alliance-dans-les-alpes\/nos-membres\">communes<\/a> sont membres du r\u00e9seau suisse d\u2019Alliance dans les Alpes.<\/p>\n<h2>Pourquoi devenir membre?<\/h2>\n<p>Un extrait d&rsquo;un entretien avec Gion Nicolay, ancien conseiller communal d&rsquo;Ardez (qui fait maintenant partie de la commune de Scuol), dans la Basse-Engadine<\/p>\n<p><b>Comment la commune d&rsquo;Ardez a-t-elle eu connaissance du r\u00e9seau Alliance dans les Alpes?<br \/>\n<\/b>La commune connaissait d\u00e9j\u00e0 le r\u00e9seau \u00e0 travers les m\u00e9dias. Les exp\u00e9riences positives r\u00e9alis\u00e9es dans les communes voisines de Tschlin et de Sent et leurs projets de Birreria Engiadina et de zone \u00e0 b\u00e2tir \u00e9conome en \u00e9nergie ont contribu\u00e9 \u00e0 nous convaincre.<\/p>\n<p><b>Quelle fut la motivation d&rsquo;adh\u00e9rer au r\u00e9seau?<br \/>\n<\/b>La commune d\u2019Ardez compte sur l\u2019\u00e9change d\u2019exp\u00e9riences et se r\u00e9jouit d\u2019avoir plus de liens avec l\u2019arc alpin. Nous sommes persuad\u00e9s que nous pourrons profiter de l\u2019exp\u00e9rience des communes pionni\u00e8res et que d\u2019autres communes pourront aussi profiter de notre savoir-faire, par exemple dans le domaine de la participation des citoyens (Association Viva Ardez).. Ardez se trouve en Suisse orientale, proche de l\u2019Autriche et de l\u2019Italie. Nous n\u2019avons que trop peu de contact avec nos voisins et la participation au r\u00e9seau pourra am\u00e9liorer cet \u00e9tat de fait. Notre commune compte 431 habitants, donc il est important pour nous de faire partie d\u2019un r\u00e9seau et de discuter des d\u00e9fis communs qui nous attendent.<\/p>\n<p><b>Quelles sont les attentes envers les animateurs?<br \/>\n<\/b>Nous avons besoin d\u2019une personne de contact qui peut fournir des renseignements sur les sources de financement, sur la gestion d\u2019un projet, sur la mani\u00e8re d\u2019animer les groupes, etc. L&rsquo;animateur du r\u00e9seau propose ces services, c\u2019est bon march\u00e9 et efficace.<\/p>\n<h2>Cotisation<\/h2>\n<p>200.- par an<\/p>\n<p>auxquels s&rsquo;ajoute la cotisation \u00e0 la section internationale, selon le nombre d\u2019habitants de la commune<\/p>\n<table class=\"contenttable\">\n<tbody>\n<tr>\n<td>jusqu&rsquo;\u00e0 500 habitants<\/td>\n<td>300.00<\/td>\n<\/tr>\n<tr>\n<td>500 &#8211; 1&rsquo;000 habitants<\/td>\n<td>500.00<\/td>\n<\/tr>\n<tr>\n<td>1&rsquo;001 &#8211; 2&rsquo;000 habitants<\/td>\n<td>850.00<\/td>\n<\/tr>\n<tr>\n<td>2&rsquo;001 &#8211; 5&rsquo;000 habitants<\/td>\n<td>1&rsquo;200.00<\/td>\n<\/tr>\n<tr>\n<td>5&rsquo;001 &#8211; 10&rsquo;000 habitants<\/td>\n<td>1&rsquo;550.00<\/td>\n<\/tr>\n<tr>\n<td>plus de 10&rsquo;000 habitants<\/td>\n<td>1&rsquo;800.00<\/td>\n<\/tr>\n<tr>\n<td>r\u00e9gions avec 15&rsquo;001 &#8211; 20&rsquo;000 habitants<\/td>\n<td>2&rsquo;100.00<\/td>\n<\/tr>\n<tr>\n<td>r\u00e9gions avec plus de 20&rsquo;000 habitants<\/td>\n<td>2&rsquo;300.00<\/td>\n<\/tr>\n<\/tbody>\n<\/table>\n<h2>Statuts<\/h2>\n<p><a href=\"\/wp-content\/uploads\/2022\/11\/Vereinsstatuten_ADLA_26_11_2009.pdf\">Statuts<\/a><\/p>\n<h2>Contact<\/h2>\n<p>Peter Niederer<\/p>\n<p>Coordinateur en Suisse<br \/>\nE-mail: <a href=\"&#x70;&#x65;&#x74;&#x65;&#x72;&#x2e;&#x6e;&#105;&#101;&#100;&#101;&#114;er&#64;s&#x61;&#x62;&#x2e;&#x63;&#x68;\">&#x70;&#x65;&#116;e&#x72;&#x2e;&#110;ie&#x64;&#x65;&#114;e&#x72;&#x40;&#115;&#97;b&#x2e;&#x63;&#104;<\/a><\/p>\n<p>T\u00e9l 031 382 10 10<\/p>\n<\/div><\/section><br \/>\n<div  class='hr av-2wkf6z-d521481097cfb88d8b7ee69939a0edf5 hr-default  avia-builder-el-3  el_after_av_textblock  el_before_av_contact '><span class='hr-inner '><span class=\"hr-inner-style\"><\/span><\/span><\/div><br \/>\n<form action=\"https:\/\/www.sab.ch\/fr\/dienstleistungen\/management-dorganisations-et-de-reseaux\/le-reseau-alliance-dans-les-alpes\/devenir-membre\/\" method=\"post\" data-fields-with-error=\"Erreurs trouv\u00e9es dans les champs suivants :\" class=\"avia_ajax_form av-form-labels-visible   avia-builder-el-4  el_after_av_hr  avia-builder-el-last   \" data-avia-form-id=\"1\" data-avia-redirect='' ><h3 class=''>Envoyez-nous un mail<\/h3><fieldset><p class='  first_form  form_element form_fullwidth' id='element_avia_1_1'><label for=\"avia_1_1\">Organisation\/r\u00e9gion <abbr class=\"required\" title=\"requis(e)\">*<\/abbr><\/label> <input name=\"avia_1_1\" class=\"text_input is_empty\" type=\"text\" id=\"avia_1_1\" value=\"\" \/><\/p><p class='  first_form  form_element form_fullwidth' id='element_avia_2_1'><label for=\"avia_2_1\">Nom, pr\u00e9nom <abbr class=\"required\" title=\"requis(e)\">*<\/abbr><\/label> <input name=\"avia_2_1\" class=\"text_input is_empty\" type=\"text\" id=\"avia_2_1\" value=\"\" \/><\/p><p class='  first_form  form_element form_fullwidth' id='element_avia_3_1'><label for=\"avia_3_1\">Adresse <abbr class=\"required\" title=\"requis(e)\">*<\/abbr><\/label> <input name=\"avia_3_1\" class=\"text_input is_empty\" type=\"text\" id=\"avia_3_1\" value=\"\" \/><\/p><p class='  first_form  form_element form_fullwidth' id='element_avia_4_1'><label for=\"avia_4_1\">NPA\/localit\u00e9 <abbr class=\"required\" title=\"requis(e)\">*<\/abbr><\/label> <input name=\"avia_4_1\" class=\"text_input is_empty\" type=\"text\" id=\"avia_4_1\" value=\"\" \/><\/p><p class='  first_form  form_element form_fullwidth' id='element_avia_5_1'><label for=\"avia_5_1\">E-Mail <abbr class=\"required\" title=\"requis(e)\">*<\/abbr><\/label> <input name=\"avia_5_1\" class=\"text_input is_empty\" type=\"text\" id=\"avia_5_1\" value=\"\" \/><\/p><p class=\"hidden\"><input type=\"text\" name=\"avia_6_1\" class=\"hidden \" id=\"avia_6_1\" value=\"\" \/><\/p><div id='avia_7_1' class='av-recaptcha-area  first_form  form_element form_fullwidth '  data-container_class=\"\" data-custom_class=\"\" data-context=\"av_contact_form\" data-token_input=\"av_recaptcha_token\" data-version=\"avia_recaptcha_v3\" data-theme=\"light\" data-size=\"normal\" data-score=\"0.5\" data-text_to_preview=\"\" data-value=\"\"><div class=\"av-google-badge-message hidden\">Ce site est prot\u00e9g\u00e9 par reCAPTCHA et la <a href=\"https:\/\/policies.google.com\/privacy\">politique de confidentialit\u00e9<\/a> de Google et <a href=\"https:\/\/policies.google.com\/terms\">leur conditions d\u2019utilisation<\/a> s\u2019appliquent.<\/div><\/div><p class=\"form_element \"><input type=\"hidden\" value=\"1\" name=\"avia_generated_form1\" \/><input type=\"submit\" value=\"Envoyer\" class=\"button\"  data-sending-label=\"Envoi\"\/><\/p><\/fieldset><div class=\"avia-disabled-form\">Ce formulaire est d\u00e9sactiv\u00e9 dans la mesure o\u00f9 vous refusez d\u2019accepter le service Google reCAPTCHA n\u00e9cessaire pour valider toute exp\u00e9dition de message depuis celui-ci.<\/div><\/form><div id=\"ajaxresponse_1\" class=\"ajaxresponse ajaxresponse_1 hidden\"><\/div><\/p><\/div>\n","protected":false},"excerpt":{"rendered":"","protected":false},"author":3,"featured_media":0,"parent":10498,"menu_order":0,"comment_status":"closed","ping_status":"closed","template":"","meta":{"footnotes":""},"class_list":["post-10529","page","type-page","status-publish","hentry"],"yoast_head":"<!-- This site is optimized with the Yoast SEO plugin v27.5 - https:\/\/yoast.com\/product\/yoast-seo-wordpress\/ -->\n<title>Devenir membre - S A B<\/title>\n<meta name=\"robots\" content=\"index, follow, max-snippet:-1, max-image-preview:large, max-video-preview:-1\" \/>\n<link rel=\"canonical\" href=\"https:\/\/www.sab.ch\/fr\/dienstleistungen\/management-dorganisations-et-de-reseaux\/le-reseau-alliance-dans-les-alpes\/devenir-membre\/\" \/>\n<meta property=\"og:locale\" content=\"fr_FR\" \/>\n<meta property=\"og:type\" content=\"article\" \/>\n<meta property=\"og:title\" content=\"Devenir membre - S A B\" \/>\n<meta property=\"og:url\" content=\"https:\/\/www.sab.ch\/fr\/dienstleistungen\/management-dorganisations-et-de-reseaux\/le-reseau-alliance-dans-les-alpes\/devenir-membre\/\" \/>\n<meta property=\"og:site_name\" content=\"S A B\" \/>\n<meta property=\"article:modified_time\" content=\"2024-05-06T08:49:12+00:00\" \/>\n<meta name=\"twitter:card\" content=\"summary_large_image\" \/>\n<meta name=\"twitter:label1\" content=\"Dur\u00e9e de lecture estim\u00e9e\" \/>\n\t<meta name=\"twitter:data1\" content=\"3 minutes\" \/>\n<script type=\"application\/ld+json\" class=\"yoast-schema-graph\">{\"@context\":\"https:\\\/\\\/schema.org\",\"@graph\":[{\"@type\":\"WebPage\",\"@id\":\"https:\\\/\\\/www.sab.ch\\\/fr\\\/dienstleistungen\\\/management-dorganisations-et-de-reseaux\\\/le-reseau-alliance-dans-les-alpes\\\/devenir-membre\\\/\",\"url\":\"https:\\\/\\\/www.sab.ch\\\/fr\\\/dienstleistungen\\\/management-dorganisations-et-de-reseaux\\\/le-reseau-alliance-dans-les-alpes\\\/devenir-membre\\\/\",\"name\":\"Devenir membre - S A B\",\"isPartOf\":{\"@id\":\"https:\\\/\\\/www.sab.ch\\\/fr\\\/#website\"},\"datePublished\":\"2022-12-22T10:17:50+00:00\",\"dateModified\":\"2024-05-06T08:49:12+00:00\",\"breadcrumb\":{\"@id\":\"https:\\\/\\\/www.sab.ch\\\/fr\\\/dienstleistungen\\\/management-dorganisations-et-de-reseaux\\\/le-reseau-alliance-dans-les-alpes\\\/devenir-membre\\\/#breadcrumb\"},\"inLanguage\":\"fr-FR\",\"potentialAction\":[{\"@type\":\"ReadAction\",\"target\":[\"https:\\\/\\\/www.sab.ch\\\/fr\\\/dienstleistungen\\\/management-dorganisations-et-de-reseaux\\\/le-reseau-alliance-dans-les-alpes\\\/devenir-membre\\\/\"]}]},{\"@type\":\"BreadcrumbList\",\"@id\":\"https:\\\/\\\/www.sab.ch\\\/fr\\\/dienstleistungen\\\/management-dorganisations-et-de-reseaux\\\/le-reseau-alliance-dans-les-alpes\\\/devenir-membre\\\/#breadcrumb\",\"itemListElement\":[{\"@type\":\"ListItem\",\"position\":1,\"name\":\"Startseite\",\"item\":\"https:\\\/\\\/www.sab.ch\\\/fr\\\/home\\\/\"},{\"@type\":\"ListItem\",\"position\":2,\"name\":\"Prestations\",\"item\":\"https:\\\/\\\/www.sab.ch\\\/fr\\\/dienstleistungen\\\/\"},{\"@type\":\"ListItem\",\"position\":3,\"name\":\"Management d\u2019organisations et de r\u00e9seaux\",\"item\":\"https:\\\/\\\/www.sab.ch\\\/fr\\\/dienstleistungen\\\/management-dorganisations-et-de-reseaux\\\/\"},{\"@type\":\"ListItem\",\"position\":4,\"name\":\"Le r\u00e9seau Alliance dans les Alpes\",\"item\":\"https:\\\/\\\/www.sab.ch\\\/fr\\\/dienstleistungen\\\/management-dorganisations-et-de-reseaux\\\/le-reseau-alliance-dans-les-alpes\\\/\"},{\"@type\":\"ListItem\",\"position\":5,\"name\":\"Devenir membre\"}]},{\"@type\":\"WebSite\",\"@id\":\"https:\\\/\\\/www.sab.ch\\\/fr\\\/#website\",\"url\":\"https:\\\/\\\/www.sab.ch\\\/fr\\\/\",\"name\":\"S A B\",\"description\":\"\",\"potentialAction\":[{\"@type\":\"SearchAction\",\"target\":{\"@type\":\"EntryPoint\",\"urlTemplate\":\"https:\\\/\\\/www.sab.ch\\\/fr\\\/?s={search_term_string}\"},\"query-input\":{\"@type\":\"PropertyValueSpecification\",\"valueRequired\":true,\"valueName\":\"search_term_string\"}}],\"inLanguage\":\"fr-FR\"}]}<\/script>\n<!-- \/ Yoast SEO plugin. -->","yoast_head_json":{"title":"Devenir membre - S A B","robots":{"index":"index","follow":"follow","max-snippet":"max-snippet:-1","max-image-preview":"max-image-preview:large","max-video-preview":"max-video-preview:-1"},"canonical":"https:\/\/www.sab.ch\/fr\/dienstleistungen\/management-dorganisations-et-de-reseaux\/le-reseau-alliance-dans-les-alpes\/devenir-membre\/","og_locale":"fr_FR","og_type":"article","og_title":"Devenir membre - S A B","og_url":"https:\/\/www.sab.ch\/fr\/dienstleistungen\/management-dorganisations-et-de-reseaux\/le-reseau-alliance-dans-les-alpes\/devenir-membre\/","og_site_name":"S A B","article_modified_time":"2024-05-06T08:49:12+00:00","twitter_card":"summary_large_image","twitter_misc":{"Dur\u00e9e de lecture estim\u00e9e":"3 minutes"},"schema":{"@context":"https:\/\/schema.org","@graph":[{"@type":"WebPage","@id":"https:\/\/www.sab.ch\/fr\/dienstleistungen\/management-dorganisations-et-de-reseaux\/le-reseau-alliance-dans-les-alpes\/devenir-membre\/","url":"https:\/\/www.sab.ch\/fr\/dienstleistungen\/management-dorganisations-et-de-reseaux\/le-reseau-alliance-dans-les-alpes\/devenir-membre\/","name":"Devenir membre - S A B","isPartOf":{"@id":"https:\/\/www.sab.ch\/fr\/#website"},"datePublished":"2022-12-22T10:17:50+00:00","dateModified":"2024-05-06T08:49:12+00:00","breadcrumb":{"@id":"https:\/\/www.sab.ch\/fr\/dienstleistungen\/management-dorganisations-et-de-reseaux\/le-reseau-alliance-dans-les-alpes\/devenir-membre\/#breadcrumb"},"inLanguage":"fr-FR","potentialAction":[{"@type":"ReadAction","target":["https:\/\/www.sab.ch\/fr\/dienstleistungen\/management-dorganisations-et-de-reseaux\/le-reseau-alliance-dans-les-alpes\/devenir-membre\/"]}]},{"@type":"BreadcrumbList","@id":"https:\/\/www.sab.ch\/fr\/dienstleistungen\/management-dorganisations-et-de-reseaux\/le-reseau-alliance-dans-les-alpes\/devenir-membre\/#breadcrumb","itemListElement":[{"@type":"ListItem","position":1,"name":"Startseite","item":"https:\/\/www.sab.ch\/fr\/home\/"},{"@type":"ListItem","position":2,"name":"Prestations","item":"https:\/\/www.sab.ch\/fr\/dienstleistungen\/"},{"@type":"ListItem","position":3,"name":"Management d\u2019organisations et de r\u00e9seaux","item":"https:\/\/www.sab.ch\/fr\/dienstleistungen\/management-dorganisations-et-de-reseaux\/"},{"@type":"ListItem","position":4,"name":"Le r\u00e9seau Alliance dans les Alpes","item":"https:\/\/www.sab.ch\/fr\/dienstleistungen\/management-dorganisations-et-de-reseaux\/le-reseau-alliance-dans-les-alpes\/"},{"@type":"ListItem","position":5,"name":"Devenir membre"}]},{"@type":"WebSite","@id":"https:\/\/www.sab.ch\/fr\/#website","url":"https:\/\/www.sab.ch\/fr\/","name":"S A B","description":"","potentialAction":[{"@type":"SearchAction","target":{"@type":"EntryPoint","urlTemplate":"https:\/\/www.sab.ch\/fr\/?s={search_term_string}"},"query-input":{"@type":"PropertyValueSpecification","valueRequired":true,"valueName":"search_term_string"}}],"inLanguage":"fr-FR"}]}},"_links":{"self":[{"href":"https:\/\/www.sab.ch\/fr\/wp-json\/wp\/v2\/pages\/10529","targetHints":{"allow":["GET"]}}],"collection":[{"href":"https:\/\/www.sab.ch\/fr\/wp-json\/wp\/v2\/pages"}],"about":[{"href":"https:\/\/www.sab.ch\/fr\/wp-json\/wp\/v2\/types\/page"}],"author":[{"embeddable":true,"href":"https:\/\/www.sab.ch\/fr\/wp-json\/wp\/v2\/users\/3"}],"replies":[{"embeddable":true,"href":"https:\/\/www.sab.ch\/fr\/wp-json\/wp\/v2\/comments?post=10529"}],"version-history":[{"count":11,"href":"https:\/\/www.sab.ch\/fr\/wp-json\/wp\/v2\/pages\/10529\/revisions"}],"predecessor-version":[{"id":21893,"href":"https:\/\/www.sab.ch\/fr\/wp-json\/wp\/v2\/pages\/10529\/revisions\/21893"}],"up":[{"embeddable":true,"href":"https:\/\/www.sab.ch\/fr\/wp-json\/wp\/v2\/pages\/10498"}],"wp:attachment":[{"href":"https:\/\/www.sab.ch\/fr\/wp-json\/wp\/v2\/media?parent=10529"}],"curies":[{"name":"wp","href":"https:\/\/api.w.org\/{rel}","templated":true}]}}