{"id":10541,"date":"2022-12-22T13:51:39","date_gmt":"2022-12-22T12:51:39","guid":{"rendered":"https:\/\/www.sab.ch\/dienstleistungen\/protection-des-produits-de-montagne-et-dalpage\/"},"modified":"2022-12-22T13:51:40","modified_gmt":"2022-12-22T12:51:40","slug":"protection-des-produits-de-montagne-et-dalpage","status":"publish","type":"page","link":"https:\/\/www.sab.ch\/fr\/dienstleistungen\/protection-des-produits-de-montagne-et-dalpage\/","title":{"rendered":"Protection des produits de montagne et d\u2019alpage"},"content":{"rendered":"<div  class='flex_column av-3olan7-a3c77f339c33a6f5e8269424ee7db440 av_two_third  avia-builder-el-0  el_before_av_one_half  avia-builder-el-first  first flex_column_div  '     ><section  class='av_textblock_section av-2n79ur-bb77ca30ae0bb28db44aa61608bc0862 '   itemscope=\"itemscope\" itemtype=\"https:\/\/schema.org\/CreativeWork\" ><div class='avia_textblock'  itemprop=\"text\" ><h2 class=\"csc-firstHeader\">Protection des produits de montagne et d\u2019alpage<\/h2>\n<p><span lang=\"DE\">En Suisse, les appellations \u00ab\u00a0Montagne\u00a0\u00bb et \u00ab\u00a0Alpage\u00a0\u00bb sont l\u00e9galement prot\u00e9g\u00e9es, au profit des produits agricoles qui en sont issus. Si un bien de consommation porte les sigles \u00ab\u00a0montagne\u00a0\u00bb ou \u00ab\u00a0alpage\u00a0\u00bb, cela signifie que son origine et sa transformation doivent \u00eatre conformes aux exigences de l\u2019ordonnance sur l\u2019utilisation des d\u00e9nominations \u00abmontagne\u00bb et \u00abalpage\u00bb (ODMA) Cela permet d&rsquo;\u00e9viter que les consommateurs ne soient induits en erreur par l&rsquo;utilisation abusive de ces termes.<\/span><\/p>\n<p><span lang=\"DE\">Des enqu\u00eates confirment que les consommatrices et consommateurs sont pr\u00eats \u00e0 payer plus cher pour les produits de montagne et\/ou d&rsquo;alpage. Et \u00e0 juste titre, car ces produits ont des propri\u00e9t\u00e9s qui justifient un prix plus \u00e9lev\u00e9. Outre la production de denr\u00e9es agricoles, l&rsquo;agriculture de montagnes et l\u2019exploitation d\u2019alpages contribuent de mani\u00e8re importante \u00e0 l&rsquo;entretien et \u00e0 la pr\u00e9servation du paysage culturel suisse.<br \/>\nLa protection et l&rsquo;\u00e9tiquetage des produits de montagne et d&rsquo;alpage permettent de :<\/span><\/p>\n<ul style=\"margin-top: 0cm;\" type=\"disc\">\n<li class=\"MsoNormal\" style=\"mso-list: l0 level1 lfo1; tab-stops: list 36.0pt;\"><span lang=\"DE\">cr\u00e9er de la valeur ajout\u00e9e pour la pr\u00e9servation et le d\u00e9veloppement des traditions agricoles, ainsi que pour la production de sp\u00e9cialit\u00e9s r\u00e9gionales.<\/span><\/li>\n<li class=\"MsoNormal\" style=\"mso-list: l0 level1 lfo1; tab-stops: list 36.0pt;\"><span lang=\"DE\">encourager une production adapt\u00e9e \u00e0 son milieu, dans un environnement pr\u00e9serv\u00e9.<\/span><\/li>\n<li class=\"MsoNormal\" style=\"mso-list: l0 level1 lfo1; tab-stops: list 36.0pt;\"><span lang=\"DE\">renforcer la valeur ajout\u00e9e de l&rsquo;agriculture de montagne<\/span><\/li>\n<li class=\"MsoNormal\" style=\"mso-list: l0 level1 lfo1; tab-stops: list 36.0pt;\"><span lang=\"DE\">soutenir des prestations telles que la protection des paysages culturels, ainsi l&rsquo;occupation d\u00e9centralis\u00e9e du territoire. <\/span><\/li>\n<\/ul>\n<p><span lang=\"DE\">Avec ces sigles, le consommateur reconna\u00eet imm\u00e9diatement l&rsquo;authenticit\u00e9 des produits provenant des <a href=\"https:\/\/sab.ch\/dienstleistungen\/berg-und-alpprodukte\/die-zeichen\/\">r\u00e9gions de montagne et\/ou d&rsquo;alpages<\/a>.<\/span><\/p>\n<p><span lang=\"DE\"> <\/span><\/p>\n<section class=\"element2cols\"><\/section>\n<\/div><\/section><br \/>\n<section  class='av_textblock_section av-lbnnjd3t-32e36eff3a6c0d096031e6071646352f '   itemscope=\"itemscope\" itemtype=\"https:\/\/schema.org\/CreativeWork\" ><div class='avia_textblock'  itemprop=\"text\" ><p><a href=\"https:\/\/sab.ch\/dienstleistungen\/berg-und-alpprodukte\/die-zeichen\/dienstleistungen-berg-und-alpprodukte-die-zeichen-bergzeichen\/\">Produits de montagne<\/a><\/p>\n<p><a href=\"https:\/\/sab.ch\/dienstleistungen\/berg-und-alpprodukte\/die-zeichen\/alpzeichen\/\">Produits d&rsquo;alpage<\/a><\/p>\n<p><a href=\"https:\/\/sab.ch\/dienstleistungen\/berg-und-alpprodukte\/die-anforderungen\/\">Les exigences<\/a><\/p>\n<p><a href=\"https:\/\/sab.ch\/dienstleistungen\/berg-und-alpprodukte\/faq\/\">Questions<\/a><\/p>\n<p><a href=\"https:\/\/sab.ch\/dienstleistungen\/berg-und-alpprodukte\/publikationen\/\">Publications<\/a><\/p>\n<\/div><\/section><\/p><\/div>\n<div  class='flex_column av-4qh3v7-88fe2ff088a5aa6c6be4214366397026 av_one_half  avia-builder-el-3  el_after_av_two_third  el_before_av_one_half  first flex_column_div  column-top-margin'     ><p>\n<style type=\"text\/css\" data-created_by=\"avia_inline_auto\" id=\"style-css-av-lav3fd50-95296cb23e21065bd4b576dc522e768a\">\n.avia-image-container.av-lav3fd50-95296cb23e21065bd4b576dc522e768a img.avia_image{\nbox-shadow:none;\n}\n.avia-image-container.av-lav3fd50-95296cb23e21065bd4b576dc522e768a .av-image-caption-overlay-center{\ncolor:#ffffff;\n}\n<\/style>\n<div  class='avia-image-container av-lav3fd50-95296cb23e21065bd4b576dc522e768a av-styling- avia-align-left  avia-builder-el-4  el_before_av_textblock  avia-builder-el-first '   itemprop=\"image\" itemscope=\"itemscope\" itemtype=\"https:\/\/schema.org\/ImageObject\" ><div class=\"avia-image-container-inner\"><div class=\"avia-image-overlay-wrap\"><img decoding=\"async\" fetchpriority=\"high\" class='wp-image-7741 avia-img-lazy-loading-not-7741 avia_image ' src=\"https:\/\/www.sab.ch\/wp-content\/uploads\/2022\/11\/csm_region_montagne_franz_3f456edb69-2.png\" alt='' title='csm_region_montagne_franz_3f456edb69'  height=\"297\" width=\"350\"  itemprop=\"thumbnailUrl\"  \/><\/div><\/div><\/div><br \/>\n<section  class='av_textblock_section av-lbnnogbx-02c8e4c2805334554caf55f7a3aafdef '   itemscope=\"itemscope\" itemtype=\"https:\/\/schema.org\/CreativeWork\" ><div class='avia_textblock'  itemprop=\"text\" ><p><em>Regions de montagne<\/em><br \/>\n<em>La d\u00e9limitation des zones de montagne, par rapport aux zones de collines et de plaine, est principalement bas\u00e9e sur des crit\u00e8res climatiques, suivis par la proximit\u00e9 d&rsquo;un centre urbain et par les conditions topographiques.<\/em><\/p>\n<\/div><\/section><\/p><\/div><div  class='flex_column av-1wpp5f-af560ec6d7e333719edcd69d6d7f9121 av_one_half  avia-builder-el-6  el_after_av_one_half  avia-builder-el-last  flex_column_div  column-top-margin'     ><p>\n<style type=\"text\/css\" data-created_by=\"avia_inline_auto\" id=\"style-css-av-lav3fybr-04e19d28cceee0edc944934112803bbd\">\n.avia-image-container.av-lav3fybr-04e19d28cceee0edc944934112803bbd img.avia_image{\nbox-shadow:none;\n}\n.avia-image-container.av-lav3fybr-04e19d28cceee0edc944934112803bbd .av-image-caption-overlay-center{\ncolor:#ffffff;\n}\n<\/style>\n<div  class='avia-image-container av-lav3fybr-04e19d28cceee0edc944934112803bbd av-styling- avia-align-left  avia-builder-el-7  el_before_av_textblock  avia-builder-el-first '   itemprop=\"image\" itemscope=\"itemscope\" itemtype=\"https:\/\/schema.org\/ImageObject\" ><div class=\"avia-image-container-inner\"><div class=\"avia-image-overlay-wrap\"><img decoding=\"async\" fetchpriority=\"high\" class='wp-image-4492 avia-img-lazy-loading-not-4492 avia_image ' src=\"https:\/\/www.sab.ch\/wp-content\/uploads\/2022\/11\/csm_Alpgebiet_361a1c460a-1.png\" alt='' title='csm_Alpgebiet_361a1c460a'  height=\"273\" width=\"350\"  itemprop=\"thumbnailUrl\"  \/><\/div><\/div><\/div><br \/>\n<section  class='av_textblock_section av-lbnnor9o-9909ee90c54263c9d69afea45f998e6d '   itemscope=\"itemscope\" itemtype=\"https:\/\/schema.org\/CreativeWork\" ><div class='avia_textblock'  itemprop=\"text\" ><p><em>Zones d\u2019estivage :<\/em><br \/>\n<em>Les zones d&rsquo;estivage, exploit\u00e9es de mani\u00e8re saisonni\u00e8re, se trouvent au-dessus des zones de montagne. Selon les r\u00e9gions, elles se situent entre 1200 et 2400 m\u00e8tres d&rsquo;altitude. M.<\/em><\/p>\n<\/div><\/section><\/p><\/div><\/p>\n","protected":false},"excerpt":{"rendered":"","protected":false},"author":3,"featured_media":0,"parent":7623,"menu_order":0,"comment_status":"closed","ping_status":"closed","template":"","meta":{"footnotes":""},"class_list":["post-10541","page","type-page","status-publish","hentry"],"yoast_head":"<!-- This site is optimized with the Yoast SEO plugin v27.5 - https:\/\/yoast.com\/product\/yoast-seo-wordpress\/ -->\n<title>Protection des produits de montagne et d\u2019alpage - S A B<\/title>\n<meta name=\"robots\" content=\"index, follow, max-snippet:-1, max-image-preview:large, max-video-preview:-1\" \/>\n<link rel=\"canonical\" href=\"https:\/\/www.sab.ch\/fr\/dienstleistungen\/protection-des-produits-de-montagne-et-dalpage\/\" \/>\n<meta property=\"og:locale\" content=\"fr_FR\" \/>\n<meta property=\"og:type\" content=\"article\" \/>\n<meta property=\"og:title\" content=\"Protection des produits de montagne et d\u2019alpage - S A B\" \/>\n<meta property=\"og:url\" content=\"https:\/\/www.sab.ch\/fr\/dienstleistungen\/protection-des-produits-de-montagne-et-dalpage\/\" \/>\n<meta property=\"og:site_name\" content=\"S A B\" \/>\n<meta property=\"article:modified_time\" content=\"2022-12-22T12:51:40+00:00\" \/>\n<meta name=\"twitter:card\" content=\"summary_large_image\" \/>\n<meta name=\"twitter:label1\" content=\"Dur\u00e9e de lecture estim\u00e9e\" \/>\n\t<meta name=\"twitter:data1\" content=\"12 minutes\" \/>\n<script type=\"application\/ld+json\" class=\"yoast-schema-graph\">{\"@context\":\"https:\\\/\\\/schema.org\",\"@graph\":[{\"@type\":\"WebPage\",\"@id\":\"https:\\\/\\\/www.sab.ch\\\/fr\\\/dienstleistungen\\\/protection-des-produits-de-montagne-et-dalpage\\\/\",\"url\":\"https:\\\/\\\/www.sab.ch\\\/fr\\\/dienstleistungen\\\/protection-des-produits-de-montagne-et-dalpage\\\/\",\"name\":\"Protection des produits de montagne et d\u2019alpage - S A B\",\"isPartOf\":{\"@id\":\"https:\\\/\\\/www.sab.ch\\\/fr\\\/#website\"},\"datePublished\":\"2022-12-22T12:51:39+00:00\",\"dateModified\":\"2022-12-22T12:51:40+00:00\",\"breadcrumb\":{\"@id\":\"https:\\\/\\\/www.sab.ch\\\/fr\\\/dienstleistungen\\\/protection-des-produits-de-montagne-et-dalpage\\\/#breadcrumb\"},\"inLanguage\":\"fr-FR\",\"potentialAction\":[{\"@type\":\"ReadAction\",\"target\":[\"https:\\\/\\\/www.sab.ch\\\/fr\\\/dienstleistungen\\\/protection-des-produits-de-montagne-et-dalpage\\\/\"]}]},{\"@type\":\"BreadcrumbList\",\"@id\":\"https:\\\/\\\/www.sab.ch\\\/fr\\\/dienstleistungen\\\/protection-des-produits-de-montagne-et-dalpage\\\/#breadcrumb\",\"itemListElement\":[{\"@type\":\"ListItem\",\"position\":1,\"name\":\"Startseite\",\"item\":\"https:\\\/\\\/www.sab.ch\\\/fr\\\/home\\\/\"},{\"@type\":\"ListItem\",\"position\":2,\"name\":\"Prestations\",\"item\":\"https:\\\/\\\/www.sab.ch\\\/fr\\\/dienstleistungen\\\/\"},{\"@type\":\"ListItem\",\"position\":3,\"name\":\"Protection des produits de montagne et d\u2019alpage\"}]},{\"@type\":\"WebSite\",\"@id\":\"https:\\\/\\\/www.sab.ch\\\/fr\\\/#website\",\"url\":\"https:\\\/\\\/www.sab.ch\\\/fr\\\/\",\"name\":\"S A B\",\"description\":\"\",\"potentialAction\":[{\"@type\":\"SearchAction\",\"target\":{\"@type\":\"EntryPoint\",\"urlTemplate\":\"https:\\\/\\\/www.sab.ch\\\/fr\\\/?s={search_term_string}\"},\"query-input\":{\"@type\":\"PropertyValueSpecification\",\"valueRequired\":true,\"valueName\":\"search_term_string\"}}],\"inLanguage\":\"fr-FR\"}]}<\/script>\n<!-- \/ Yoast SEO plugin. -->","yoast_head_json":{"title":"Protection des produits de montagne et d\u2019alpage - S A B","robots":{"index":"index","follow":"follow","max-snippet":"max-snippet:-1","max-image-preview":"max-image-preview:large","max-video-preview":"max-video-preview:-1"},"canonical":"https:\/\/www.sab.ch\/fr\/dienstleistungen\/protection-des-produits-de-montagne-et-dalpage\/","og_locale":"fr_FR","og_type":"article","og_title":"Protection des produits de montagne et d\u2019alpage - S A B","og_url":"https:\/\/www.sab.ch\/fr\/dienstleistungen\/protection-des-produits-de-montagne-et-dalpage\/","og_site_name":"S A B","article_modified_time":"2022-12-22T12:51:40+00:00","twitter_card":"summary_large_image","twitter_misc":{"Dur\u00e9e de lecture estim\u00e9e":"12 minutes"},"schema":{"@context":"https:\/\/schema.org","@graph":[{"@type":"WebPage","@id":"https:\/\/www.sab.ch\/fr\/dienstleistungen\/protection-des-produits-de-montagne-et-dalpage\/","url":"https:\/\/www.sab.ch\/fr\/dienstleistungen\/protection-des-produits-de-montagne-et-dalpage\/","name":"Protection des produits de montagne et d\u2019alpage - S A B","isPartOf":{"@id":"https:\/\/www.sab.ch\/fr\/#website"},"datePublished":"2022-12-22T12:51:39+00:00","dateModified":"2022-12-22T12:51:40+00:00","breadcrumb":{"@id":"https:\/\/www.sab.ch\/fr\/dienstleistungen\/protection-des-produits-de-montagne-et-dalpage\/#breadcrumb"},"inLanguage":"fr-FR","potentialAction":[{"@type":"ReadAction","target":["https:\/\/www.sab.ch\/fr\/dienstleistungen\/protection-des-produits-de-montagne-et-dalpage\/"]}]},{"@type":"BreadcrumbList","@id":"https:\/\/www.sab.ch\/fr\/dienstleistungen\/protection-des-produits-de-montagne-et-dalpage\/#breadcrumb","itemListElement":[{"@type":"ListItem","position":1,"name":"Startseite","item":"https:\/\/www.sab.ch\/fr\/home\/"},{"@type":"ListItem","position":2,"name":"Prestations","item":"https:\/\/www.sab.ch\/fr\/dienstleistungen\/"},{"@type":"ListItem","position":3,"name":"Protection des produits de montagne et d\u2019alpage"}]},{"@type":"WebSite","@id":"https:\/\/www.sab.ch\/fr\/#website","url":"https:\/\/www.sab.ch\/fr\/","name":"S A B","description":"","potentialAction":[{"@type":"SearchAction","target":{"@type":"EntryPoint","urlTemplate":"https:\/\/www.sab.ch\/fr\/?s={search_term_string}"},"query-input":{"@type":"PropertyValueSpecification","valueRequired":true,"valueName":"search_term_string"}}],"inLanguage":"fr-FR"}]}},"_links":{"self":[{"href":"https:\/\/www.sab.ch\/fr\/wp-json\/wp\/v2\/pages\/10541","targetHints":{"allow":["GET"]}}],"collection":[{"href":"https:\/\/www.sab.ch\/fr\/wp-json\/wp\/v2\/pages"}],"about":[{"href":"https:\/\/www.sab.ch\/fr\/wp-json\/wp\/v2\/types\/page"}],"author":[{"embeddable":true,"href":"https:\/\/www.sab.ch\/fr\/wp-json\/wp\/v2\/users\/3"}],"replies":[{"embeddable":true,"href":"https:\/\/www.sab.ch\/fr\/wp-json\/wp\/v2\/comments?post=10541"}],"version-history":[{"count":2,"href":"https:\/\/www.sab.ch\/fr\/wp-json\/wp\/v2\/pages\/10541\/revisions"}],"predecessor-version":[{"id":10543,"href":"https:\/\/www.sab.ch\/fr\/wp-json\/wp\/v2\/pages\/10541\/revisions\/10543"}],"up":[{"embeddable":true,"href":"https:\/\/www.sab.ch\/fr\/wp-json\/wp\/v2\/pages\/7623"}],"wp:attachment":[{"href":"https:\/\/www.sab.ch\/fr\/wp-json\/wp\/v2\/media?parent=10541"}],"curies":[{"name":"wp","href":"https:\/\/api.w.org\/{rel}","templated":true}]}}