{"id":10544,"date":"2022-12-22T14:04:08","date_gmt":"2022-12-22T13:04:08","guid":{"rendered":"https:\/\/www.sab.ch\/dienstleistungen\/protection-des-produits-de-montagne-et-dalpage\/les-exigences\/"},"modified":"2022-12-22T14:04:08","modified_gmt":"2022-12-22T13:04:08","slug":"les-exigences","status":"publish","type":"page","link":"https:\/\/www.sab.ch\/fr\/dienstleistungen\/protection-des-produits-de-montagne-et-dalpage\/les-exigences\/","title":{"rendered":"Les exigences"},"content":{"rendered":"<div  class='flex_column av-27wnbr-999f0279ff71a5d2facc97911b217172 av_two_third  avia-builder-el-0  avia-builder-el-no-sibling  first flex_column_div  '     ><section  class='av_textblock_section av-jxk41cbl-de8745f204dcd65c5170bef159d7e21a '   itemscope=\"itemscope\" itemtype=\"https:\/\/schema.org\/CreativeWork\" ><div class='avia_textblock'  itemprop=\"text\" ><h2 class=\"csc-firstHeader\">Les exigences<\/h2>\n<p>Seuls les produits garantissant leur provenance, l\u2019origine de leurs composants et leur lieu de fabrication peuvent porter les logos \u00ab montagne \u00bb ou \u00ab alpagel <b><br \/>\n<\/b><\/p>\n<p><b><\/p>\n<p>Contr\u00f4les<br \/>\n<\/b><br \/>\nLes logos \u00abmontagne\u00bb et \u00ab alpage \u00bb ne doivent \u00eatre utilis\u00e9s que s\u2019ils remplissent les crit\u00e8res figurant dans l\u2019ordonnance sur les d\u00e9signations \u00ab montagne \u00bb et \u00ab alpage \u00bb. Les produits de montagne doivent provenir des zones de montagne (selon l\u2019ordonnance sur le cadastre de la production agricole et de la d\u00e9limitation des zones).Les produits d\u2019alpage sont issus des zones d\u2019estivage.<\/p>\n<p><a href=\"\/wp-content\/uploads\/2022\/11\/Kontrolle__BAlV.pdf\">contr\u00f4les<\/a><\/p>\n<p><span style=\"font-weight: bold;\">Certification<\/span><\/p>\n<p>Pour qu\u2019un produit obtienne le logo \u00ab montagne \u00bb ou \u00ab alpage \u00bb, il doit \u00eatre contr\u00f4l\u00e9 et certifi\u00e9 \u00e0 tous les niveaux de la production (emballage, \u00e9tiquetage, etc.). Ne font pas partie de cette d\u00e9marche, les produits qui sont commercialis\u00e9s en vente directe. Les violations aux r\u00e8gles \u00e9tablies seront signal\u00e9es aux autorit\u00e9s cantonales comp\u00e9tentes, ainsi qu\u2019aupr\u00e8s de l\u2019Office f\u00e9d\u00e9ral de l\u2019agriculture.<\/p>\n<p><a href=\"\/wp-content\/uploads\/2022\/11\/Zertifizierung__BAlV.pdf\">Anforderungen (2,1 MiB)<\/a><b><\/p>\n<p>Zertifizierungsstellen<br \/>\n<\/b><br \/>\nTrois entreprises accr\u00e9dit\u00e9es sont charg\u00e9es de traiter les demandes pour l\u2019obtention des logos \u00ab montagne \u00bb et \u00ab alpage \u00bb. Les co\u00fbts de certification sont n\u00e9goci\u00e9s individuellement.<\/p>\n<p><a href=\"https:\/\/www.schweizeralpprodukte.ch\/zertifizierungsstellen.html?file=files\/Files\/PDF_Anforderungen\/Zertifizierung%20_BAlV.pdf\" title=\"Die Datei Zertifizierung _BAlV.pdf herunterladen\" target=\"_blank\" rel=\"noopener\">Zertifzierungsstellen (2,1 MiB)<\/a><b><\/p>\n<p>Gesetzliches<\/b><\/p>\n<p>Les logos \u00ab montagne \u00bb et \u00ab alpage \u00bb garantissent l\u2019origine des produits concern\u00e9s. I. Ils constituent une protection officielle pour les denr\u00e9es qui les portent et doivent \u00eatre utilis\u00e9s de mani\u00e8re transparente.<\/p>\n<p>Ces logos peuvent \u00eatre utilis\u00e9s lorsque les produits r\u00e9pondent aux exigences de l\u2019ordonnance sur les d\u00e9signations \u00ab montagne \u00bb et \u00ab alpage \u00bb. Le recours \u00e0 ces logos est \u00e0 la fois libre et gratuite.<\/p>\n<p>L\u2019utilisation abusive de ces logos peut \u00eatre poursuivie juridiquement. En cas d&rsquo;infraction, des mesures administratives sont prises.<\/p>\n<p><a href=\"https:\/\/www.blw.admin.ch\/dam\/blw\/de\/dokumente\/Instrumente\/Kennzeichnung\/Berg%20und%20Alp\/Richtlinien-Berg-und-Alp.pdf.download.pdf\/Richtlinien%20zur%20Anwendung%20der%20offiziellen%20Zeichen%20f%C3%BCr%20Schweizer%20Berg-%20und%20Alpprodukte.pdf\" title=\"Directives relatives \u00e0 l\u2019utilisation des signes officiels pour les produits suisses de montagne et d'alpage (PDF, 331 kB, 27.07.2016)\" target=\"_blank\" rel=\"noopener\">Directives relatives \u00e0 l\u2019utilisation des signes officiels pour les produits suisses de montagne et d&rsquo;alpage (PDF, 331 kB, 27.07.2016)<\/a><\/p>\n<p><a href=\"https:\/\/www.blw.admin.ch\/dam\/blw\/de\/dokumente\/Instrumente\/Kennzeichnung\/Berg%20und%20Alp\/Weisung-Berg-und-Alp.pdf.download.pdf\/Weisung%20zur%20Berg-%20und%20Alpverordnung%20(BAIV,%20SR%20910.19)%20bez%C3%BCglich%20der%20Kontrolle%20auf%20Betrieben%20der%20Prim%C3%A4rproduktion.pdf\" title=\"Weisung zur Berg- und Alpverordnung (BAIV, SR 910.19) bez\u00fcglich der Kontrolle auf Betrieben der Prim\u00e4rproduktion (en allemand)\" target=\"_blank\" rel=\"noopener\">Weisung zur Berg- und Alpverordnung (BAIV, SR 910.19) bez\u00fcglich der Kontrolle auf Betrieben der Prim\u00e4rproduktion (PDF, 218 kB, 27.07.2016) (en allemand)<\/a><\/p>\n<p><a href=\"https:\/\/www.admin.ch\/opc\/de\/classified-compilation\/20102725\/index.html\" target=\"_blank\" class=\"icon icon--after icon--external\" rel=\"noopener\">Ordonnance du 25 mai 2011 sur l&rsquo;utilisation des d\u00e9nominations \u00abmontagne\u00bb et \u00abalpage\u00bb pour les produits agricoles et les denr\u00e9es alimentaires qui en sont issues<\/a><\/p>\n<p><a href=\"https:\/\/www.admin.ch\/opc\/de\/classified-compilation\/20130954\/index.html\" target=\"_blank\" class=\"icon icon--after icon--external\" rel=\"noopener\">Verordnung des WBF \u00fcber die offiziellen Zeichen f\u00fcr Berg- und Alpprodukte vom 21. Mai 2014<\/a><\/p>\n<p><a href=\"https:\/\/www.blw.admin.ch\/dam\/blw\/de\/dokumente\/Instrumente\/Kennzeichnung\/Berg%20und%20Alp\/Flyer-Berg-und-Alp.pdf.download.pdf\/Flyer%20Offizielle%20Zeichen%20des%20Bundes%20f%C3%BCr%20Berg-%20und%20Alpprodukte.pdf\" title=\"Flyer BLW\" target=\"_blank\" rel=\"noopener\">Flyer Offizielle Zeichen des Bundes f\u00fcr Berg- und Alpprodukte (PDF, 3 MB, 27.07.2016)<\/a><\/p>\n<h1> <\/h1>\n<\/div><\/section><\/div>\n","protected":false},"excerpt":{"rendered":"","protected":false},"author":3,"featured_media":0,"parent":10541,"menu_order":0,"comment_status":"closed","ping_status":"closed","template":"","meta":{"footnotes":""},"class_list":["post-10544","page","type-page","status-publish","hentry"],"yoast_head":"<!-- This site is optimized with the Yoast SEO plugin v27.5 - https:\/\/yoast.com\/product\/yoast-seo-wordpress\/ -->\n<title>Les exigences - S A B<\/title>\n<meta name=\"robots\" content=\"index, follow, max-snippet:-1, max-image-preview:large, max-video-preview:-1\" \/>\n<link rel=\"canonical\" href=\"https:\/\/www.sab.ch\/fr\/dienstleistungen\/protection-des-produits-de-montagne-et-dalpage\/les-exigences\/\" \/>\n<meta property=\"og:locale\" content=\"fr_FR\" \/>\n<meta property=\"og:type\" content=\"article\" \/>\n<meta property=\"og:title\" content=\"Les exigences - S A B\" \/>\n<meta property=\"og:url\" content=\"https:\/\/www.sab.ch\/fr\/dienstleistungen\/protection-des-produits-de-montagne-et-dalpage\/les-exigences\/\" \/>\n<meta property=\"og:site_name\" content=\"S A B\" \/>\n<meta name=\"twitter:card\" content=\"summary_large_image\" \/>\n<meta name=\"twitter:label1\" content=\"Dur\u00e9e de lecture estim\u00e9e\" \/>\n\t<meta name=\"twitter:data1\" content=\"4 minutes\" \/>\n<script type=\"application\/ld+json\" class=\"yoast-schema-graph\">{\"@context\":\"https:\\\/\\\/schema.org\",\"@graph\":[{\"@type\":\"WebPage\",\"@id\":\"https:\\\/\\\/www.sab.ch\\\/fr\\\/dienstleistungen\\\/protection-des-produits-de-montagne-et-dalpage\\\/les-exigences\\\/\",\"url\":\"https:\\\/\\\/www.sab.ch\\\/fr\\\/dienstleistungen\\\/protection-des-produits-de-montagne-et-dalpage\\\/les-exigences\\\/\",\"name\":\"Les exigences - S A B\",\"isPartOf\":{\"@id\":\"https:\\\/\\\/www.sab.ch\\\/fr\\\/#website\"},\"datePublished\":\"2022-12-22T13:04:08+00:00\",\"breadcrumb\":{\"@id\":\"https:\\\/\\\/www.sab.ch\\\/fr\\\/dienstleistungen\\\/protection-des-produits-de-montagne-et-dalpage\\\/les-exigences\\\/#breadcrumb\"},\"inLanguage\":\"fr-FR\",\"potentialAction\":[{\"@type\":\"ReadAction\",\"target\":[\"https:\\\/\\\/www.sab.ch\\\/fr\\\/dienstleistungen\\\/protection-des-produits-de-montagne-et-dalpage\\\/les-exigences\\\/\"]}]},{\"@type\":\"BreadcrumbList\",\"@id\":\"https:\\\/\\\/www.sab.ch\\\/fr\\\/dienstleistungen\\\/protection-des-produits-de-montagne-et-dalpage\\\/les-exigences\\\/#breadcrumb\",\"itemListElement\":[{\"@type\":\"ListItem\",\"position\":1,\"name\":\"Startseite\",\"item\":\"https:\\\/\\\/www.sab.ch\\\/fr\\\/home\\\/\"},{\"@type\":\"ListItem\",\"position\":2,\"name\":\"Prestations\",\"item\":\"https:\\\/\\\/www.sab.ch\\\/fr\\\/dienstleistungen\\\/\"},{\"@type\":\"ListItem\",\"position\":3,\"name\":\"Protection des produits de montagne et d\u2019alpage\",\"item\":\"https:\\\/\\\/www.sab.ch\\\/fr\\\/dienstleistungen\\\/protection-des-produits-de-montagne-et-dalpage\\\/\"},{\"@type\":\"ListItem\",\"position\":4,\"name\":\"Les exigences\"}]},{\"@type\":\"WebSite\",\"@id\":\"https:\\\/\\\/www.sab.ch\\\/fr\\\/#website\",\"url\":\"https:\\\/\\\/www.sab.ch\\\/fr\\\/\",\"name\":\"S A B\",\"description\":\"\",\"potentialAction\":[{\"@type\":\"SearchAction\",\"target\":{\"@type\":\"EntryPoint\",\"urlTemplate\":\"https:\\\/\\\/www.sab.ch\\\/fr\\\/?s={search_term_string}\"},\"query-input\":{\"@type\":\"PropertyValueSpecification\",\"valueRequired\":true,\"valueName\":\"search_term_string\"}}],\"inLanguage\":\"fr-FR\"}]}<\/script>\n<!-- \/ Yoast SEO plugin. -->","yoast_head_json":{"title":"Les exigences - S A B","robots":{"index":"index","follow":"follow","max-snippet":"max-snippet:-1","max-image-preview":"max-image-preview:large","max-video-preview":"max-video-preview:-1"},"canonical":"https:\/\/www.sab.ch\/fr\/dienstleistungen\/protection-des-produits-de-montagne-et-dalpage\/les-exigences\/","og_locale":"fr_FR","og_type":"article","og_title":"Les exigences - S A B","og_url":"https:\/\/www.sab.ch\/fr\/dienstleistungen\/protection-des-produits-de-montagne-et-dalpage\/les-exigences\/","og_site_name":"S A B","twitter_card":"summary_large_image","twitter_misc":{"Dur\u00e9e de lecture estim\u00e9e":"4 minutes"},"schema":{"@context":"https:\/\/schema.org","@graph":[{"@type":"WebPage","@id":"https:\/\/www.sab.ch\/fr\/dienstleistungen\/protection-des-produits-de-montagne-et-dalpage\/les-exigences\/","url":"https:\/\/www.sab.ch\/fr\/dienstleistungen\/protection-des-produits-de-montagne-et-dalpage\/les-exigences\/","name":"Les exigences - S A B","isPartOf":{"@id":"https:\/\/www.sab.ch\/fr\/#website"},"datePublished":"2022-12-22T13:04:08+00:00","breadcrumb":{"@id":"https:\/\/www.sab.ch\/fr\/dienstleistungen\/protection-des-produits-de-montagne-et-dalpage\/les-exigences\/#breadcrumb"},"inLanguage":"fr-FR","potentialAction":[{"@type":"ReadAction","target":["https:\/\/www.sab.ch\/fr\/dienstleistungen\/protection-des-produits-de-montagne-et-dalpage\/les-exigences\/"]}]},{"@type":"BreadcrumbList","@id":"https:\/\/www.sab.ch\/fr\/dienstleistungen\/protection-des-produits-de-montagne-et-dalpage\/les-exigences\/#breadcrumb","itemListElement":[{"@type":"ListItem","position":1,"name":"Startseite","item":"https:\/\/www.sab.ch\/fr\/home\/"},{"@type":"ListItem","position":2,"name":"Prestations","item":"https:\/\/www.sab.ch\/fr\/dienstleistungen\/"},{"@type":"ListItem","position":3,"name":"Protection des produits de montagne et d\u2019alpage","item":"https:\/\/www.sab.ch\/fr\/dienstleistungen\/protection-des-produits-de-montagne-et-dalpage\/"},{"@type":"ListItem","position":4,"name":"Les exigences"}]},{"@type":"WebSite","@id":"https:\/\/www.sab.ch\/fr\/#website","url":"https:\/\/www.sab.ch\/fr\/","name":"S A B","description":"","potentialAction":[{"@type":"SearchAction","target":{"@type":"EntryPoint","urlTemplate":"https:\/\/www.sab.ch\/fr\/?s={search_term_string}"},"query-input":{"@type":"PropertyValueSpecification","valueRequired":true,"valueName":"search_term_string"}}],"inLanguage":"fr-FR"}]}},"_links":{"self":[{"href":"https:\/\/www.sab.ch\/fr\/wp-json\/wp\/v2\/pages\/10544","targetHints":{"allow":["GET"]}}],"collection":[{"href":"https:\/\/www.sab.ch\/fr\/wp-json\/wp\/v2\/pages"}],"about":[{"href":"https:\/\/www.sab.ch\/fr\/wp-json\/wp\/v2\/types\/page"}],"author":[{"embeddable":true,"href":"https:\/\/www.sab.ch\/fr\/wp-json\/wp\/v2\/users\/3"}],"replies":[{"embeddable":true,"href":"https:\/\/www.sab.ch\/fr\/wp-json\/wp\/v2\/comments?post=10544"}],"version-history":[{"count":2,"href":"https:\/\/www.sab.ch\/fr\/wp-json\/wp\/v2\/pages\/10544\/revisions"}],"predecessor-version":[{"id":10546,"href":"https:\/\/www.sab.ch\/fr\/wp-json\/wp\/v2\/pages\/10544\/revisions\/10546"}],"up":[{"embeddable":true,"href":"https:\/\/www.sab.ch\/fr\/wp-json\/wp\/v2\/pages\/10541"}],"wp:attachment":[{"href":"https:\/\/www.sab.ch\/fr\/wp-json\/wp\/v2\/media?parent=10544"}],"curies":[{"name":"wp","href":"https:\/\/api.w.org\/{rel}","templated":true}]}}