{"id":11069,"date":"2023-01-16T09:54:18","date_gmt":"2023-01-16T08:54:18","guid":{"rendered":"https:\/\/www.sab.ch\/sitemap\/"},"modified":"2023-01-16T09:54:23","modified_gmt":"2023-01-16T08:54:23","slug":"sitemap","status":"publish","type":"page","link":"https:\/\/www.sab.ch\/fr\/sitemap\/","title":{"rendered":"Sitemap"},"content":{"rendered":"<div id='av_section_1'  class='avia-section av-kbufzd3s-dd428f854b73db9c732bdb3b761e163e main_color avia-section-default avia-shadow  avia-builder-el-0  avia-builder-el-no-sibling  avia-bg-style-scroll container_wrap fullsize'  ><div class='container av-section-cont-open' ><main  role=\"main\" itemprop=\"mainContentOfPage\"  class='template-page content  av-content-full alpha units'><div class='post-entry post-entry-type-page post-entry-11069'><div class='entry-content-wrapper clearfix'>\n\n<style type=\"text\/css\" data-created_by=\"avia_inline_auto\" id=\"style-css-av-38q1-59d4a1d61c1719c885de0a85685ce4ed\">\n.flex_column.av-38q1-59d4a1d61c1719c885de0a85685ce4ed{\nborder-radius:0px 0px 0px 0px;\npadding:0px 0px 0px 0px;\n}\n<\/style>\n<div  class='flex_column av-38q1-59d4a1d61c1719c885de0a85685ce4ed av_one_full  avia-builder-el-1  avia-builder-el-no-sibling  first flex_column_div av-zero-column-padding  '     ><section  class='av_textblock_section av-jxk41cbl-de8745f204dcd65c5170bef159d7e21a '   itemscope=\"itemscope\" itemtype=\"https:\/\/schema.org\/CreativeWork\" ><div class='avia_textblock'  itemprop=\"text\" ><h1>Sitemap<\/h1>\n<div class=\"wsp-container\"><h2 class=\"wsp-pages-title\">Pages<\/h2>\n<ul class=\"wsp-pages-list\">\n<li class=\"page_item page-item-20116\"><a href=\"https:\/\/www.sab.ch\/fr\/1-a-quoi-faut-il-faire-particulierement-attention-lors-de-la-numerisation-de-chaines-de-creation-de-valeur-en-faveur-de-lagriculture-de-montagne\/\">1. A quoi faut-il faire particuli\u00e8rement attention lors de la num\u00e9risation de cha\u00eenes de cr\u00e9ation de valeur en faveur de l&rsquo;agriculture de montagne ?<\/a><\/li>\n<li class=\"page_item page-item-20127\"><a href=\"https:\/\/www.sab.ch\/fr\/1-1-ouverture-aux-technologies-numeriques-mais-important-manque-de-connaissances\/\">1.1 Ouverture aux technologies num\u00e9riques mais important manque de connaissances<\/a><\/li>\n<li class=\"page_item page-item-20132\"><a href=\"https:\/\/www.sab.ch\/fr\/1-2-un-changement-dattitude-simpose\/\">1.2 Un changement d&rsquo;attitude s&rsquo;impose<\/a><\/li>\n<li class=\"page_item page-item-20135\"><a href=\"https:\/\/www.sab.ch\/fr\/1-3-la-cooperation-un-levier-bienvenu\/\">1.3 La coop\u00e9ration &#8211; un levier bienvenu<\/a><\/li>\n<li class=\"page_item page-item-20138\"><a href=\"https:\/\/www.sab.ch\/fr\/1-4-les-achats-ladministration-et-la-vente-le-marketing-sont-decisifs-pour-la-collaboration\/\">1.4 Les achats, l&rsquo;administration et la vente\/le marketing sont d\u00e9cisifs pour la collaboration<\/a><\/li>\n<li class=\"page_item page-item-20141\"><a href=\"https:\/\/www.sab.ch\/fr\/1-5-une-vision-globale-du-tissu-de-chaines-de-creation-de-valeur\/\">1.5 Une vision globale du tissu de cha\u00eenes de cr\u00e9ation de valeur<\/a><\/li>\n<li class=\"page_item page-item-20144\"><a href=\"https:\/\/www.sab.ch\/fr\/2-comment-reussir-une-consultation-sur-la-numerisation\/\">2. Comment r\u00e9ussir une consultation sur la num\u00e9risation ?<\/a><\/li>\n<li class=\"page_item page-item-20147\"><a href=\"https:\/\/www.sab.ch\/fr\/2-1-analyse-interne-evaluer-le-degre-de-numerisation\/\">2.1 Analyse interne : \u00e9valuer le degr\u00e9 de num\u00e9risation<\/a><\/li>\n<li class=\"page_item page-item-20150\"><a href=\"https:\/\/www.sab.ch\/fr\/2-2-definition-des-marches\/\">2.2 D\u00e9finition des march\u00e9s<\/a><\/li>\n<li class=\"page_item page-item-20153\"><a href=\"https:\/\/www.sab.ch\/fr\/2-3-introduction-a-la-chaine-de-creation-de-valeur\/\">2.3 Introduction \u00e0 la cha\u00eene de cr\u00e9ation de valeur<\/a><\/li>\n<li class=\"page_item page-item-20156\"><a href=\"https:\/\/www.sab.ch\/fr\/2-4-choix-de-la-technologie\/\">2.4. Choix de la technologie<\/a><\/li>\n<li class=\"page_item page-item-20159\"><a href=\"https:\/\/www.sab.ch\/fr\/2-5-strategie-et-feuille-de-route\/\">2.5 Strat\u00e9gie et feuille de route<\/a><\/li>\n<li class=\"page_item page-item-20162\"><a href=\"https:\/\/www.sab.ch\/fr\/2-6-introduction-du-modele-commercial\/\">2.6 Introduction du mod\u00e8le commercial<\/a><\/li>\n<li class=\"page_item page-item-20165\"><a href=\"https:\/\/www.sab.ch\/fr\/2-7-mise-en-reseau-et-conseil-au-niveau-national-et-europeen\/\">2.7 Mise en r\u00e9seau et conseil au niveau national et europ\u00e9en<\/a><\/li>\n<li class=\"page_item page-item-20168\"><a href=\"https:\/\/www.sab.ch\/fr\/3-liste-de-bonnes-pratiques-numerisation-de-la-chaine-de-valeur-de-lagriculture-de-montagne\/\">3. Liste de bonnes pratiques \u00ab\u00a0Num\u00e9risation de la cha\u00eene de valeur de l&rsquo;agriculture de montagne\u00a0\u00bb<\/a><\/li>\n<li class=\"page_item page-item-11037\"><a href=\"https:\/\/www.sab.ch\/fr\/au-sujet-du-sab\/\">Au sujet du SAB<\/a><\/li>\n<li class=\"page_item page-item-11057 page_item_has_children\"><a href=\"https:\/\/www.sab.ch\/fr\/au-sujet-du-sab-2\/\">Au sujet du SAB<\/a>\n<ul class='children'>\n\t<li class=\"page_item page-item-11066\"><a href=\"https:\/\/www.sab.ch\/fr\/au-sujet-du-sab-2\/assemblee-generale\/\">Assembl\u00e9e g\u00e9n\u00e9rale<\/a><\/li>\n\t<li class=\"page_item page-item-11025 page_item_has_children\"><a href=\"https:\/\/www.sab.ch\/fr\/au-sujet-du-sab-2\/comite\/\">Comit\u00e9<\/a>\n\t<ul class='children'>\n\t\t<li class=\"page_item page-item-11034\"><a href=\"https:\/\/www.sab.ch\/fr\/au-sujet-du-sab-2\/comite\/calandrier-du-comite-du-sab\/\">Calandrier du comit\u00e9 du SAB<\/a><\/li>\n\t<\/ul>\n<\/li>\n\t<li class=\"page_item page-item-11004\"><a href=\"https:\/\/www.sab.ch\/fr\/au-sujet-du-sab-2\/conseil-des-regions-de-montagne\/\">Conseil des r\u00e9gions de montagne<\/a><\/li>\n\t<li class=\"page_item page-item-11396\"><a href=\"https:\/\/www.sab.ch\/fr\/au-sujet-du-sab-2\/devenez-membre\/\">Devenez membre<\/a><\/li>\n\t<li class=\"page_item page-item-11063\"><a href=\"https:\/\/www.sab.ch\/fr\/au-sujet-du-sab-2\/formulaire-de-contact-general\/\">Formulaire de contact (g\u00e9n\u00e9ral)<\/a><\/li>\n\t<li class=\"page_item page-item-11018\"><a href=\"https:\/\/www.sab.ch\/fr\/au-sujet-du-sab-2\/notre-equipe-centrale\/\">Notre \u00e9quipe: centrale<\/a><\/li>\n\t<li class=\"page_item page-item-11060\"><a href=\"https:\/\/www.sab.ch\/fr\/au-sujet-du-sab-2\/nouvelles-du-sab\/\">Nouvelles du SAB<\/a><\/li>\n\t<li class=\"page_item page-item-11040\"><a href=\"https:\/\/www.sab.ch\/fr\/au-sujet-du-sab-2\/83eme-rapport-dactivite-du-sab\/\">Rapport d&rsquo;activit\u00e9 du SAB<\/a><\/li>\n\t<li class=\"page_item page-item-11051\"><a href=\"https:\/\/www.sab.ch\/fr\/au-sujet-du-sab-2\/statuts-et-histoire-du-sab\/\">Statuts et histoire du SAB<\/a><\/li>\n\t<li class=\"page_item page-item-11048\"><a href=\"https:\/\/www.sab.ch\/fr\/au-sujet-du-sab-2\/voix-des-regions-de-montagne\/\">Voix des r\u00e9gions de montagne<\/a><\/li>\n<\/ul>\n<\/li>\n<li class=\"page_item page-item-10456\"><a href=\"https:\/\/www.sab.ch\/fr\/beyondsnow\/\">Beyondsnow<\/a><\/li>\n<li class=\"page_item page-item-7815\"><a href=\"https:\/\/www.sab.ch\/fr\/bulletin\/\">Bulletin<\/a><\/li>\n<li class=\"page_item page-item-11098 page_item_has_children\"><a href=\"https:\/\/www.sab.ch\/fr\/communique-de-presse\/\">Communiqu\u00e9 de presse<\/a>\n<ul class='children'>\n\t<li class=\"page_item page-item-11110\"><a href=\"https:\/\/www.sab.ch\/fr\/communique-de-presse\/communique-de-presse\/\">Communiqu\u00e9 de presse<\/a><\/li>\n\t<li class=\"page_item page-item-11079\"><a href=\"https:\/\/www.sab.ch\/fr\/communique-de-presse\/le-sab-vu-par-les-medias\/\">Le SAB vu par les m\u00e9dias<\/a><\/li>\n<\/ul>\n<\/li>\n<li class=\"page_item page-item-7825\"><a href=\"https:\/\/www.sab.ch\/fr\/declaration-de-protection-des-donnees\/\">D\u00e9claration de protection des donn\u00e9es<\/a><\/li>\n<li class=\"page_item page-item-10448 page_item_has_children\"><a href=\"https:\/\/www.sab.ch\/fr\/departement-technique-de-sab-volontaires-montagne\/\">D\u00e9partement technique\/ volontaires montagne<\/a>\n<ul class='children'>\n\t<li class=\"page_item page-item-10479\"><a href=\"https:\/\/www.sab.ch\/fr\/departement-technique-de-sab-volontaires-montagne\/conceil-en-construction\/\">Conceil en construction<\/a><\/li>\n\t<li class=\"page_item page-item-10994\"><a href=\"https:\/\/www.sab.ch\/fr\/departement-technique-de-sab-volontaires-montagne\/contact\/\">Contact<\/a><\/li>\n\t<li class=\"page_item page-item-10517 page_item_has_children\"><a href=\"https:\/\/www.sab.ch\/fr\/departement-technique-de-sab-volontaires-montagne\/cooperatives-de-construction-rurale-ccr\/\">Coop\u00e9ratives de construction rurale (CCR)<\/a>\n\t<ul class='children'>\n\t\t<li class=\"page_item page-item-10523\"><a href=\"https:\/\/www.sab.ch\/fr\/departement-technique-de-sab-volontaires-montagne\/cooperatives-de-construction-rurale-ccr\/adresses\/\">Adresses<\/a><\/li>\n\t\t<li class=\"page_item page-item-12101\"><a href=\"https:\/\/www.sab.ch\/fr\/departement-technique-de-sab-volontaires-montagne\/cooperatives-de-construction-rurale-ccr\/consultations-pour-les-ccr\/\">Consultations pour les CCR<\/a><\/li>\n\t\t<li class=\"page_item page-item-10578\"><a href=\"https:\/\/www.sab.ch\/fr\/departement-technique-de-sab-volontaires-montagne\/cooperatives-de-construction-rurale-ccr\/lien-vers-les-sites-web\/\">Lien vers les sites web<\/a><\/li>\n\t<\/ul>\n<\/li>\n\t<li class=\"page_item page-item-12089\"><a href=\"https:\/\/www.sab.ch\/fr\/departement-technique-de-sab-volontaires-montagne\/les-collaborateurs-de-la-section-technique-du-sab\/\">Les collaborateurs de la Section technique du SAB<\/a><\/li>\n\t<li class=\"page_item page-item-7570 page_item_has_children\"><a href=\"https:\/\/www.sab.ch\/fr\/departement-technique-de-sab-volontaires-montagne\/news-und-mitteilungen\/\">News et communications<\/a>\n\t<ul class='children'>\n\t\t<li class=\"page_item page-item-12147\"><a href=\"https:\/\/www.sab.ch\/fr\/departement-technique-de-sab-volontaires-montagne\/news-und-mitteilungen\/ccr-info-en-allemand\/\">CCR Info (en allemand)<\/a><\/li>\n\t\t<li class=\"page_item page-item-12139\"><a href=\"https:\/\/www.sab.ch\/fr\/departement-technique-de-sab-volontaires-montagne\/news-und-mitteilungen\/rapports-sur-les-assemblees-generales-glb-lbg-en-allemand\/\">Rapports sur les assembl\u00e9es g\u00e9n\u00e9rales GLB\/LBG (en allemand)<\/a><\/li>\n\t\t<li class=\"page_item page-item-12127\"><a href=\"https:\/\/www.sab.ch\/fr\/departement-technique-de-sab-volontaires-montagne\/news-und-mitteilungen\/rapports-sur-les-cours-congres-evenements-en-allemand\/\">Rapports sur les cours\/congr\u00e8s\/\u00e9v\u00e9nements ( en allemand)<\/a><\/li>\n\t<\/ul>\n<\/li>\n\t<li class=\"page_item page-item-12053\"><a href=\"https:\/\/www.sab.ch\/fr\/departement-technique-de-sab-volontaires-montagne\/prestations-de-la-section-technique-du-sab\/\">Prestations de la section technique du SAB<\/a><\/li>\n\t<li class=\"page_item page-item-10502\"><a href=\"https:\/\/www.sab.ch\/fr\/departement-technique-de-sab-volontaires-montagne\/volontaires-montagne\/\">volontaires montagne<\/a><\/li>\n<\/ul>\n<\/li>\n<li class=\"page_item page-item-22967\"><a href=\"https:\/\/www.sab.ch\/fr\/des-logements-pour-les-employes-des-communes-touristiques\/\">Des logements pour les employ\u00e9s des communes touristiques<\/a><\/li>\n<li class=\"page_item page-item-10846\"><a href=\"https:\/\/www.sab.ch\/fr\/devenez-membre\/\">Devenez membre<\/a><\/li>\n<li class=\"page_item page-item-30497\"><a href=\"https:\/\/www.sab.ch\/fr\/dialogplattform-meetingsunterlagen\/\">Dialogplattform Meetingsunterlagen<\/a><\/li>\n<li class=\"page_item page-item-30376\"><a href=\"https:\/\/www.sab.ch\/fr\/dialogplattform-veranstaltungen\/\">Dialogplattform: Veranstaltungen<\/a><\/li>\n<li class=\"page_item page-item-11073 page_item_has_children\"><a href=\"https:\/\/www.sab.ch\/fr\/documents\/\">Documents<\/a>\n<ul class='children'>\n\t<li class=\"page_item page-item-11243\"><a href=\"https:\/\/www.sab.ch\/fr\/documents\/documents-de-position\/\">Documents de position<\/a><\/li>\n\t<li class=\"page_item page-item-11200\"><a href=\"https:\/\/www.sab.ch\/fr\/documents\/editions-du-sab\/\">Editions du SAB<\/a><\/li>\n\t<li class=\"page_item page-item-11240\"><a href=\"https:\/\/www.sab.ch\/fr\/documents\/faits-et-chiffres\/\">Faits et chiffres<\/a><\/li>\n\t<li class=\"page_item page-item-11393\"><a href=\"https:\/\/www.sab.ch\/fr\/documents\/prises-de-position\/\">Prises de position<\/a><\/li>\n<\/ul>\n<\/li>\n<li class=\"page_item page-item-11197\"><a href=\"https:\/\/www.sab.ch\/fr\/documents-2\/\">Documents<\/a><\/li>\n<li class=\"page_item page-item-30503\"><a href=\"https:\/\/www.sab.ch\/fr\/documents-des-reunions\/\">Documents des r\u00e9unions<\/a><\/li>\n<li class=\"page_item page-item-30411\"><a href=\"https:\/\/www.sab.ch\/fr\/dialogplattform-fact-sheets\/\">Fact Sheets \/ Documents<\/a><\/li>\n<li class=\"page_item page-item-11107\"><a href=\"https:\/\/www.sab.ch\/fr\/formulaire-de-contact-general\/\">Formulaire de contact (g\u00e9n\u00e9ral)<\/a><\/li>\n<li class=\"page_item page-item-20099\"><a href=\"https:\/\/www.sab.ch\/fr\/guide-de-la-numerisation-au-profit-de-la-chaine-de-valeur-de-lagriculture-de-montagne\/\">Guide de la num\u00e9risation au profit de la cha\u00eene de valeur de l&rsquo;agriculture de montagne<\/a><\/li>\n<li class=\"page_item page-item-14032\"><a href=\"https:\/\/www.sab.ch\/fr\/\">Home<\/a><\/li>\n<li class=\"page_item page-item-7829\"><a href=\"https:\/\/www.sab.ch\/fr\/impressum\/\">Impressum<\/a><\/li>\n<li class=\"page_item page-item-20249\"><a href=\"https:\/\/www.sab.ch\/fr\/50-ans-de-politique-regionale\/\">Les 50 ans de la politique r\u00e9gionale<\/a><\/li>\n<li class=\"page_item page-item-11104\"><a href=\"https:\/\/www.sab.ch\/fr\/liens\/\">Liens<\/a><\/li>\n<li class=\"page_item page-item-11076 page_item_has_children\"><a href=\"https:\/\/www.sab.ch\/fr\/montagna-2\/\">Montagna<\/a>\n<ul class='children'>\n\t<li class=\"page_item page-item-11186\"><a href=\"https:\/\/www.sab.ch\/fr\/montagna-2\/archives\/\">Archives<\/a><\/li>\n\t<li class=\"page_item page-item-10983\"><a href=\"https:\/\/www.sab.ch\/fr\/montagna-2\/numero-actuel\/\">Numero actuel<\/a><\/li>\n<\/ul>\n<\/li>\n<li class=\"page_item page-item-10972\"><a href=\"https:\/\/www.sab.ch\/fr\/montagna\/\">Montagna<\/a><\/li>\n<li class=\"page_item page-item-28368\"><a href=\"https:\/\/www.sab.ch\/fr\/28368-2\/\">NFP81-Projekt<\/a><\/li>\n<li class=\"page_item page-item-11399 page_item_has_children\"><a href=\"https:\/\/www.sab.ch\/fr\/politique\/\">Politique<\/a>\n<ul class='children'>\n\t<li class=\"page_item page-item-11509\"><a href=\"https:\/\/www.sab.ch\/fr\/politique\/amenagement-du-territoire\/\">Am\u00e9nagement du territoire<\/a><\/li>\n\t<li class=\"page_item page-item-11550\"><a href=\"https:\/\/www.sab.ch\/fr\/politique\/telecommunications\/\">Digitalisation et t\u00e9l\u00e9communications<\/a><\/li>\n\t<li class=\"page_item page-item-11604\"><a href=\"https:\/\/www.sab.ch\/fr\/politique\/economie\/\">Economie<\/a><\/li>\n\t<li class=\"page_item page-item-11485\"><a href=\"https:\/\/www.sab.ch\/fr\/politique\/energie\/\">Energie<\/a><\/li>\n\t<li class=\"page_item page-item-11571\"><a href=\"https:\/\/www.sab.ch\/fr\/politique\/environnement\/\">Environnement<\/a><\/li>\n\t<li class=\"page_item page-item-11592\"><a href=\"https:\/\/www.sab.ch\/fr\/politique\/foret\/\">For\u00eat<\/a><\/li>\n\t<li class=\"page_item page-item-11622\"><a href=\"https:\/\/www.sab.ch\/fr\/politique\/nouvelle-politique-regionale\/\">Nouvelle politique r\u00e9gionale<\/a><\/li>\n\t<li class=\"page_item page-item-11559\"><a href=\"https:\/\/www.sab.ch\/fr\/politique\/politique-tourisme\/\">Politique \/ Tourisme<\/a><\/li>\n\t<li class=\"page_item page-item-11532\"><a href=\"https:\/\/www.sab.ch\/fr\/politique\/politique-ville-campagne\/\">Politique \/ Ville-campagne<\/a><\/li>\n\t<li class=\"page_item page-item-11528\"><a href=\"https:\/\/www.sab.ch\/fr\/politique\/politique-agricole\/\">Politique agricole<\/a><\/li>\n\t<li class=\"page_item page-item-11500\"><a href=\"https:\/\/www.sab.ch\/fr\/politique\/politique-climatique\/\">Politique climatique<\/a><\/li>\n\t<li class=\"page_item page-item-11491\"><a href=\"https:\/\/www.sab.ch\/fr\/politique\/politique-financiere\/\">Politique financi\u00e8re<\/a><\/li>\n\t<li class=\"page_item page-item-11535\"><a href=\"https:\/\/www.sab.ch\/fr\/politique\/politique-internationale\/\">Politique internationale<\/a><\/li>\n\t<li class=\"page_item page-item-11479\"><a href=\"https:\/\/www.sab.ch\/fr\/politique\/population-de-montagne-politique-sociale\/\">Population de montagne \/ politique sociale<\/a><\/li>\n\t<li class=\"page_item page-item-11503\"><a href=\"https:\/\/www.sab.ch\/fr\/politique\/poste\/\">Poste<\/a><\/li>\n\t<li class=\"page_item page-item-11613\"><a href=\"https:\/\/www.sab.ch\/fr\/politique\/residences-secondaires\/\">R\u00e9sidences secondaires<\/a><\/li>\n\t<li class=\"page_item page-item-11580\"><a href=\"https:\/\/www.sab.ch\/fr\/politique\/transports\/\">Transports<\/a><\/li>\n<\/ul>\n<\/li>\n<li class=\"page_item page-item-7623 page_item_has_children\"><a href=\"https:\/\/www.sab.ch\/fr\/dienstleistungen\/\">Prestations<\/a>\n<ul class='children'>\n\t<li class=\"page_item page-item-10805\"><a href=\"https:\/\/www.sab.ch\/fr\/dienstleistungen\/assemblee-generale-du-sab-2022\/\">Assembl\u00e9e g\u00e9n\u00e9rale du SAB 2022<\/a><\/li>\n\t<li class=\"page_item page-item-11320 page_item_has_children\"><a href=\"https:\/\/www.sab.ch\/fr\/dienstleistungen\/cooperation-internationale\/\">Coop\u00e9ration internationale<\/a>\n\t<ul class='children'>\n\t\t<li class=\"page_item page-item-10810\"><a href=\"https:\/\/www.sab.ch\/fr\/dienstleistungen\/cooperation-internationale\/cross-border-mobility\/\">Cross-border mobility<\/a><\/li>\n\t\t<li class=\"page_item page-item-11323\"><a href=\"https:\/\/www.sab.ch\/fr\/dienstleistungen\/cooperation-internationale\/intesi\/\">INTESI<\/a><\/li>\n\t\t<li class=\"page_item page-item-11338\"><a href=\"https:\/\/www.sab.ch\/fr\/dienstleistungen\/cooperation-internationale\/leconomie-forestiere-durable-en-roumanie\/\">L&rsquo;\u00e9conomie foresti\u00e8re durable en Roumanie<\/a><\/li>\n\t\t<li class=\"page_item page-item-11332 page_item_has_children\"><a href=\"https:\/\/www.sab.ch\/fr\/dienstleistungen\/cooperation-internationale\/projekt-interact-promonte\/\">Projekt Interact ProMonte<\/a>\n\t\t<ul class='children'>\n\t\t\t<li class=\"page_item page-item-11335\"><a href=\"https:\/\/www.sab.ch\/fr\/dienstleistungen\/cooperation-internationale\/projekt-interact-promonte\/access\/\">ACCESS<\/a><\/li>\n\t\t<\/ul>\n<\/li>\n\t\t<li class=\"page_item page-item-11329\"><a href=\"https:\/\/www.sab.ch\/fr\/dienstleistungen\/cooperation-internationale\/projet-amelioration-de-la-fabrication-et-de-la-commercialisation-des-produits-laitiers-de-brebis-en-roumanie\/\">Projet \u00a0\u00bb Am\u00e9lioration de la fabrication et de la commercialisation des produits laitiers de brebis en Roumanie \u00ab\u00a0.<\/a><\/li>\n\t\t<li class=\"page_item page-item-11326\"><a href=\"https:\/\/www.sab.ch\/fr\/dienstleistungen\/cooperation-internationale\/projet-eusalp-et-alpgov\/\">Projet EUSALP et AlpGov<\/a><\/li>\n\t\t<li class=\"page_item page-item-11341\"><a href=\"https:\/\/www.sab.ch\/fr\/dienstleistungen\/cooperation-internationale\/pusemor\/\">Pusemor<\/a><\/li>\n\t\t<li class=\"page_item page-item-11344\"><a href=\"https:\/\/www.sab.ch\/fr\/dienstleistungen\/cooperation-internationale\/simra\/\">SIMRA<\/a><\/li>\n\t\t<li class=\"page_item page-item-11347\"><a href=\"https:\/\/www.sab.ch\/fr\/dienstleistungen\/cooperation-internationale\/smart-smes\/\">Smart SMEs<\/a><\/li>\n\t\t<li class=\"page_item page-item-11351\"><a href=\"https:\/\/www.sab.ch\/fr\/dienstleistungen\/cooperation-internationale\/smart-villages\/\">Smart Villages<\/a><\/li>\n\t<\/ul>\n<\/li>\n\t<li class=\"page_item page-item-11314 page_item_has_children\"><a href=\"https:\/\/www.sab.ch\/fr\/dienstleistungen\/developpement-regional\/\">D\u00e9veloppement r\u00e9gional<\/a>\n\t<ul class='children'>\n\t\t<li class=\"page_item page-item-10538\"><a href=\"https:\/\/www.sab.ch\/fr\/dienstleistungen\/developpement-regional\/groupe-parlementaire-montagne\/\">Groupe parlementaire montagne<\/a><\/li>\n\t<\/ul>\n<\/li>\n\t<li class=\"page_item page-item-10807\"><a href=\"https:\/\/www.sab.ch\/fr\/dienstleistungen\/information-et-communication\/\">Information et communication<\/a><\/li>\n\t<li class=\"page_item page-item-11354\"><a href=\"https:\/\/www.sab.ch\/fr\/dienstleistungen\/les-communes-ayant-obtenu-le-label-commune-de-montagne-la-jeunesse-notre-avenir\/\">Les communes ayant obtenu le label \u00ab Commune de montagne \u2013 La jeunesse, notre avenir \u00bb<\/a><\/li>\n\t<li class=\"page_item page-item-11357 page_item_has_children\"><a href=\"https:\/\/www.sab.ch\/fr\/dienstleistungen\/management-dorganisations-et-de-reseaux-2\/\">Management d\u2019organisations et de r\u00e9seaux<\/a>\n\t<ul class='children'>\n\t\t<li class=\"page_item page-item-11360 page_item_has_children\"><a href=\"https:\/\/www.sab.ch\/fr\/dienstleistungen\/management-dorganisations-et-de-reseaux-2\/management-dorganisations-et-de-reseaux\/\">Management d\u2019organisations et de r\u00e9seaux<\/a>\n\t\t<ul class='children'>\n\t\t\t<li class=\"page_item page-item-11249 page_item_has_children\"><a href=\"https:\/\/www.sab.ch\/fr\/dienstleistungen\/management-dorganisations-et-de-reseaux-2\/management-dorganisations-et-de-reseaux\/conference-des-presidents-de-communes-touristiques\/\">Conf\u00e9rence des pr\u00e9sidents de communes touristiques<\/a>\n\t\t\t<ul class='children'>\n\t\t\t\t<li class=\"page_item page-item-11278\"><a href=\"https:\/\/www.sab.ch\/fr\/dienstleistungen\/management-dorganisations-et-de-reseaux-2\/management-dorganisations-et-de-reseaux\/conference-des-presidents-de-communes-touristiques\/communes-membres\/\">Communes membres<\/a><\/li>\n\t\t\t\t<li class=\"page_item page-item-11266\"><a href=\"https:\/\/www.sab.ch\/fr\/dienstleistungen\/management-dorganisations-et-de-reseaux-2\/management-dorganisations-et-de-reseaux\/conference-des-presidents-de-communes-touristiques\/communiques-de-presse\/\">Communiqu\u00e9s de presse<\/a><\/li>\n\t\t\t\t<li class=\"page_item page-item-11255\"><a href=\"https:\/\/www.sab.ch\/fr\/dienstleistungen\/management-dorganisations-et-de-reseaux-2\/management-dorganisations-et-de-reseaux\/conference-des-presidents-de-communes-touristiques\/contact\/\">Contact<\/a><\/li>\n\t\t\t\t<li class=\"page_item page-item-11269\"><a href=\"https:\/\/www.sab.ch\/fr\/dienstleistungen\/management-dorganisations-et-de-reseaux-2\/management-dorganisations-et-de-reseaux\/conference-des-presidents-de-communes-touristiques\/devenir-membre\/\">Devenir membre<\/a><\/li>\n\t\t\t\t<li class=\"page_item page-item-11252\"><a href=\"https:\/\/www.sab.ch\/fr\/dienstleistungen\/management-dorganisations-et-de-reseaux-2\/management-dorganisations-et-de-reseaux\/conference-des-presidents-de-communes-touristiques\/documents-en-allemand\/\">Documents (en allemand)<\/a><\/li>\n\t\t\t\t<li class=\"page_item page-item-10774\"><a href=\"https:\/\/www.sab.ch\/fr\/dienstleistungen\/management-dorganisations-et-de-reseaux-2\/management-dorganisations-et-de-reseaux\/conference-des-presidents-de-communes-touristiques\/seminaires\/\">S\u00e9minaires<\/a><\/li>\n\t\t\t<\/ul>\n<\/li>\n\t\t\t<li class=\"page_item page-item-11284 page_item_has_children\"><a href=\"https:\/\/www.sab.ch\/fr\/dienstleistungen\/management-dorganisations-et-de-reseaux-2\/management-dorganisations-et-de-reseaux\/conference-des-regions\/\">Conf\u00e9rence des r\u00e9gions<\/a>\n\t\t\t<ul class='children'>\n\t\t\t\t<li class=\"page_item page-item-11375\"><a href=\"https:\/\/www.sab.ch\/fr\/dienstleistungen\/management-dorganisations-et-de-reseaux-2\/management-dorganisations-et-de-reseaux\/conference-des-regions\/contact\/\">Contact<\/a><\/li>\n\t\t\t\t<li class=\"page_item page-item-11378\"><a href=\"https:\/\/www.sab.ch\/fr\/dienstleistungen\/management-dorganisations-et-de-reseaux-2\/management-dorganisations-et-de-reseaux\/conference-des-regions\/devenir-membre-de-la-cdr\/\">Devenir membre de la CdR<\/a><\/li>\n\t\t\t\t<li class=\"page_item page-item-11369\"><a href=\"https:\/\/www.sab.ch\/fr\/dienstleistungen\/management-dorganisations-et-de-reseaux-2\/management-dorganisations-et-de-reseaux\/conference-des-regions\/documents\/\">Documents<\/a><\/li>\n\t\t\t\t<li class=\"page_item page-item-11381\"><a href=\"https:\/\/www.sab.ch\/fr\/dienstleistungen\/management-dorganisations-et-de-reseaux-2\/management-dorganisations-et-de-reseaux\/conference-des-regions\/regions\/\">R\u00e9gions<\/a><\/li>\n\t\t\t\t<li class=\"page_item page-item-11384\"><a href=\"https:\/\/www.sab.ch\/fr\/dienstleistungen\/management-dorganisations-et-de-reseaux-2\/management-dorganisations-et-de-reseaux\/conference-des-regions\/veranstaltungen-kdr\/\">S\u00e9minaires Conf\u00e9rence des r\u00e9gions<\/a><\/li>\n\t\t\t<\/ul>\n<\/li>\n\t\t<\/ul>\n<\/li>\n\t\t<li class=\"page_item page-item-11387\"><a href=\"https:\/\/www.sab.ch\/fr\/dienstleistungen\/management-dorganisations-et-de-reseaux-2\/smart-villages\/\">Smart Villages<\/a><\/li>\n\t<\/ul>\n<\/li>\n\t<li class=\"page_item page-item-10492 page_item_has_children\"><a href=\"https:\/\/www.sab.ch\/fr\/dienstleistungen\/management-dorganisations-et-de-reseaux\/\">Management d\u2019organisations et de r\u00e9seaux<\/a>\n\t<ul class='children'>\n\t\t<li class=\"page_item page-item-10498 page_item_has_children\"><a href=\"https:\/\/www.sab.ch\/fr\/dienstleistungen\/management-dorganisations-et-de-reseaux\/le-reseau-alliance-dans-les-alpes\/\">Le r\u00e9seau Alliance dans les Alpes<\/a>\n\t\t<ul class='children'>\n\t\t\t<li class=\"page_item page-item-10514\"><a href=\"https:\/\/www.sab.ch\/fr\/dienstleistungen\/management-dorganisations-et-de-reseaux\/le-reseau-alliance-dans-les-alpes\/communes\/\">Communes<\/a><\/li>\n\t\t\t<li class=\"page_item page-item-10529\"><a href=\"https:\/\/www.sab.ch\/fr\/dienstleistungen\/management-dorganisations-et-de-reseaux\/le-reseau-alliance-dans-les-alpes\/devenir-membre\/\">Devenir membre<\/a><\/li>\n\t\t\t<li class=\"page_item page-item-10508\"><a href=\"https:\/\/www.sab.ch\/fr\/dienstleistungen\/management-dorganisations-et-de-reseaux\/le-reseau-alliance-dans-les-alpes\/documents\/\">Documents<\/a><\/li>\n\t\t\t<li class=\"page_item page-item-10532\"><a href=\"https:\/\/www.sab.ch\/fr\/dienstleistungen\/management-dorganisations-et-de-reseaux\/le-reseau-alliance-dans-les-alpes\/personne-de-contact\/\">Personne de contact<\/a><\/li>\n\t\t\t<li class=\"page_item page-item-10535\"><a href=\"https:\/\/www.sab.ch\/fr\/dienstleistungen\/management-dorganisations-et-de-reseaux\/le-reseau-alliance-dans-les-alpes\/news\/\">Projets<\/a><\/li>\n\t\t<\/ul>\n<\/li>\n\t<\/ul>\n<\/li>\n\t<li class=\"page_item page-item-11246\"><a href=\"https:\/\/www.sab.ch\/fr\/dienstleistungen\/moderation-de-processus-de-cooperation-participatifs\/\">Mod\u00e9ration de processus de coop\u00e9ration \/ participatifs<\/a><\/li>\n\t<li class=\"page_item page-item-11363\"><a href=\"https:\/\/www.sab.ch\/fr\/dienstleistungen\/plate-forme-de-dialogue\/\">Plate-forme de dialogue<\/a><\/li>\n\t<li class=\"page_item page-item-11234\"><a href=\"https:\/\/www.sab.ch\/fr\/dienstleistungen\/prix-montagne\/\">Prix Montagne<\/a><\/li>\n\t<li class=\"page_item page-item-10541 page_item_has_children\"><a href=\"https:\/\/www.sab.ch\/fr\/dienstleistungen\/protection-des-produits-de-montagne-et-dalpage\/\">Protection des produits de montagne et d\u2019alpage<\/a>\n\t<ul class='children'>\n\t\t<li class=\"page_item page-item-10544\"><a href=\"https:\/\/www.sab.ch\/fr\/dienstleistungen\/protection-des-produits-de-montagne-et-dalpage\/les-exigences\/\">Les exigences<\/a><\/li>\n\t\t<li class=\"page_item page-item-10547 page_item_has_children\"><a href=\"https:\/\/www.sab.ch\/fr\/dienstleistungen\/protection-des-produits-de-montagne-et-dalpage\/les-signes\/\">Les signes<\/a>\n\t\t<ul class='children'>\n\t\t\t<li class=\"page_item page-item-10550\"><a href=\"https:\/\/www.sab.ch\/fr\/dienstleistungen\/protection-des-produits-de-montagne-et-dalpage\/les-signes\/logo-montagne\/\">Logo alpage<\/a><\/li>\n\t\t\t<li class=\"page_item page-item-10553\"><a href=\"https:\/\/www.sab.ch\/fr\/dienstleistungen\/protection-des-produits-de-montagne-et-dalpage\/les-signes\/logo-montagne-2\/\">Logo montagne<\/a><\/li>\n\t\t<\/ul>\n<\/li>\n\t\t<li class=\"page_item page-item-10563\"><a href=\"https:\/\/www.sab.ch\/fr\/dienstleistungen\/protection-des-produits-de-montagne-et-dalpage\/publications\/\">Publications<\/a><\/li>\n\t\t<li class=\"page_item page-item-10559\"><a href=\"https:\/\/www.sab.ch\/fr\/dienstleistungen\/protection-des-produits-de-montagne-et-dalpage\/questions\/\">Questions (en allemand)<\/a><\/li>\n\t<\/ul>\n<\/li>\n\t<li class=\"page_item page-item-11237\"><a href=\"https:\/\/www.sab.ch\/fr\/dienstleistungen\/salle-de-conference-du-sab\/\">Salle de conf\u00e9rence du SAB<\/a><\/li>\n\t<li class=\"page_item page-item-10776\"><a href=\"https:\/\/www.sab.ch\/fr\/dienstleistungen\/seminaire\/\">S\u00e9minaire<\/a><\/li>\n\t<li class=\"page_item page-item-10569\"><a href=\"https:\/\/www.sab.ch\/fr\/dienstleistungen\/volontaires-montagne\/\">volontaires montagne<\/a><\/li>\n\t<li class=\"page_item page-item-11226\"><a href=\"https:\/\/www.sab.ch\/fr\/dienstleistungen\/vulgarisation-agricole\/\">Vulgarisation agricole<\/a><\/li>\n<\/ul>\n<\/li>\n<li class=\"page_item page-item-11191\"><a href=\"https:\/\/www.sab.ch\/fr\/projet-interreg-espace-alpin-smartcommunity\/\">Projet Interreg Espace Alpin \u00ab\u00a0SmartCommUnity\u00a0\u00bb<\/a><\/li>\n<li class=\"page_item page-item-28375\"><a href=\"https:\/\/www.sab.ch\/fr\/projet-nfp81\/\">Projet NFP81<\/a><\/li>\n<li class=\"page_item page-item-30387\"><a href=\"https:\/\/www.sab.ch\/fr\/plate-forme-de-dialogue-recherche-et-pratique-dans-lagriculture-de-montagne-meetings\/\">R\u00e9union actuelle<\/a><\/li>\n<li class=\"page_item page-item-26028\"><a href=\"https:\/\/www.sab.ch\/fr\/ruralplan\/\">RURALPLAN<\/a><\/li>\n<li class=\"page_item page-item-11069\"><a href=\"https:\/\/www.sab.ch\/fr\/sitemap\/\">Sitemap<\/a><\/li>\n<\/ul>\n<\/div>\n<\/div><\/section><\/div>\n","protected":false},"excerpt":{"rendered":"","protected":false},"author":3,"featured_media":0,"parent":0,"menu_order":0,"comment_status":"closed","ping_status":"open","template":"","meta":{"footnotes":""},"class_list":["post-11069","page","type-page","status-publish","hentry"],"yoast_head":"<!-- This site is optimized with the Yoast SEO plugin v27.5 - https:\/\/yoast.com\/product\/yoast-seo-wordpress\/ -->\n<title>Sitemap - S A B<\/title>\n<meta name=\"robots\" content=\"index, follow, max-snippet:-1, max-image-preview:large, max-video-preview:-1\" \/>\n<link rel=\"canonical\" href=\"https:\/\/www.sab.ch\/fr\/sitemap\/\" \/>\n<meta property=\"og:locale\" content=\"fr_FR\" \/>\n<meta property=\"og:type\" content=\"article\" \/>\n<meta property=\"og:title\" content=\"Sitemap - S A B\" \/>\n<meta property=\"og:url\" content=\"https:\/\/www.sab.ch\/fr\/sitemap\/\" \/>\n<meta property=\"og:site_name\" content=\"S A B\" \/>\n<meta property=\"article:modified_time\" content=\"2023-01-16T08:54:23+00:00\" \/>\n<meta name=\"twitter:card\" content=\"summary_large_image\" \/>\n<meta name=\"twitter:label1\" content=\"Dur\u00e9e de lecture estim\u00e9e\" \/>\n\t<meta name=\"twitter:data1\" content=\"1 minute\" \/>\n<script type=\"application\/ld+json\" class=\"yoast-schema-graph\">{\"@context\":\"https:\\\/\\\/schema.org\",\"@graph\":[{\"@type\":\"WebPage\",\"@id\":\"https:\\\/\\\/www.sab.ch\\\/fr\\\/sitemap\\\/\",\"url\":\"https:\\\/\\\/www.sab.ch\\\/fr\\\/sitemap\\\/\",\"name\":\"Sitemap - S A B\",\"isPartOf\":{\"@id\":\"https:\\\/\\\/www.sab.ch\\\/fr\\\/#website\"},\"datePublished\":\"2023-01-16T08:54:18+00:00\",\"dateModified\":\"2023-01-16T08:54:23+00:00\",\"breadcrumb\":{\"@id\":\"https:\\\/\\\/www.sab.ch\\\/fr\\\/sitemap\\\/#breadcrumb\"},\"inLanguage\":\"fr-FR\",\"potentialAction\":[{\"@type\":\"ReadAction\",\"target\":[\"https:\\\/\\\/www.sab.ch\\\/fr\\\/sitemap\\\/\"]}]},{\"@type\":\"BreadcrumbList\",\"@id\":\"https:\\\/\\\/www.sab.ch\\\/fr\\\/sitemap\\\/#breadcrumb\",\"itemListElement\":[{\"@type\":\"ListItem\",\"position\":1,\"name\":\"Startseite\",\"item\":\"https:\\\/\\\/www.sab.ch\\\/fr\\\/home\\\/\"},{\"@type\":\"ListItem\",\"position\":2,\"name\":\"Sitemap\"}]},{\"@type\":\"WebSite\",\"@id\":\"https:\\\/\\\/www.sab.ch\\\/fr\\\/#website\",\"url\":\"https:\\\/\\\/www.sab.ch\\\/fr\\\/\",\"name\":\"S A B\",\"description\":\"\",\"potentialAction\":[{\"@type\":\"SearchAction\",\"target\":{\"@type\":\"EntryPoint\",\"urlTemplate\":\"https:\\\/\\\/www.sab.ch\\\/fr\\\/?s={search_term_string}\"},\"query-input\":{\"@type\":\"PropertyValueSpecification\",\"valueRequired\":true,\"valueName\":\"search_term_string\"}}],\"inLanguage\":\"fr-FR\"}]}<\/script>\n<!-- \/ Yoast SEO plugin. -->","yoast_head_json":{"title":"Sitemap - S A B","robots":{"index":"index","follow":"follow","max-snippet":"max-snippet:-1","max-image-preview":"max-image-preview:large","max-video-preview":"max-video-preview:-1"},"canonical":"https:\/\/www.sab.ch\/fr\/sitemap\/","og_locale":"fr_FR","og_type":"article","og_title":"Sitemap - S A B","og_url":"https:\/\/www.sab.ch\/fr\/sitemap\/","og_site_name":"S A B","article_modified_time":"2023-01-16T08:54:23+00:00","twitter_card":"summary_large_image","twitter_misc":{"Dur\u00e9e de lecture estim\u00e9e":"1 minute"},"schema":{"@context":"https:\/\/schema.org","@graph":[{"@type":"WebPage","@id":"https:\/\/www.sab.ch\/fr\/sitemap\/","url":"https:\/\/www.sab.ch\/fr\/sitemap\/","name":"Sitemap - S A B","isPartOf":{"@id":"https:\/\/www.sab.ch\/fr\/#website"},"datePublished":"2023-01-16T08:54:18+00:00","dateModified":"2023-01-16T08:54:23+00:00","breadcrumb":{"@id":"https:\/\/www.sab.ch\/fr\/sitemap\/#breadcrumb"},"inLanguage":"fr-FR","potentialAction":[{"@type":"ReadAction","target":["https:\/\/www.sab.ch\/fr\/sitemap\/"]}]},{"@type":"BreadcrumbList","@id":"https:\/\/www.sab.ch\/fr\/sitemap\/#breadcrumb","itemListElement":[{"@type":"ListItem","position":1,"name":"Startseite","item":"https:\/\/www.sab.ch\/fr\/home\/"},{"@type":"ListItem","position":2,"name":"Sitemap"}]},{"@type":"WebSite","@id":"https:\/\/www.sab.ch\/fr\/#website","url":"https:\/\/www.sab.ch\/fr\/","name":"S A B","description":"","potentialAction":[{"@type":"SearchAction","target":{"@type":"EntryPoint","urlTemplate":"https:\/\/www.sab.ch\/fr\/?s={search_term_string}"},"query-input":{"@type":"PropertyValueSpecification","valueRequired":true,"valueName":"search_term_string"}}],"inLanguage":"fr-FR"}]}},"_links":{"self":[{"href":"https:\/\/www.sab.ch\/fr\/wp-json\/wp\/v2\/pages\/11069","targetHints":{"allow":["GET"]}}],"collection":[{"href":"https:\/\/www.sab.ch\/fr\/wp-json\/wp\/v2\/pages"}],"about":[{"href":"https:\/\/www.sab.ch\/fr\/wp-json\/wp\/v2\/types\/page"}],"author":[{"embeddable":true,"href":"https:\/\/www.sab.ch\/fr\/wp-json\/wp\/v2\/users\/3"}],"replies":[{"embeddable":true,"href":"https:\/\/www.sab.ch\/fr\/wp-json\/wp\/v2\/comments?post=11069"}],"version-history":[{"count":3,"href":"https:\/\/www.sab.ch\/fr\/wp-json\/wp\/v2\/pages\/11069\/revisions"}],"predecessor-version":[{"id":11072,"href":"https:\/\/www.sab.ch\/fr\/wp-json\/wp\/v2\/pages\/11069\/revisions\/11072"}],"wp:attachment":[{"href":"https:\/\/www.sab.ch\/fr\/wp-json\/wp\/v2\/media?parent=11069"}],"curies":[{"name":"wp","href":"https:\/\/api.w.org\/{rel}","templated":true}]}}