{"id":11110,"date":"2023-01-16T14:30:29","date_gmt":"2023-01-16T13:30:29","guid":{"rendered":"https:\/\/www.sab.ch\/communique-de-presse\/communique-de-presse\/"},"modified":"2026-03-17T09:10:47","modified_gmt":"2026-03-17T08:10:47","slug":"communique-de-presse","status":"publish","type":"page","link":"https:\/\/www.sab.ch\/fr\/communique-de-presse\/communique-de-presse\/","title":{"rendered":"Communiqu\u00e9 de presse"},"content":{"rendered":"<div id='av_section_1'  class='avia-section av-kbufzd3s-dd428f854b73db9c732bdb3b761e163e main_color avia-section-default avia-shadow  avia-builder-el-0  avia-builder-el-no-sibling  avia-bg-style-scroll container_wrap fullsize'  ><div class='container av-section-cont-open' ><main  role=\"main\" itemprop=\"mainContentOfPage\"  class='template-page content  av-content-full alpha units'><div class='post-entry post-entry-type-page post-entry-11110'><div class='entry-content-wrapper clearfix'>\n<div  class='flex_column av-1ywcye-43b198c5a7e5fbb821676051bd3800a8 av_two_third  avia-builder-el-1  avia-builder-el-no-sibling  first flex_column_div  '     ><section  class='av_textblock_section av-m5kslbiy-641448628a5a1b7bd8b65c9485e83aaa '   itemscope=\"itemscope\" itemtype=\"https:\/\/schema.org\/CreativeWork\" ><div class='avia_textblock'  itemprop=\"text\" ><h1>Communiqu\u00e9 de presse<\/h1>\n<\/div><\/section><br \/>\n\n<style type=\"text\/css\" data-created_by=\"avia_inline_auto\" id=\"style-css-av-m5kskwhr-db5346259b9796714384d7031f65c2b1\">\n#top .hr.hr-invisible.av-m5kskwhr-db5346259b9796714384d7031f65c2b1{\nheight:30px;\n}\n<\/style>\n<div  class='hr av-m5kskwhr-db5346259b9796714384d7031f65c2b1 hr-invisible  avia-builder-el-3  el_after_av_textblock  el_before_av_textblock '><span class='hr-inner '><span class=\"hr-inner-style\"><\/span><\/span><\/div><br \/>\n<section  class='av_textblock_section av-m5ksn5nw-423142c9d52d4b48ccad4d1ee7981260 '   itemscope=\"itemscope\" itemtype=\"https:\/\/schema.org\/CreativeWork\" ><div class='avia_textblock'  itemprop=\"text\" ><h2>2026<\/h2>\n<ul>\n<li><a href=\"https:\/\/www.sab.ch\/wp-content\/uploads\/2026\/03\/CP-mise-au-concours-Prix-Montagne-2026-1.pdf\">Le Prix Montagne 2026 est lanc\u00e9 \u2013 soumettez vos projets d\u00e8s maintenant (17.03.2026)<\/a><\/li>\n<li><a href=\"https:\/\/www.sab.ch\/wp-content\/uploads\/2026\/03\/Medienmitteilung_Jugendforum-2026-F.pdf\">Le Forum des jeunes du SAB s&rsquo;est r\u00e9uni \u00e0 Planfayon (07.03.2026)<\/a><\/li>\n<li><a href=\"https:\/\/www.sab.ch\/wp-content\/uploads\/2026\/02\/CP.SAB_.Gestion-paturages.pdf\">Dialogue entre l&rsquo;agriculture et le tourisme au sujet de la gestion des grands pr\u00e9dateurs (25.02.2026)<\/a><\/li>\n<li><a href=\"https:\/\/www.sab.ch\/wp-content\/uploads\/2026\/02\/Medienmitteilung-SRG-Initiative_FR.pdf\">Un non clair \u00e0 l\u2019initiative SSR :communes, villes et r\u00e9gions de montagne ont besoin des m\u00e9dias de service public (03.02.2026)<\/a><\/li>\n<\/ul>\n<\/div><\/section><br \/>\n<section  class='av_textblock_section av-av_textblock-92ab5b4c5448b40ef3b82fb3d397e98e '   itemscope=\"itemscope\" itemtype=\"https:\/\/schema.org\/CreativeWork\" ><div class='avia_textblock'  itemprop=\"text\" ><h2>2025<\/h2>\n<ul>\n<li><a href=\"https:\/\/www.sab.ch\/wp-content\/uploads\/2025\/12\/CP1238_Initiative-SSR-fr.pdf\">Le SAB rejette l&rsquo;initiative visant \u00e0 r\u00e9duire de moiti\u00e9 la redevance de la SSR (08.12.2025)<\/a><\/li>\n<li><a href=\"https:\/\/www.sab.ch\/wp-content\/uploads\/2025\/10\/Medienmitteilung_Jubilaeumsanlass-Safiental_F.pdf\">Depuis dix ans au service des jeunes de montagne (20.10.2025)<\/a><\/li>\n<li><a href=\"https:\/\/www.sab.ch\/wp-content\/uploads\/2025\/09\/CP.SAB_.UE_29.09.2026.pdf\">D\u00e9cisions du SAB concernant l\u2019Europe, le soutien aux h\u00f4tels, les magasins villageois num\u00e9riques et les limitations \u00e0 30 km\/h (29.09.2025)<\/a><\/li>\n<li><a href=\"https:\/\/www.sab.ch\/wp-content\/uploads\/2025\/09\/CP-Aide-suisse-a-la-montagne-laureat-Prix-Montagne-2025.pdf\">La manufacture laiti\u00e8re d\u2019Einsiedeln remporte le Prix Montagne 2025\u00a0(04.09.2025)<\/a><\/li>\n<li><a href=\"https:\/\/www.sab.ch\/wp-content\/uploads\/2025\/09\/CP.SAB-soins-medicaux_02_09_2025.pdf\">Repenser les soins m\u00e9dicaux de base (02.09.2025)<\/a><\/li>\n<li><a href=\"https:\/\/www.sab.ch\/wp-content\/uploads\/2025\/08\/CP1234_Assemblee-generale-du-SAB-du-28-aout-2025_fr.pdf\">Assembl\u00e9e g\u00e9n\u00e9rale du SAB \u00e0 Del\u00e9mont (28.08.2025)<\/a><\/li>\n<li><a href=\"https:\/\/www.sab.ch\/wp-content\/uploads\/2025\/07\/CP-aide-suisse-a-la-montagne-projets-nomines-Prix-Montagne-2025.pdf\">Prix Montagne : les six nomin\u00e9s sont connus (09.07.2025)<\/a><\/li>\n<li><a href=\"https:\/\/www.sab.ch\/wp-content\/uploads\/2025\/07\/CP-service-universel_2-juillet.pdf\">Pas de d\u00e9mant\u00e8lement du service universel ! (02.07.2025<\/a><\/li>\n<li><a href=\"https:\/\/www.sab.ch\/wp-content\/uploads\/2025\/06\/CP-le-trafic-touristique_juin2025.pdf\">Le trafic touristique rec\u00e8le un grand potentiel \u2013 utilisons-le ! (25.06.2025)<\/a><\/li>\n<li><a href=\"https:\/\/www.sab.ch\/wp-content\/uploads\/2025\/06\/CP_vote-sur-la-valeur-locative-_-juin-2025.pdf\">Pas de recommandation quant au vote sur la valeur locative et l&rsquo;imp\u00f4t sur les biens immobiliers (23.06.2025)<\/a><\/li>\n<li><a href=\"https:\/\/www.sab.ch\/wp-content\/uploads\/2025\/04\/CP_Accelerer-la-Strategie-Gigabit-de-la-Confederation.pdf\">Communiqu\u00e9 de presse au sujet de la Strat\u00e9gie Gigabit de la Conf\u00e9deration (24.04.2025)<\/a><\/li>\n<li><a href=\"https:\/\/www.sab.ch\/wp-content\/uploads\/2025\/04\/CP.logements-touristiques_10.04.2025.pdf\">Des logements pour les employ\u00e9s r\u00e9sidant dans les communes touristiques (10.04.2025)<\/a><\/li>\n<li><a href=\"https:\/\/www.sab.ch\/wp-content\/uploads\/2025\/03\/CP-mise-au-concours-Prix-Montagne-2025.pdf\">Le Prix Montagne 2025 est mis au concours (18.03.2025)<\/a><\/li>\n<li><a href=\"https:\/\/www.sab.ch\/wp-content\/uploads\/2025\/03\/Communique-de-presse-Forum-des-jeunes-2025.pdf\">\u00c9lection de la nouvelle pr\u00e9sidente du Forum des jeunes du SAB (17.03.2025)<\/a><\/li>\n<li><a href=\"https:\/\/www.sab.ch\/wp-content\/uploads\/2025\/03\/CP_Strategie-Gigabit-de-la-Confederation_14_03_2025_fr.pdf\">Strat\u00e9gie Gigabit de la Conf\u00e9d\u00e9ration : une \u00e9tape importante! (14.03.2025<\/a><\/li>\n<li><a href=\"https:\/\/www.sab.ch\/wp-content\/uploads\/2025\/01\/CP-initiative-responsabilite-environnementale.pdf\">Le SAB rejette l&rsquo;initiative pour la responsabilit\u00e9 environnementale (06.01.2025)<\/a><\/li>\n<\/ul>\n<\/div><\/section><br \/>\n<section  class='av_textblock_section av-jxk41cbl-a1fc1525f09076e0644c7e0771550ccd '   itemscope=\"itemscope\" itemtype=\"https:\/\/schema.org\/CreativeWork\" ><div class='avia_textblock'  itemprop=\"text\" ><h2>2024<\/h2>\n<h3><\/h3>\n<ul>\n<li><a href=\"https:\/\/www.sab.ch\/wp-content\/uploads\/2024\/11\/CP1226_SAB-logement_nov2024.pdf\">Des solutions pour loger les employ\u00e9s travaillant dans des communes touristiques (29.11.2024)<\/a><\/li>\n<li><a href=\"https:\/\/www.sab.ch\/wp-content\/uploads\/2024\/10\/CP1225_OAL-2024_oct2024.pdf\">Ordonnance sur l&rsquo;am\u00e9nagement du territoire &#8211; retour \u00e0 l&rsquo;exp\u00e9diteur ! (02.10.2024)<\/a><\/li>\n<li><a href=\"https:\/\/www.sab.ch\/wp-content\/uploads\/2024\/10\/MM1224_FactSheet-Digitalisierung-F.pdf\">Fiche d\u2019information \u00ab Quels sont les avantages de la num\u00e9risation pour l\u2019agriculture de montagne ? \u00bb (01.10.2024)<\/a><\/li>\n<li><a href=\"https:\/\/www.sab.ch\/wp-content\/uploads\/2024\/09\/CP-aide-suisse-a-la-montagne-laureats-Prix-Montagne-2024.pdf\">Prix Montagne 2024 (05.09.2024)<\/a><\/li>\n<li><a href=\"https:\/\/www.sab.ch\/wp-content\/uploads\/2024\/09\/CP1221_Journee-etude-SAB-2024_def.pdf\">Journ\u00e9e d&rsquo;\u00e9tude du SAB 2024: Le dialogue ville-campagne (02.09.2024)<\/a><\/li>\n<li><a href=\"https:\/\/www.sab.ch\/wp-content\/uploads\/2024\/08\/CP1220_AG-du-SAB-2024_fr_def-1.pdf\">Assembl\u00e9e g\u00e9n\u00e9rale du SAB 2024 (29.08.2024)<\/a><\/li>\n<li><a href=\"http:\/\/Prix Montagne 2024: voici les nomin\u00e9s\" data-wplink-url-error=\"true\">Prix Montagne 2024: voici les nomin\u00e9s (10.07.2024)<\/a><\/li>\n<li><a href=\"https:\/\/www.sab.ch\/wp-content\/uploads\/2024\/06\/CP1219_-RPT-2024-fr.pdf\">Le SAB demande des corrections du syst\u00e8me de la p\u00e9r\u00e9quation financi\u00e8re (27.06.2024)<\/a><\/li>\n<li><a href=\"https:\/\/www.sab.ch\/wp-content\/uploads\/2024\/06\/CP1218_Plan-action.pdf\">Les mesures f\u00e9d\u00e9rales en faveur des r\u00e9gions de montagne sont totalement insuffisantes (26.06.2024)<\/a><\/li>\n<li><a href=\"https:\/\/www.sab.ch\/wp-content\/uploads\/2024\/06\/CP1215-President.SAB_juin-2024.pdf\">Le conseiller national Pius Kaufmann nomm\u00e9 en tant que nouveau pr\u00e9sident du SAB (20.06.2024)<\/a><\/li>\n<li><a href=\"https:\/\/www.sab.ch\/wp-content\/uploads\/2024\/06\/Medienmitteilung_VernehmlassungRPV-2024.pdf\">Ordonnance sur l&rsquo;am\u00e9nagement du territoire &#8211; La Conf\u00e9d\u00e9ration ne doit pas se soustraire \u00e0 ses responsabilit\u00e9s (19.06.2024)<\/a><\/li>\n<li><a href=\"https:\/\/www.sab.ch\/wp-content\/uploads\/2024\/06\/Medienmitteilung_Landwirtschaftlicher-Zahlungsrahmen-2026-29.pdf\">Enveloppe financi\u00e8re agricole et d\u00e9veloppement de la politique agricole (19.06.2024)<\/a><\/li>\n<li><a href=\"https:\/\/www.sab.ch\/wp-content\/uploads\/2024\/06\/MM1214_Grundversorgung-Post-06-2024.pdf\">Modernisation du service postal universel (14.06.2024)<\/a><\/li>\n<li><a href=\"https:\/\/www.sab.ch\/wp-content\/uploads\/2024\/05\/CP.Poste_29_05_2024.pdf\">Pas de nouvelle r\u00e9duction des offices de postaux (29.05.2024)<\/a><\/li>\n<li><a href=\"https:\/\/www.sab.ch\/wp-content\/uploads\/2024\/04\/CP1212_SAB.09-06-2024-1.pdf\">Oui au d\u00e9veloppement des \u00e9nergies renouvelables (30.04.2024)<\/a><\/li>\n<li><a href=\"https:\/\/www.sab.ch\/wp-content\/uploads\/2024\/03\/CP-lancement-Prix-Montagne-2024.pdf\">Lancement du Prix Montagne 2024 (20.03.2024)<\/a><\/li>\n<li><a href=\"https:\/\/www.sab.ch\/wp-content\/uploads\/2024\/03\/CP_volontaires-montagne_30-ans-d-engagement-benevole.pdf\">Communiqu\u00e9 de presse 30 ans volontaires montagne (07.03.2024)<\/a><br \/>\n<a href=\"https:\/\/www.sab.ch\/wp-content\/uploads\/2024\/03\/Bergversetzer_02-scaled.jpg\">Photo 1<\/a><br \/>\n<a href=\"https:\/\/www.sab.ch\/wp-content\/uploads\/2024\/03\/Bergversetzer_01.jpg\">Photo 2<\/a><br \/>\n<a href=\"https:\/\/www.sab.ch\/wp-content\/uploads\/2024\/03\/CP_volontaires-montagne_30-ans_legendes.pdf\">L\u00e9gendes<\/a><\/li>\n<li><a href=\"https:\/\/www.sab.ch\/wp-content\/uploads\/2024\/02\/CP-Le-SAB-soutient-le-mandat-de-negociation-avec-l\u2018UE_16.02.2024.pdf\">Le SAB soutient le mandat de n\u00e9gociation avec l\u2018UE (16.02.2024)<\/a><\/li>\n<li><a href=\"https:\/\/www.sab.ch\/wp-content\/uploads\/2024\/02\/CP-penurie-de-logements-_13_02_2024.pdf\">La p\u00e9nurie de logements touche aussi de nombreuses communes de montagne (13.02.2024)<\/a><\/li>\n<li><a href=\"https:\/\/www.sab.ch\/wp-content\/uploads\/2024\/01\/CP1209-Digit-Service-public.pdf\">De nouvelles possibilit\u00e9s pour le service universel gr\u00e2ce \u00e0 la num\u00e9risation (19.01.2024)<\/a><\/li>\n<\/ul>\n<h2>2023<\/h2>\n<ul>\n<li><a href=\"https:\/\/www.sab.ch\/wp-content\/uploads\/2023\/11\/CP1208_-In.parl_.Bulliard_fr-1.pdf\">Le SAB salue une juste mesure pour soutenir la presse r\u00e9gionale (20.11.2023)<\/a><\/li>\n<li><a href=\"https:\/\/www.sab.ch\/wp-content\/uploads\/2023\/09\/CP1206-ord.chasse_29_09_2023.pdf\">Pour une mise en vigueur rapide de la nouvelle ordonnance sur la chasse (29.09.2023)<\/a><\/li>\n<li><a href=\"https:\/\/www.sab.ch\/wp-content\/uploads\/2023\/09\/CP-aide-suisse-a-la-montagne-laureat-Prix-Montagne-2023_def.pdf\">La filature de laine Vetsch remporte le Prix Montagne 2023 (07.09.2023)<\/a><\/li>\n<li><a href=\"https:\/\/www.sab.ch\/wp-content\/uploads\/2023\/08\/CP1205_AG-SAB-2023.pdf\">Communiqu\u00e9 de presse au sujet de l&rsquo;Assembl\u00e9e g\u00e9n\u00e9rale du SAB 2023 (24.08.2023)<\/a><\/li>\n<li><a href=\"https:\/\/www.sab.ch\/wp-content\/uploads\/2023\/07\/CP-projets-nomines-Prix-Montagne-2023.pdf\">Prix Montagne 2023: les projets nomin\u00e9s ont \u00e9t\u00e9 d\u00e9sign\u00e9s (12.07.2023)<\/a><\/li>\n<li><a href=\"https:\/\/www.sab.ch\/wp-content\/uploads\/2023\/05\/CP-Aide-suisse-a-la-montagne-nouveau-president-du-jury-du-Prix-Montagne.pdf\">Dario Cologna sera le nouveau pr\u00e9sident du jury du Prix Montagne (16.05.2023)<\/a><\/li>\n<li><a href=\"https:\/\/www.sab.ch\/wp-content\/uploads\/2023\/05\/CP-Developper-le-service-universel-de-la-Poste.pdf\">D\u00e9velopper le service universel de la Poste (02.05.2023)<\/a><\/li>\n<li><a href=\"https:\/\/www.sab.ch\/wp-content\/uploads\/2023\/04\/CP-Mag.de_.village.pdf\">Afin que les magasins de village en montagne aient un avenir (27.04.2023)<\/a><\/li>\n<li><a href=\"https:\/\/www.sab.ch\/wp-content\/uploads\/2023\/03\/CP-lancement-Prix-montagne-23.pdf\">Le Prix Montagne 2023 est lanc\u00e9 (21.03.2021)<\/a><\/li>\n<li><a href=\"https:\/\/www.sab.ch\/wp-content\/uploads\/2023\/02\/CP-18-06-2023.pdf\">Oui \u00e0 la loi sur le climat et \u00e0 la r\u00e9forme fiscale de l\u2019OCDE (23.02.2023)<\/a><\/li>\n<\/ul>\n<h2>2022<\/h2>\n<ul class=\"csc-uploads csc-uploads-0\">\n<li class=\"li-odd li-first csc-uploads-element csc-uploads-element-pdf\"><a href=\"https:\/\/www.sab.ch\/wp-content\/uploads\/2023\/02\/CP1201_residences-secondaires_def.pdf\">Un premier pas vers la r\u00e9vision de la l\u00e9gislation sur les r\u00e9sidences secondaires (03.11.2022)<\/a><\/li>\n<li class=\"li-even csc-uploads-element csc-uploads-element-pdf\"><a href=\"https:\/\/www.sab.ch\/wp-content\/uploads\/2023\/08\/CP1200_Developpement-des-infrastructures-de-transport-egalement-pour-les-regions-de-montagne.pdf\">D\u00e9veloppement des infrastructures de transport &#8211; \u00e9galement pour les r\u00e9gions de montagne (04.10.2022)<\/a><\/li>\n<li class=\"li-odd csc-uploads-element csc-uploads-element-pdf\"><a href=\"https:\/\/www.sab.ch\/wp-content\/uploads\/2023\/02\/Communique-de-presse-laureat-Prix-Montagne-22.pdf\">Palp Festival et Village\u00a0\u00bb remporte le Prix Montagne 2022 (06.09.2022)<\/a><\/li>\n<li class=\"li-even csc-uploads-element csc-uploads-element-pdf\"><a href=\"https:\/\/www.sab.ch\/wp-content\/uploads\/2023\/02\/La-journee-detude-du-SAB-dediee-aux-jeunes-_22_8.pdf\">CP journ\u00e9e d&rsquo;\u00e9tude du SAB (26.08.2022)<\/a><\/li>\n<li class=\"li-odd csc-uploads-element csc-uploads-element-pdf\"><a href=\"https:\/\/www.sab.ch\/wp-content\/uploads\/2023\/02\/CP.AG_.SAB_.22.pdf\">CP Assembl\u00e9e g\u00e9n\u00e9rale du SAB (25.08.2022)<\/a><\/li>\n<li class=\"li-even csc-uploads-element csc-uploads-element-pdf\"><a href=\"https:\/\/www.sab.ch\/wp-content\/uploads\/2023\/02\/Communique-de-presse-Prix-Montagne-nomines-2022_FR.pdf\">Prix Montagne 2022 : les nomin\u00e9s (13.07.2022)<\/a><\/li>\n<li class=\"li-odd csc-uploads-element csc-uploads-element-pdf\"><a href=\"https:\/\/www.sab.ch\/wp-content\/uploads\/2023\/02\/CP-1198-BIZ2022_f.pdf\">Le coronavirus a provoqu\u00e9 un renversement de tendance au niveau du d\u00e9veloppement des r\u00e9gions de montagne (06.07.2022)<\/a><\/li>\n<li class=\"li-even csc-uploads-element csc-uploads-element-pdf\"><a href=\"https:\/\/www.sab.ch\/wp-content\/uploads\/2023\/02\/CP1197-postulat-agri.pdf\">Rapport du Conseil f\u00e9d\u00e9ral: une approche globale de la politique agricole(23.06.2022)<\/a><\/li>\n<li class=\"li-odd csc-uploads-element csc-uploads-element-pdf\"><a href=\"https:\/\/www.sab.ch\/wp-content\/uploads\/2023\/02\/CP1196_initiative.elevage-fr.pdf\">Non \u00e0 l\u2019initiative sur l\u2019\u00e9levage intensif (22.06.2022)<\/a><\/li>\n<li class=\"li-even csc-uploads-element csc-uploads-element-pdf\"><a href=\"https:\/\/www.sab.ch\/wp-content\/uploads\/2023\/02\/CP1195_service-universel-dInternet.pdf\">Pas de soci\u00e9t\u00e9 \u00e0 deux vitesses pour le service universel d&rsquo;Internet (24.03.2022)<\/a><\/li>\n<li class=\"li-odd csc-uploads-element csc-uploads-element-pdf\"><a href=\"https:\/\/www.sab.ch\/wp-content\/uploads\/2023\/02\/CP_lancement-du-Prix-Montagne-2022_FR.pdf\">Lancement du Prix Montagne 2022 (17.03.2022)<\/a><\/li>\n<li class=\"li-even csc-uploads-element csc-uploads-element-pdf\"><a href=\"https:\/\/www.sab.ch\/wp-content\/uploads\/2023\/02\/CP_Dix-ans-apres-linitiative-sur-les-residences-secondaires-.pdf\">Dix ans apr\u00e8s l\u2019initiative sur les r\u00e9sidences secondaires (11.03.2022)<\/a><\/li>\n<li class=\"li-odd csc-uploads-element csc-uploads-element-pdf\"><a href=\"https:\/\/www.sab.ch\/wp-content\/uploads\/2023\/02\/CP1193_service-universel-postal.pdf\">Pas de nouveau d\u00e9mant\u00e8lement du service universel postal (24.02.2022)<\/a><\/li>\n<li class=\"li-even csc-uploads-element csc-uploads-element-pdf\"><a href=\"\/wp-content\/uploads\/2022\/11\/210131_Appell_Randregionen_fu__r_ein_JA_zum_Medienpaket_am_13._Februar.pdf\">Appel d\u2019urgence: les r\u00e9gions rurales et alpines invitent \u00e0 voter OUI au train de mesures en faveur des m\u00e9dias (01.02.2022)<\/a><\/li>\n<li class=\"li-odd csc-uploads-element csc-uploads-element-pdf\"><a href=\"https:\/\/www.sab.ch\/wp-content\/uploads\/2023\/02\/CP1191_Une-rapide-revision-de-la-loi-sur-la-chasse-simpose.pdf\">Une rapide r\u00e9vision de la loi sur la chasse s&rsquo;impose (18.01.2022)<\/a><\/li>\n<li class=\"li-odd csc-uploads-element csc-uploads-element-pdf\"><a href=\"https:\/\/www.sab.ch\/wp-content\/uploads\/2023\/02\/Communique-de-presse-SAB-medias-def.pdf\">Le SAB soutient le train de mesures en faveur des m\u00e9dias (10.01.2022)<\/a><\/li>\n<\/ul>\n<h2>2021<\/h2>\n<ul class=\"csc-uploads csc-uploads-0\">\n<li class=\"li-odd li-first csc-uploads-element csc-uploads-element-pdf\"><a href=\"https:\/\/www.sab.ch\/wp-content\/uploads\/2023\/08\/Des-villages-de-montagne-se-transforment-en-villages-intelligents-.pdf\">Des villages de montagne se transforment en \u00ab villages intelligents \u00bb (16.11.2021)<\/a><\/li>\n<li class=\"li-even csc-uploads-element csc-uploads-element-pdf\"><a href=\"https:\/\/www.sab.ch\/wp-content\/uploads\/2023\/08\/Le-SAB-soutient-la-loi-Covid-19.pdf\">Le SAB soutient la loi Covid-19 (14.10.2021)<\/a><\/li>\n<li class=\"li-odd csc-uploads-element csc-uploads-element-pdf\"><a href=\"https:\/\/www.sab.ch\/wp-content\/uploads\/2023\/08\/CP-PM-Gagnants-2021.pdf\">Le fabricant de skis appenzellois Timbaer remporte le Prix Montagne 2021 (07.09.2021)<\/a><\/li>\n<li class=\"li-even csc-uploads-element csc-uploads-element-pdf\"><a href=\"https:\/\/www.sab.ch\/wp-content\/uploads\/2023\/08\/CP_Renforcer-les-regions-de-montagne-26.08.2021.pdf\">Renforcer les r\u00e9gions de montagne et mieux communiquer leurs potentiels (26.08.2021)<\/a><\/li>\n<li class=\"li-odd csc-uploads-element csc-uploads-element-pdf\"><a href=\"\/wp-content\/uploads\/2022\/11\/21_Labeluebergabe_Unterschaechen_.pdf\">Untersch\u00e4chen devient une \u00ab Commune de montagne \u2013 La jeunesse, notre avenir\u00bb (25.08.2021)<\/a><\/li>\n<li class=\"li-even csc-uploads-element csc-uploads-element-pdf\"><a href=\"https:\/\/www.sab.ch\/wp-content\/uploads\/2023\/08\/CP-Prix-Montagnes-Nomines-2021.pdf\">Prix Montagne 2021 : les nomin\u00e9s (14.07.2021)<\/a><\/li>\n<li class=\"li-odd csc-uploads-element csc-uploads-element-pdf\"><a href=\"https:\/\/www.sab.ch\/wp-content\/uploads\/2023\/08\/CP-Postfinance-Botschaft_fr-def.pdf\">Postfinance : le projet du Conseil f\u00e9d\u00e9ral affaiblit la Poste (30.06.201)<\/a><\/li>\n<li class=\"li-even csc-uploads-element csc-uploads-element-pdf\"><a href=\"https:\/\/www.sab.ch\/wp-content\/uploads\/2023\/08\/CP-chasse_30.06.2021.pdf\">Le Conseil f\u00e9d\u00e9ral n&rsquo;exploite pas suffisamment sa marge de man\u0153uvre li\u00e9e \u00e0 l&rsquo;ordonnance sur la chasse (30.06.2021)<\/a><\/li>\n<li class=\"li-odd csc-uploads-element csc-uploads-element-pdf\"><a href=\"\/wp-content\/uploads\/2022\/11\/MM_Tourismus_im_Weidegebiet__Empfehlungen.pdf\">La pr\u00e9sence du loup n\u00e9cessite une plus grande coop\u00e9ration entre les secteurs touristiques et agricoles (31.05.2021)<\/a><\/li>\n<li class=\"li-even csc-uploads-element csc-uploads-element-pdf\"><a href=\"https:\/\/www.sab.ch\/wp-content\/uploads\/2023\/08\/CP-La-legislation-sur-les-residences-secondaires-_12.05.2021.pdf\">La l\u00e9gislation sur les r\u00e9sidences secondaires doit \u00eatre r\u00e9vis\u00e9e (12.05.2021)<\/a><\/li>\n<li class=\"li-odd csc-uploads-element csc-uploads-element-pdf\"><a href=\"\/wp-content\/uploads\/2022\/11\/MM_Covid-19_Gesetz_22.03.2021.pdf\">Les r\u00e9gions de montagne rejettent les deux initiatives phytosanitaires jug\u00e9es trop extr\u00eames et disent Oui \u00e0 la loi sur le CO2 et \u00e0 la loi sur la Covid-19 (22.03.2021)<\/a><\/li>\n<li class=\"li-even csc-uploads-element csc-uploads-element-pdf\"><a href=\"https:\/\/www.sab.ch\/wp-content\/uploads\/2023\/08\/CP-Annonce-du-Prix-Montagne-2021.pdf\">Prix Montagne 2021: Des entreprises de montagne \u00e0 succ\u00e8s sont recherch\u00e9es (18.03.2021)<\/a><\/li>\n<li class=\"li-odd csc-uploads-element csc-uploads-element-pdf\"><a href=\"\/wp-content\/uploads\/2022\/11\/21_MM_Jugendforum_d.pdf\">Les jeunes des villages de montagne ont besoin de logements adapt\u00e9s (13.03.2021)<\/a><\/li>\n<li class=\"li-even csc-uploads-element csc-uploads-element-pdf\"><a href=\"\/wp-content\/uploads\/2022\/11\/MM_SAB_Corona-Wirtschaftshilfe_14.01.2021.pdf\">Corona-Wirtschaftshilfe muss weiter ausgebaut werden (14.01.2021)<\/a><\/li>\n<\/ul>\n<h2>2020<\/h2>\n<ul class=\"csc-uploads csc-uploads-0\">\n<li class=\"li-odd li-first csc-uploads-element csc-uploads-element-pdf\"><a href=\"\/wp-content\/uploads\/2022\/11\/MM_PM_Gewinner_2020.pdf\">\u00abcommunicaziun.ch\u00bb remporte le Prix Montagne 2020 (10.12.2020)<\/a><\/li>\n<li class=\"li-even csc-uploads-element csc-uploads-element-pdf\"><a href=\"\/wp-content\/uploads\/2022\/11\/SmartVillages_policyConferenceMMdt_def.pdf\">Smart villages: quelle politique pour promouvoir les villages intelligents? (10.11.2020) (10.11.2020)<\/a><\/li>\n<li class=\"li-odd csc-uploads-element csc-uploads-element-pdf\"><a href=\"\/wp-content\/uploads\/2022\/11\/MM_Tagung_Innovation_im_Tourismus.pdf\">L\u2019innovation touristique \u2013 plus importante que jamais ! (16.10.2020) (16.10.2020)<\/a><\/li>\n<li class=\"li-even csc-uploads-element csc-uploads-element-pdf\"><a href=\"\/wp-content\/uploads\/2022\/11\/MM_PM_Nominierte_2020_DE.pdf\">Prix Montagne 2020: six entreprises nomin\u00e9s (13.10.2020)<\/a><\/li>\n<li class=\"li-odd csc-uploads-element csc-uploads-element-pdf\"><a href=\"\/wp-content\/uploads\/2022\/11\/MM_Aufruf_Bewerbung_14.09.2020.pdf\">A la recherche de villages de montagne promouvant la jeunesse (14.09.2020)<\/a><\/li>\n<li class=\"li-even csc-uploads-element csc-uploads-element-pdf\"><a href=\"\/wp-content\/uploads\/2022\/11\/2020_Labelvergabe_d.pdf\">Cinq communes r\u00e9compens\u00e9es pour leur engagement envers les jeunes (27.08.2020)<\/a><\/li>\n<li class=\"li-odd csc-uploads-element csc-uploads-element-pdf\"><a href=\"\/wp-content\/uploads\/2022\/11\/MM1180_GV_SAB_vom_27.08.2020.pdf\">La Conseill\u00e8re nationale Christine Badertscher (PES\/BE) fait son entr\u00e9e au Comit\u00e9 du SAB (27.08.2020)<\/a><\/li>\n<li class=\"li-even csc-uploads-element csc-uploads-element-pdf\"><a href=\"\/wp-content\/uploads\/2022\/11\/MM1179_Begrenzungsinitiative_11.08.2020.pdf\">L\u2019initiative de limitation porte pr\u00e9judice aux r\u00e9gions de montagnes (11.08.2020)<\/a><\/li>\n<li class=\"li-odd csc-uploads-element csc-uploads-element-pdf\"><a href=\"\/wp-content\/uploads\/2022\/11\/MM_Kommunale_Infrastruktur_def.pdf\">Les communes de montagne font preuve d\u2019innovation dans la gestion de leurs infrastructures (15.07.2020)<\/a><\/li>\n<li class=\"li-even csc-uploads-element csc-uploads-element-pdf\"><a href=\"\/wp-content\/uploads\/2022\/11\/20200713_CP_Vaudoise__bergversetzer.pdf\">Communiqu\u00e9 de presse la Vaudoise\/volontaires montagne (13.07.2020)<\/a><\/li>\n<li class=\"li-odd csc-uploads-element csc-uploads-element-pdf\"><a href=\"\/wp-content\/uploads\/2022\/11\/MM_Postfinance_07.07.2020.pdf\">Le SAB aide les r\u00e9gions de montagnes et rurales \u00e0 relever leurs d\u00e9fis (07.07.2020)<\/a><\/li>\n<li class=\"li-even csc-uploads-element csc-uploads-element-pdf\"><a href=\"\/wp-content\/uploads\/2022\/11\/MM_Berggebiet_in_Zahlen_07.07.2020.pdf\">SAB unterst\u00fctzt Berggebiete und l\u00e4ndliche R\u00e4ume bei der Bew\u00e4ltigung ihrer Herausforderungen (07.07.2020)<\/a><\/li>\n<li class=\"li-odd csc-uploads-element csc-uploads-element-pdf\"><a href=\"\/wp-content\/uploads\/2022\/11\/MM_PM_Ausschreibung_2020_DE.pdf\">Le Prix Montagne f\u00eate ses dix ans (01.07.2020)<\/a><\/li>\n<li class=\"li-even csc-uploads-element csc-uploads-element-pdf\"><a href=\"\/wp-content\/uploads\/2022\/11\/Medienmitteilung_Forderungskatalog_SAB_zu_Corona.pdf\">Le SAB r\u00e9clame des mesures pour att\u00e9nuer les effets \u00e0 long terme de la crise du coronavirus (28.04.2020)<\/a><\/li>\n<li class=\"li-odd csc-uploads-element csc-uploads-element-pdf\"><a href=\"\/wp-content\/uploads\/2022\/11\/Medienmitteilung_5G_24.02.2020.pdf\">Un d\u00e9veloppement rapide de la 5G est dans l\u2019int\u00e9r\u00eat des r\u00e9gions de montagnes (24.04.2020)<\/a><\/li>\n<li class=\"li-even csc-uploads-element csc-uploads-element-pdf\"><a href=\"\/wp-content\/uploads\/2022\/11\/MM1174_AP22__13.02.2020.pdf\">Communiqu\u00e9 de presse du SAB au sujet de la PA22+ &#8211; en allemand (13.02.2020)<\/a><\/li>\n<li class=\"li-odd csc-uploads-element csc-uploads-element-pdf\"><a href=\"\/wp-content\/uploads\/2022\/11\/MM_neues_Jagdgesetz_Jan2020.pdf\">La nouvelle loi sur la chasse est au service des animaux, de la nature et de l\u2019homme (13.01.2020)<\/a><\/li>\n<\/ul>\n<h2>2019<\/h2>\n<ul class=\"csc-uploads csc-uploads-0\">\n<li class=\"li-odd li-first csc-uploads-element csc-uploads-element-pdf\"><a href=\"https:\/\/www.sab.ch\/wp-content\/uploads\/2023\/02\/CP1173_Initiative-sur-le-logement.pdf\">SAB lehnt Wohnraum-Initiative ab (19.12.2019)<\/a><\/li>\n<li class=\"li-even csc-uploads-element csc-uploads-element-pdf\"><a href=\"\/wp-content\/uploads\/2022\/11\/MM_25_Jahre_Bergversetzer_12.12.2019.pdf\">Les 25 ans de Volontaires Montagne : un pont entre la ville et la campagne (12.12.2019)<\/a><\/li>\n<li class=\"li-odd csc-uploads-element csc-uploads-element-pdf\"><a href=\"\/wp-content\/uploads\/2022\/11\/19_MM_Walliser_Jugendtreffen.pdf\">Communes de montagne &#8211; La jeunesse notre avenir: pemi\u00e8re rencontre valaisanne (30.11.2019)<\/a><\/li>\n<li class=\"li-even csc-uploads-element csc-uploads-element-pdf\"><a href=\"\/wp-content\/uploads\/2022\/11\/MM1172_wirtschaftliche_Entwicklung_13.11.2019.pdf\">Exploiter le potentiel \u00e9conomique des r\u00e9gions de montagne &#8211; en allemand (13.11.2019)<\/a><\/li>\n<li class=\"li-odd csc-uploads-element csc-uploads-element-pdf\"><a href=\"https:\/\/www.sab.ch\/wp-content\/uploads\/2023\/02\/CP1171def_loi-sur-la-chasse.pdf\">Les r\u00e9gions de montagnes soutiennent la nouvelle loi sur la chasse (08.10.2019)<\/a><\/li>\n<li class=\"li-even csc-uploads-element csc-uploads-element-pdf\"><a href=\"\/wp-content\/uploads\/2022\/11\/MM1170_SmartVillages_02.10.2019.pdf\">Le concept \u00ab\u00a0SmartVillages\u00a0\u00bb se concr\u00e9tisent dans les communes (uniquement disponible en allemand) (02.10.2019)<\/a><\/li>\n<li class=\"li-odd csc-uploads-element csc-uploads-element-pdf\"><a href=\"https:\/\/www.sab.ch\/wp-content\/uploads\/2023\/02\/MM1169_villages-de-montagne-promouvant-la-jeunesse.pdf\">A la recherche de villages de montagne promouvant la jeunesse (16.09.2019)<\/a><\/li>\n<li class=\"li-even csc-uploads-element csc-uploads-element-pdf\"><a href=\"https:\/\/www.sab.ch\/wp-content\/uploads\/2023\/08\/CP-gagnants-Prix-Montagne-2019.pdf\">La soci\u00e9t\u00e9 jurassienne Geosatis laur\u00e9ate du Prix Montagne 2019 (04.09.2019)<\/a><\/li>\n<li class=\"li-odd csc-uploads-element csc-uploads-element-pdf\"><a href=\"https:\/\/www.sab.ch\/wp-content\/uploads\/2023\/02\/CP1168_Bonnes-infrastructures_02.09.2019.pdf\">De bonnes infrastructures: un investissement pour l&rsquo;avenir (02.09.2019)<\/a><\/li>\n<li class=\"li-even csc-uploads-element csc-uploads-element-pdf\"><a href=\"https:\/\/www.sab.ch\/wp-content\/uploads\/2023\/02\/CP1167_Renforcer-lagriculture-de-montagne.pdf\">Renforcer l&rsquo;agriculture de montagne (29.08.2019)<\/a><\/li>\n<li class=\"li-odd csc-uploads-element csc-uploads-element-pdf\"><a href=\"https:\/\/www.sab.ch\/wp-content\/uploads\/2023\/02\/CP1166_residences-secondaires_20.08.2019.pdf\">L\u00e9gislation sur les r\u00e9sidences secondaires \u2013 il est n\u00e9cessaire d&rsquo;agir (20.08.2019)<\/a><\/li>\n<li class=\"li-even csc-uploads-element csc-uploads-element-pdf\"><a href=\"https:\/\/www.sab.ch\/wp-content\/uploads\/2023\/08\/CP-nomines-Prix-Montagne-2019-FR.pdf\">Six projets nomin\u00e9s pour le Prix Montagne 2019 (16.07.2019)<\/a><\/li>\n<li class=\"li-odd csc-uploads-element csc-uploads-element-pdf\"><a href=\"\/wp-content\/uploads\/2022\/11\/MM_Eigenmietwert__13.05.2019_def.pdf\">Le SAB soutient la suppression de la valeur locative (13.05.2019)<\/a><\/li>\n<li class=\"li-even csc-uploads-element csc-uploads-element-pdf\"><a href=\"\/wp-content\/uploads\/2022\/11\/Jugendliche_setzen_sich_in_Bern_fuer_die_Bergdoerfer_ein__13.05.2019_.pdf\">Des jeunes s\u2019engagent pour leur village de montagne (11.05.2019)<\/a><\/li>\n<li class=\"li-odd csc-uploads-element csc-uploads-element-pdf\"><a href=\"https:\/\/www.sab.ch\/wp-content\/uploads\/2023\/02\/CP1164_ST-du-SAB_01.04.2019.pdf\">Des changements dans la continuit\u00e9 au sein de la Section technique du SAB (01.04.2019)<\/a><\/li>\n<li class=\"li-even csc-uploads-element csc-uploads-element-pdf\"><a href=\"https:\/\/www.sab.ch\/wp-content\/uploads\/2023\/02\/MM1162_loi-sur-les-armes_19.03.2019_def.pdf\">Le rejet de la r\u00e9vision de la loi sur les armes p\u00e9naliserait le tourisme suisse (19.03.2019)<\/a><\/li>\n<li class=\"li-even csc-uploads-element csc-uploads-element-pdf\"><a href=\"https:\/\/www.sab.ch\/wp-content\/uploads\/2023\/08\/CP-1-PrixMontagne-19-FR.pdf\">Prix Montagne 2019: Les candidatures sont ouvertes (13.03.2019)<\/a><\/li>\n<li class=\"li-odd csc-uploads-element csc-uploads-element-pdf\"><a href=\"https:\/\/www.sab.ch\/wp-content\/uploads\/2023\/02\/CP_PA22_04.03.2019.pdf\">Politique agricole 2022+ : une r\u00e9vision comprenant des aspects positifs pour les r\u00e9gions de montagnes (04.03.2019)<\/a><\/li>\n<li class=\"li-even csc-uploads-element csc-uploads-element-pdf\"><a href=\"https:\/\/www.sab.ch\/wp-content\/uploads\/2023\/02\/CP1160_message-promotion-economique_22.02.2019.pdf\">Le SAB soutient le message sur la promotion \u00e9conomique (22.02.2019)<\/a><\/li>\n<li class=\"li-odd csc-uploads-element csc-uploads-element-pdf\"><a href=\"https:\/\/www.sab.ch\/wp-content\/uploads\/2023\/02\/CP1159.29.01.2019.pdf\">Pas d\u2019ouverture totale du march\u00e9 de l\u2019\u00e9lectricit\u00e9 sans conna\u00eetre ses effets ! (29.01.2019)<\/a><\/li>\n<li class=\"li-even csc-uploads-element csc-uploads-element-pdf\"><a href=\"https:\/\/www.sab.ch\/wp-content\/uploads\/2023\/02\/CP1158_mitage_08.01.2019.pdf\">L&rsquo;initiative sur le mitage est \u00e0 la fois nocive et superflue (08.01.2019)<\/a><\/li>\n<\/ul>\n<h2>2018<\/h2>\n<ul class=\"csc-uploads csc-uploads-0\">\n<li><a href=\"https:\/\/www.sab.ch\/wp-content\/uploads\/2023\/08\/CP1157_-ARPAF-Le-Locle_16.11.2018.pdf\">A la recherche de solutions pour le trafic pendulaire transfrontalier (16.11.2018)<\/a><\/li>\n<li class=\"li-odd li-first csc-uploads-element csc-uploads-element-pdf\"><a href=\"https:\/\/www.sab.ch\/wp-content\/uploads\/2023\/08\/CP1156_agriculturedemontagne_14.112018.pdf\">L&rsquo;agriculture de montagne a besoin de conditions cadres adapt\u00e9es (14.11.2018)<\/a><\/li>\n<li class=\"li-even csc-uploads-element csc-uploads-element-pdf\"><a href=\"\/wp-content\/uploads\/2022\/11\/MM1155_elektronische_Medien_11.10.2018.pdf\">La loi f\u00e9d\u00e9rale sur les m\u00e9dias \u00e9lectroniques ne tient pas les promesses faites lors de la votation sur No Billag (11.10.2018)<\/a><\/li>\n<li class=\"li-odd csc-uploads-element csc-uploads-element-pdf\"><a href=\"https:\/\/www.sab.ch\/wp-content\/uploads\/2023\/08\/CP-gagnants-Prix-Montagne-2018.pdf\">\u00abLa Conditoria\u00bb de Sedrun remporte le Prix Montagne 2018 (05.09.2018)<\/a><\/li>\n<li class=\"li-even csc-uploads-element csc-uploads-element-pdf\"><a href=\"\/wp-content\/uploads\/2022\/11\/2018_08_31_Berggebietsevent_Medienmitteilung.pdf\">Communiqu\u00e9 de presse au sujet de la Journ\u00e9e de la montagne avec le 4\u00e8me March\u00e9 des parcs suisses (31.08.2018) <\/a><\/li>\n<li class=\"li-odd csc-uploads-element csc-uploads-element-pdf\"><a href=\"https:\/\/www.sab.ch\/wp-content\/uploads\/2023\/08\/CP1153_-75.-GV-SAB.pdf\">Communiqu\u00e9 de presse au sujet de l&rsquo;Assembl\u00e9e g\u00e9n\u00e9rale du SAB (30.08.2018)<\/a><\/li>\n<li class=\"li-even csc-uploads-element csc-uploads-element-pdf\"><a href=\"https:\/\/www.sab.ch\/wp-content\/uploads\/2023\/08\/MM1152_tourisme-de-montagne_06.07.2018.pdf\">Le tourisme de montagne trop important pour faillir (06.07.2018)<\/a><\/li>\n<li class=\"li-odd csc-uploads-element csc-uploads-element-pdf\"><a href=\"https:\/\/www.sab.ch\/wp-content\/uploads\/2023\/08\/CP1151_votations-du-23-septembre_05.07.2018.pdf\">Recommandations de vote pour la consultation populaire du 23 septembre 2018 (05.07.2018)<\/a><\/li>\n<li class=\"li-even csc-uploads-element csc-uploads-element-pdf\"><a href=\"https:\/\/www.sab.ch\/wp-content\/uploads\/2023\/08\/CP1150_reseau-postal-27.06.2018.pdf\">Le SAB salue la rapide r\u00e9action du Conseil f\u00e9d\u00e9ral (27.06.20118)<\/a><\/li>\n<li class=\"li-odd csc-uploads-element csc-uploads-element-pdf\"><a href=\"\/wp-content\/uploads\/2022\/11\/MM1149_Smart_Villages_07.06.2018-def.pdf\">CP Smart Villages (07.06.2018), en allemand<\/a><\/li>\n<li class=\"li-even csc-uploads-element csc-uploads-element-pdf\"><a href=\"\/wp-content\/uploads\/2022\/11\/MM1148_EntscheidWasserzins_23.05.2018.pdf\">Le SAB salue la d\u00e9cision du Conseil f\u00e9d\u00e9ral sur la redevance hydraulique (23.05.2018), en allemand<\/a><\/li>\n<li class=\"li-odd csc-uploads-element csc-uploads-element-pdf\"><a href=\"https:\/\/www.sab.ch\/wp-content\/uploads\/2023\/08\/CP1147_reseau-postal_16.05.2018.pdf\">Am\u00e9liorer rapidement l&rsquo;accessibilit\u00e9 du r\u00e9seau d&rsquo;offices de poste (16.05.2018)<\/a><\/li>\n<li class=\"li-even csc-uploads-element csc-uploads-element-pdf\"><a href=\"https:\/\/www.sab.ch\/wp-content\/uploads\/2023\/08\/CP75-ans-SAB.pdf\">Communiqu\u00e9 de presse au sujet de \u00ab\u00a075 ans SAB\u00a0\u00bb (02.03.2018) <\/a><\/li>\n<li class=\"li-odd csc-uploads-element csc-uploads-element-pdf\"><a href=\"https:\/\/www.sab.ch\/wp-content\/uploads\/2023\/08\/CP-seminaire-tourisme_25.01.2018.pdf\">Des solutions pour sortir le tourisme de la crise (25.01.2018)<\/a><\/li>\n<li class=\"li-even csc-uploads-element csc-uploads-element-pdf\"><a href=\"https:\/\/www.sab.ch\/wp-content\/uploads\/2023\/08\/CP_No-Billag_19.01.2018_fr.pdf\">Les r\u00e9gions de montagne rejettent \u00ab No-Billag \u00bb (19.01.2018)<\/a><\/li>\n<\/ul>\n<h2>2017<\/h2>\n<ul class=\"csc-uploads csc-uploads-0\">\n<li class=\"li-odd li-first csc-uploads-element csc-uploads-element-pdf\"><a href=\"https:\/\/www.sab.ch\/wp-content\/uploads\/2023\/02\/CP1144_infrastrucureferroviare_18.12.2017.pdf\">Le projet d\u2019am\u00e9nagement de l\u2019infrastructure ferroviaire jug\u00e9 insuffisant (18.12.2107)<\/a><\/li>\n<li class=\"li-even csc-uploads-element csc-uploads-element-pdf\"><a href=\"https:\/\/www.sab.ch\/wp-content\/uploads\/2023\/02\/CP1143_-Politique-agricole-2022_7.12.2017.pdf\">Politique agricole: les propositions du Conseil f\u00e9d\u00e9ral vont dans la mauvaise direction (07.12.2017)<\/a><\/li>\n<li class=\"li-odd csc-uploads-element csc-uploads-element-pdf\"><a href=\"https:\/\/www.sab.ch\/wp-content\/uploads\/2023\/02\/CP1142_Medias_10novembre.pdf\">La diversit\u00e9 des m\u00e9dias menac\u00e9e dans les r\u00e9gions de montagne (27.10.2017)<\/a><\/li>\n<li class=\"li-even csc-uploads-element csc-uploads-element-pdf\"><a href=\"https:\/\/www.sab.ch\/wp-content\/uploads\/2023\/08\/MM1141_Ausbauschritt-2035_29.09.2017.pdf\">Les r\u00e9gions de montagne jugent l&rsquo;\u00e9tape d&rsquo;am\u00e9nagement 2035 insuffisante (29.09.2017), en allemand<\/a><\/li>\n<li class=\"li-odd csc-uploads-element csc-uploads-element-pdf\"><a href=\"https:\/\/www.sab.ch\/wp-content\/uploads\/2023\/02\/CP1140_Communes_Label_25.08.2017.pdf\">Le SAB honore huit communes pour leur engagement en faveur de la jeunesse (25.08.2017)<\/a><\/li>\n<li class=\"li-even csc-uploads-element csc-uploads-element-pdf\"><a href=\"https:\/\/www.sab.ch\/wp-content\/uploads\/2023\/02\/CP1139_infrastructuresdigitales_24.08.2017.pdf\">Le SAB demande une rapide extension des infrastructures digitales \u00e0 haut d\u00e9bit (24.08.2017)<\/a><\/li>\n<li class=\"li-odd csc-uploads-element csc-uploads-element-pdf\"><a href=\"https:\/\/www.sab.ch\/wp-content\/uploads\/2023\/02\/CP1138_LAT-et-redevance-hydraulique_24.08.2017.pdf\">Le SAB s&rsquo;oppose \u00e0 une baisse de la redevance hydraulique et \u00e0 la r\u00e9vision de la loi sur l&rsquo;am\u00e9nagement du territoire (24.08.2017)<\/a><\/li>\n<li class=\"li-even csc-uploads-element csc-uploads-element-pdf\"><a href=\"\/wp-content\/uploads\/2022\/11\/MM_SAB_SAC_SAV_dt_24.08..pdf\">Les associations alpines et Swisscom concluent un partenariat afin de raccorder les alpages et les cabanes du SAC (24.08.2017)<\/a><\/li>\n<li class=\"li-odd csc-uploads-element csc-uploads-element-pdf\"><a href=\"https:\/\/www.sab.ch\/wp-content\/uploads\/2023\/02\/CP1137_securitealimentaire.pdf\">Les r\u00e9gions de montagne contribuent \u00e0 la s\u00e9curit\u00e9 alimentaire (18.08.2017)<\/a><\/li>\n<li class=\"li-even csc-uploads-element csc-uploads-element-pdf\"><a href=\"\/wp-content\/uploads\/2022\/11\/MM1136_administrativeLasten.pdf\">Le SAB combat les charges administratives pour les r\u00e9gions de montagnes (04.07.2017)<\/a><\/li>\n<li class=\"li-odd csc-uploads-element csc-uploads-element-pdf\"><a href=\"\/wp-content\/uploads\/2022\/11\/MM1135_LexKoller_29.06.2017.pdf\">Le SAB s&rsquo;oppose au durcissement de la Lex Koller (29.06.2017)<\/a><\/li>\n<li class=\"li-even csc-uploads-element csc-uploads-element-pdf\"><a href=\"https:\/\/www.sab.ch\/wp-content\/uploads\/2023\/02\/CP1134_TEgger-Conseiller-national.pdf\">Le SAB f\u00e9licite son directeur pour sa nomination au sein du Conseil national (15.06.2017)<\/a><\/li>\n<li class=\"li-odd csc-uploads-element csc-uploads-element-pdf\"><a href=\"https:\/\/www.sab.ch\/wp-content\/uploads\/2023\/08\/PM1133_Poststellennetz_Mai2017.pdf\">Le SAB salue le signal envoy\u00e9 par le Conseil national en faveur du r\u00e9seau postal (30.05.2017), en allemand<\/a><\/li>\n<li class=\"li-even csc-uploads-element csc-uploads-element-pdf\"><a href=\"https:\/\/www.sab.ch\/wp-content\/uploads\/2023\/02\/CP1132_Energiestrategiefr.pdf\">Le SAB approuve la Strat\u00e9gie \u00e9nerg\u00e9tique 2050 (28.03.2017)<\/a><\/li>\n<li class=\"li-odd csc-uploads-element csc-uploads-element-pdf\"><a href=\"\/wp-content\/uploads\/2022\/11\/PM1131_Lex_Koller_10.03.2017.pdf\">Non \u00e0 un durcissement inutile de la Lex Koller (uniquement disponible en allemand) (10.03.2017) (10.03.2017)<\/a><\/li>\n<li class=\"li-even csc-uploads-element csc-uploads-element-pdf\"><a href=\"https:\/\/www.sab.ch\/wp-content\/uploads\/2023\/02\/CP1130_Digitalisation_02.03.2017.pdf\">Communiqu\u00e9 de presse au sujet du document de position \u00ab\u00a0Digitalisation \u00a0\u00bb (02.03.2017)<\/a><\/li>\n<li class=\"li-odd csc-uploads-element csc-uploads-element-pdf\"><a href=\"https:\/\/www.sab.ch\/wp-content\/uploads\/2023\/02\/CP1129_INTESI_def.pdf\">Pas de d\u00e9mant\u00e8lement du service universel (30.01.2017)<\/a><\/li>\n<li class=\"li-even csc-uploads-element csc-uploads-element-pdf\"><a href=\"https:\/\/www.sab.ch\/wp-content\/uploads\/2023\/02\/CP1128_poste_fev2017.pdf\">Stopper la transformation du r\u00e9seau postal (22.02.2017)<\/a><\/li>\n<li class=\"li-odd csc-uploads-element csc-uploads-element-pdf\"><a href=\"https:\/\/www.sab.ch\/wp-content\/uploads\/2023\/02\/CP1127_serviceuniversel_janvier2017.pdf\">Pas de d\u00e9mant\u00e8lement du service universel (30.01.2017)<\/a><\/li>\n<li class=\"li-even csc-uploads-element csc-uploads-element-pdf\"><a href=\"https:\/\/www.sab.ch\/wp-content\/uploads\/2023\/02\/CP1126_regionsdeprimes_13.01.2017.pdf\">Le SAB rejette le nouveau d\u00e9coupage des r\u00e9gions de primes (13.01.2017)<\/a><\/li>\n<li class=\"li-odd csc-uploads-element csc-uploads-element-pdf\"><a href=\"https:\/\/www.sab.ch\/wp-content\/uploads\/2023\/02\/CP1125_Forta-janvier-2017.pdf\">Le SAB recommande d\u2019accepter le FORTA (10.01.2017)<\/a><\/li>\n<\/ul>\n<h2>2016<\/h2>\n<ul class=\"csc-uploads csc-uploads-0\">\n<li class=\"li-odd li-first csc-uploads-element csc-uploads-element-pdf\"><a href=\"https:\/\/www.sab.ch\/wp-content\/uploads\/2023\/08\/CP1124_reformeimp_21.12.2016.pdf\">Le SAB soutient la r\u00e9forme de l\u2019imposition des entreprises III (21.12.2016)<\/a><\/li>\n<li class=\"li-even csc-uploads-element csc-uploads-element-pdf\"><a href=\"https:\/\/www.sab.ch\/wp-content\/uploads\/2023\/08\/CP1121_Fluehli-Soerenberg-sengage-en-faveur-de-ses-jeunes-.pdf\">CP Fl\u00fchli-S\u00f6renberg s&rsquo;engage en faveur des jeunes (30.08.2016)\u00a0<\/a><\/li>\n<li class=\"li-odd csc-uploads-element csc-uploads-element-pdf\"><a href=\"https:\/\/www.sab.ch\/wp-content\/uploads\/2023\/08\/CP1120_resolution-SAB.doc.pdf\">CP journ\u00e9e d&rsquo;\u00e9tude du SAB resolution (26.08.2016)<\/a><\/li>\n<li class=\"li-even csc-uploads-element csc-uploads-element-pdf\"><a href=\"https:\/\/www.sab.ch\/wp-content\/uploads\/2023\/08\/CP1119_Assemblee-generale-2016-fr.pdf\">Christine Bulliard-Marbach: premi\u00e8re pr\u00e9sidente du SAB (25.08.2016)<\/a><\/li>\n<li class=\"li-odd csc-uploads-element csc-uploads-element-pdf\"><a href=\"https:\/\/www.sab.ch\/wp-content\/uploads\/2023\/08\/PM1118_economieverte_aout2016.pdf\">CP:economie verte (10.08.2016)<\/a><\/li>\n<li class=\"li-even csc-uploads-element csc-uploads-element-pdf\"><a href=\"https:\/\/www.sab.ch\/wp-content\/uploads\/2023\/08\/PM1117_infrastructures-performantes.pdf\">L\u2019\u00e9conomie des r\u00e9gions de montagne a besoin d\u2019infrastructures performantes (05.07.2016)<\/a><\/li>\n<li class=\"li-odd csc-uploads-element csc-uploads-element-pdf\"><a href=\"\/wp-content\/uploads\/2022\/11\/Medienmitteilung_Seilbahntagung_2016.pdf\">Remont\u00e9es m\u00e9caniques: les voies pour sortir de la crise (21.04.2016) (21.04.2016)<\/a><\/li>\n<li class=\"li-even csc-uploads-element csc-uploads-element-pdf\"><a href=\"\/wp-content\/uploads\/2022\/11\/MM_Service_public_de.pdf\">Lancement de la campagne contre l\u2019initiative populaire trompeuse \u00ab ProServicePublic \u00bb (11.04.2016)<\/a><\/li>\n<li class=\"li-odd csc-uploads-element csc-uploads-element-pdf\"><a href=\"\/wp-content\/uploads\/2022\/11\/160225_Gemeinsame_Mediemitteilung_fuer_RiskG_d.pdf\">CP:Les organisations de la branche souhaitent le maintien de la loi sur les activit\u00e9s \u00e0 risque (26.02.2106)<\/a><\/li>\n<li class=\"li-even csc-uploads-element csc-uploads-element-pdf\"><a href=\"https:\/\/www.sab.ch\/wp-content\/uploads\/2023\/08\/PM1116_avril2016.pdf\">Le SAB rejette l\u2019initiative \u00ab vache \u00e0 lait \u00bb(12.04.2016)<\/a><\/li>\n<\/ul>\n<\/div><\/section><\/p><\/div>\n","protected":false},"excerpt":{"rendered":"","protected":false},"author":3,"featured_media":0,"parent":11098,"menu_order":0,"comment_status":"closed","ping_status":"closed","template":"","meta":{"footnotes":""},"class_list":["post-11110","page","type-page","status-publish","hentry"],"yoast_head":"<!-- This site is optimized with the Yoast SEO plugin v27.5 - https:\/\/yoast.com\/product\/yoast-seo-wordpress\/ -->\n<title>Communiqu\u00e9 de presse - S A B<\/title>\n<meta name=\"robots\" content=\"index, follow, max-snippet:-1, max-image-preview:large, max-video-preview:-1\" \/>\n<link rel=\"canonical\" href=\"https:\/\/www.sab.ch\/fr\/communique-de-presse\/communique-de-presse\/\" \/>\n<meta property=\"og:locale\" content=\"fr_FR\" \/>\n<meta property=\"og:type\" content=\"article\" \/>\n<meta property=\"og:title\" content=\"Communiqu\u00e9 de presse - S A B\" \/>\n<meta property=\"og:url\" content=\"https:\/\/www.sab.ch\/fr\/communique-de-presse\/communique-de-presse\/\" \/>\n<meta property=\"og:site_name\" content=\"S A B\" \/>\n<meta property=\"article:modified_time\" content=\"2026-03-17T08:10:47+00:00\" \/>\n<meta name=\"twitter:card\" content=\"summary_large_image\" \/>\n<meta name=\"twitter:label1\" content=\"Dur\u00e9e de lecture estim\u00e9e\" \/>\n\t<meta name=\"twitter:data1\" content=\"11 minutes\" \/>\n<script type=\"application\/ld+json\" class=\"yoast-schema-graph\">{\"@context\":\"https:\\\/\\\/schema.org\",\"@graph\":[{\"@type\":\"WebPage\",\"@id\":\"https:\\\/\\\/www.sab.ch\\\/fr\\\/communique-de-presse\\\/communique-de-presse\\\/\",\"url\":\"https:\\\/\\\/www.sab.ch\\\/fr\\\/communique-de-presse\\\/communique-de-presse\\\/\",\"name\":\"Communiqu\u00e9 de presse - S A B\",\"isPartOf\":{\"@id\":\"https:\\\/\\\/www.sab.ch\\\/fr\\\/#website\"},\"datePublished\":\"2023-01-16T13:30:29+00:00\",\"dateModified\":\"2026-03-17T08:10:47+00:00\",\"breadcrumb\":{\"@id\":\"https:\\\/\\\/www.sab.ch\\\/fr\\\/communique-de-presse\\\/communique-de-presse\\\/#breadcrumb\"},\"inLanguage\":\"fr-FR\",\"potentialAction\":[{\"@type\":\"ReadAction\",\"target\":[\"https:\\\/\\\/www.sab.ch\\\/fr\\\/communique-de-presse\\\/communique-de-presse\\\/\"]}]},{\"@type\":\"BreadcrumbList\",\"@id\":\"https:\\\/\\\/www.sab.ch\\\/fr\\\/communique-de-presse\\\/communique-de-presse\\\/#breadcrumb\",\"itemListElement\":[{\"@type\":\"ListItem\",\"position\":1,\"name\":\"Startseite\",\"item\":\"https:\\\/\\\/www.sab.ch\\\/fr\\\/home\\\/\"},{\"@type\":\"ListItem\",\"position\":2,\"name\":\"Communiqu\u00e9 de presse\",\"item\":\"https:\\\/\\\/www.sab.ch\\\/fr\\\/communique-de-presse\\\/\"},{\"@type\":\"ListItem\",\"position\":3,\"name\":\"Communiqu\u00e9 de presse\"}]},{\"@type\":\"WebSite\",\"@id\":\"https:\\\/\\\/www.sab.ch\\\/fr\\\/#website\",\"url\":\"https:\\\/\\\/www.sab.ch\\\/fr\\\/\",\"name\":\"S A B\",\"description\":\"\",\"potentialAction\":[{\"@type\":\"SearchAction\",\"target\":{\"@type\":\"EntryPoint\",\"urlTemplate\":\"https:\\\/\\\/www.sab.ch\\\/fr\\\/?s={search_term_string}\"},\"query-input\":{\"@type\":\"PropertyValueSpecification\",\"valueRequired\":true,\"valueName\":\"search_term_string\"}}],\"inLanguage\":\"fr-FR\"}]}<\/script>\n<!-- \/ Yoast SEO plugin. -->","yoast_head_json":{"title":"Communiqu\u00e9 de presse - S A B","robots":{"index":"index","follow":"follow","max-snippet":"max-snippet:-1","max-image-preview":"max-image-preview:large","max-video-preview":"max-video-preview:-1"},"canonical":"https:\/\/www.sab.ch\/fr\/communique-de-presse\/communique-de-presse\/","og_locale":"fr_FR","og_type":"article","og_title":"Communiqu\u00e9 de presse - S A B","og_url":"https:\/\/www.sab.ch\/fr\/communique-de-presse\/communique-de-presse\/","og_site_name":"S A B","article_modified_time":"2026-03-17T08:10:47+00:00","twitter_card":"summary_large_image","twitter_misc":{"Dur\u00e9e de lecture estim\u00e9e":"11 minutes"},"schema":{"@context":"https:\/\/schema.org","@graph":[{"@type":"WebPage","@id":"https:\/\/www.sab.ch\/fr\/communique-de-presse\/communique-de-presse\/","url":"https:\/\/www.sab.ch\/fr\/communique-de-presse\/communique-de-presse\/","name":"Communiqu\u00e9 de presse - S A B","isPartOf":{"@id":"https:\/\/www.sab.ch\/fr\/#website"},"datePublished":"2023-01-16T13:30:29+00:00","dateModified":"2026-03-17T08:10:47+00:00","breadcrumb":{"@id":"https:\/\/www.sab.ch\/fr\/communique-de-presse\/communique-de-presse\/#breadcrumb"},"inLanguage":"fr-FR","potentialAction":[{"@type":"ReadAction","target":["https:\/\/www.sab.ch\/fr\/communique-de-presse\/communique-de-presse\/"]}]},{"@type":"BreadcrumbList","@id":"https:\/\/www.sab.ch\/fr\/communique-de-presse\/communique-de-presse\/#breadcrumb","itemListElement":[{"@type":"ListItem","position":1,"name":"Startseite","item":"https:\/\/www.sab.ch\/fr\/home\/"},{"@type":"ListItem","position":2,"name":"Communiqu\u00e9 de presse","item":"https:\/\/www.sab.ch\/fr\/communique-de-presse\/"},{"@type":"ListItem","position":3,"name":"Communiqu\u00e9 de presse"}]},{"@type":"WebSite","@id":"https:\/\/www.sab.ch\/fr\/#website","url":"https:\/\/www.sab.ch\/fr\/","name":"S A B","description":"","potentialAction":[{"@type":"SearchAction","target":{"@type":"EntryPoint","urlTemplate":"https:\/\/www.sab.ch\/fr\/?s={search_term_string}"},"query-input":{"@type":"PropertyValueSpecification","valueRequired":true,"valueName":"search_term_string"}}],"inLanguage":"fr-FR"}]}},"_links":{"self":[{"href":"https:\/\/www.sab.ch\/fr\/wp-json\/wp\/v2\/pages\/11110","targetHints":{"allow":["GET"]}}],"collection":[{"href":"https:\/\/www.sab.ch\/fr\/wp-json\/wp\/v2\/pages"}],"about":[{"href":"https:\/\/www.sab.ch\/fr\/wp-json\/wp\/v2\/types\/page"}],"author":[{"embeddable":true,"href":"https:\/\/www.sab.ch\/fr\/wp-json\/wp\/v2\/users\/3"}],"replies":[{"embeddable":true,"href":"https:\/\/www.sab.ch\/fr\/wp-json\/wp\/v2\/comments?post=11110"}],"version-history":[{"count":171,"href":"https:\/\/www.sab.ch\/fr\/wp-json\/wp\/v2\/pages\/11110\/revisions"}],"predecessor-version":[{"id":31780,"href":"https:\/\/www.sab.ch\/fr\/wp-json\/wp\/v2\/pages\/11110\/revisions\/31780"}],"up":[{"embeddable":true,"href":"https:\/\/www.sab.ch\/fr\/wp-json\/wp\/v2\/pages\/11098"}],"wp:attachment":[{"href":"https:\/\/www.sab.ch\/fr\/wp-json\/wp\/v2\/media?parent=11110"}],"curies":[{"name":"wp","href":"https:\/\/api.w.org\/{rel}","templated":true}]}}