{"id":11266,"date":"2023-01-18T11:33:20","date_gmt":"2023-01-18T10:33:20","guid":{"rendered":"https:\/\/www.sab.ch\/conference-des-presidents-de-communes-touristiques\/communiques-de-presse\/"},"modified":"2026-04-29T09:37:29","modified_gmt":"2026-04-29T07:37:29","slug":"communiques-de-presse","status":"publish","type":"page","link":"https:\/\/www.sab.ch\/fr\/dienstleistungen\/management-dorganisations-et-de-reseaux-2\/management-dorganisations-et-de-reseaux\/conference-des-presidents-de-communes-touristiques\/communiques-de-presse\/","title":{"rendered":"Communiqu\u00e9s de presse"},"content":{"rendered":"<div id='av_section_1'  class='avia-section av-kbufzd3s-dd428f854b73db9c732bdb3b761e163e main_color avia-section-default avia-shadow  avia-builder-el-0  avia-builder-el-no-sibling  avia-bg-style-scroll container_wrap fullsize'  ><div class='container av-section-cont-open' ><main  role=\"main\" itemprop=\"mainContentOfPage\"  class='template-page content  av-content-full alpha units'><div class='post-entry post-entry-type-page post-entry-11266'><div class='entry-content-wrapper clearfix'>\n<div  class='flex_column av-36ki55-812d8187001a7680f13245f2936bc405 av_two_third  avia-builder-el-1  avia-builder-el-no-sibling  first flex_column_div  '     ><section  class='av_textblock_section av-jxk41cbl-a1fc1525f09076e0644c7e0771550ccd '   itemscope=\"itemscope\" itemtype=\"https:\/\/schema.org\/CreativeWork\" ><div class='avia_textblock'  itemprop=\"text\" ><h2><strong>Les communes touristiques pr\u00e9sentent des recommandations quant \u00e0 l&rsquo;introduction d&rsquo;imp\u00f4ts cantonaux sur les biens immobiliers \u00e0 usage personnel<\/strong><\/h2>\n<p>La Conf\u00e9rence des pr\u00e9sidentes et pr\u00e9sidents de communes touristiques de montagne a formul\u00e9 des recommandations en vue de l&rsquo;introduction d&rsquo;un imp\u00f4t sur les biens immobiliers que repr\u00e9sentent les r\u00e9sidences secondaires \u00e0 usage personnel. Par ces recommandations, les communes souhaitent \u00e9viter des pertes fiscales trop importantes, suite \u00e0 la suppression de l&rsquo;imposition de la valeur locative. Le temps presse, car l\u2019imposition de la valeur locative sera abrog\u00e9e d\u00e8s le 1<sup>er<\/sup> janvier 2029. Les communes appellent donc les cantons \u00e0 cr\u00e9er rapidement une base l\u00e9gale pour imposer les r\u00e9sidences secondaires. Dans ce cadre, les communes doivent avoir la libert\u00e9 d\u2019introduire ou non cet imp\u00f4t et de fixer elles-m\u00eames son montant effectif.<\/p>\n<p><a href=\"https:\/\/www.sab.ch\/wp-content\/uploads\/2026\/04\/CP-imposition-des-residences-ssecondaires-29-avril-2026.pdf\">Communiqu\u00e9 de presse du 29.04.2026<\/a><\/p>\n<p>Rapport: Introduction d&rsquo;un imp\u00f4t cantonal sur les biens immobiliers secondaires (le rapport traduit suivra)<\/p>\n<h2><strong> <br class=\"avia-permanent-lb\" \/>Les communes touristiques r\u00e9clament l&rsquo;introduction d&rsquo;imp\u00f4ts cantonaux sur les biens immobiliers \u00e0 usage personnel<\/strong><\/h2>\n<p>La Conf\u00e9rence des pr\u00e9sidentes et pr\u00e9sidents de communes touristiques de montagne invite les cantons \u00e0 introduire un imp\u00f4t sur les objets immobiliers utilis\u00e9s \u00e0 titre personnel, en raison de l\u2019acceptation de la votation du 28 septembre 2025. Cette proposition constitue le seul moyen de compenser au moins une partie des pertes fiscales qui frapperont particuli\u00e8rement les communes touristiques de montagne.<\/p>\n<p><a href=\"https:\/\/www.sab.ch\/wp-content\/uploads\/2025\/10\/Conference.presid_tour_CP30-octobre.pdf\">Communiqu\u00e9 de presse du 30.10.2025<\/a><\/p>\n<h2><strong> <br class=\"avia-permanent-lb\" \/>Les communes touristiques disent NON \u00e0 l&rsquo;abolition de l&rsquo;imposition de la valeur locative<\/strong><\/h2>\n<p>La Conf\u00e9rence des pr\u00e9sident-e-s des communes touristiques de montagne rejette \u00e0 l\u2019unanimit\u00e9 l&rsquo;introduction d&rsquo;un imp\u00f4t sur les r\u00e9sidences secondaires et, par cons\u00e9quent, l&rsquo;abolition de l&rsquo;imposition de la valeur locative. Le changement de syst\u00e8me entra\u00eenerait des pertes fiscales consid\u00e9rables et d&rsquo;autres inconv\u00e9nients pour les communes touristiques en r\u00e9gions de montagne.<\/p>\n<p><a href=\"https:\/\/www.sab.ch\/wp-content\/uploads\/2025\/06\/CP_Les-communes-touristiques-disent-NON-a-labolition-de-limposition-de-la-valeur-locative.pdf\">Communiqu\u00e9 de presse du 30.06.2025<\/a><\/p>\n<h2 class=\"csc-firstHeader\"><br class=\"avia-permanent-lb\" \/>Les communes touristiques de montagne se pr\u00e9parent pour la saison d\u2019hiver<\/h2>\n<p>La Conf\u00e9rence des pr\u00e9sident(e)s de communes touristiques de montagne a discut\u00e9, cette semaine, au sujet des perspectives pour la saison d\u2019hiver 2020\/21. Compte tenu de la crise du Covid-19, les pr\u00e9visions sont incertaines. Les communes touristiques de montagne estiment que le nombre de clients suisses sera \u00e0 la hausse. Comme l\u2019\u00e9t\u00e9 pass\u00e9, ces clients voyageront probablement davantage en voiture. Les communes touristiques sont en train de se pr\u00e9parer pour faire face \u00e0 cette situation. D\u2019autre part, la Conf\u00e9rence a proc\u00e9d\u00e9 \u00e0 des \u00e9changes d\u2019exp\u00e9riences, au sujet de l\u2019application de la l\u00e9gislation sur les r\u00e9sidences secondaires.<\/p>\n<p><a href=\"\/wp-content\/uploads\/2022\/11\/Medienmitteilung_Gdepraesidenten_Wintersaison_2020-21.pdf\">Communiqu\u00e9 de presse du 27.11.2020<\/a><\/p>\n<h2><br class=\"avia-permanent-lb\" \/>Les communes touristiques disent \u00ab Oui \u00bb \u00e0 la r\u00e9vision de la loi sur la chasse<\/h2>\n<p>La Conf\u00e9rence des pr\u00e9sident(e)s de communes touristiques de montagne soutiennent la loi r\u00e9vis\u00e9e sur la chasse. Les pr\u00e9sidentes et pr\u00e9sident des communes touristiques sont pr\u00e9occup\u00e9s, en raison de la propagation des loups au sein des r\u00e9gions touristiques et des espaces d\u2019habitation. D\u2019autre part, cette situation favorise les conflits entre les activit\u00e9s touristiques et les chiens de protection.<\/p>\n<p><a href=\"\/wp-content\/uploads\/2022\/11\/Tourismusgemeinden_sagen_Ja_zur_Revision_des_Jagdgesetzes_13.08.2020.pdf\">Communiqu\u00e9 de presse du 13.08.2020<\/a><\/p>\n<h2><br class=\"avia-permanent-lb\" \/>Les communes touristiques rejettent l\u2019initiative de limitation<\/h2>\n<p>La Conf\u00e9rence des pr\u00e9sident(e)s de communes touristiques de montagne s\u2019oppose \u00e0 l\u2019initiative dite de limitation. Ce texte provoquerait automatiquement l\u2019annulation des accords bilat\u00e9raux avec l\u2019Union europ\u00e9enne ; une cons\u00e9quence qui p\u00e9naliserait fortement l\u2019ensemble du secteur touristique. C\u2019est pourquoi les pr\u00e9sidentes et pr\u00e9sidents des communes touristiques recommandent de rejeter fermement cette initiative portant atteinte \u00e0 l\u2019\u00e9conomie, lors de la votation du 27 septembre 2020.<\/p>\n<p><a href=\"\/wp-content\/uploads\/2022\/11\/Tourismusgemeinden_lehnen_Begrenzungsinitiative_ab_17.08.2020.pdf\">Communiqu\u00e9 de presse du 17.08.2020<\/a><\/p>\n<\/div><\/section><\/div>\n","protected":false},"excerpt":{"rendered":"","protected":false},"author":3,"featured_media":0,"parent":11249,"menu_order":0,"comment_status":"closed","ping_status":"closed","template":"","meta":{"footnotes":""},"class_list":["post-11266","page","type-page","status-publish","hentry"],"yoast_head":"<!-- This site is optimized with the Yoast SEO plugin v27.5 - https:\/\/yoast.com\/product\/yoast-seo-wordpress\/ -->\n<title>Communiqu\u00e9s de presse - S A B<\/title>\n<meta name=\"robots\" content=\"index, follow, max-snippet:-1, max-image-preview:large, max-video-preview:-1\" \/>\n<link rel=\"canonical\" href=\"https:\/\/www.sab.ch\/fr\/dienstleistungen\/management-dorganisations-et-de-reseaux-2\/management-dorganisations-et-de-reseaux\/conference-des-presidents-de-communes-touristiques\/communiques-de-presse\/\" \/>\n<meta property=\"og:locale\" content=\"fr_FR\" \/>\n<meta property=\"og:type\" content=\"article\" \/>\n<meta property=\"og:title\" content=\"Communiqu\u00e9s de presse - S A B\" \/>\n<meta property=\"og:url\" content=\"https:\/\/www.sab.ch\/fr\/dienstleistungen\/management-dorganisations-et-de-reseaux-2\/management-dorganisations-et-de-reseaux\/conference-des-presidents-de-communes-touristiques\/communiques-de-presse\/\" \/>\n<meta property=\"og:site_name\" content=\"S A B\" \/>\n<meta property=\"article:modified_time\" content=\"2026-04-29T07:37:29+00:00\" \/>\n<meta name=\"twitter:card\" content=\"summary_large_image\" \/>\n<meta name=\"twitter:label1\" content=\"Dur\u00e9e de lecture estim\u00e9e\" \/>\n\t<meta name=\"twitter:data1\" content=\"4 minutes\" \/>\n<script type=\"application\/ld+json\" class=\"yoast-schema-graph\">{\"@context\":\"https:\\\/\\\/schema.org\",\"@graph\":[{\"@type\":\"WebPage\",\"@id\":\"https:\\\/\\\/www.sab.ch\\\/fr\\\/dienstleistungen\\\/management-dorganisations-et-de-reseaux-2\\\/management-dorganisations-et-de-reseaux\\\/conference-des-presidents-de-communes-touristiques\\\/communiques-de-presse\\\/\",\"url\":\"https:\\\/\\\/www.sab.ch\\\/fr\\\/dienstleistungen\\\/management-dorganisations-et-de-reseaux-2\\\/management-dorganisations-et-de-reseaux\\\/conference-des-presidents-de-communes-touristiques\\\/communiques-de-presse\\\/\",\"name\":\"Communiqu\u00e9s de presse - S A B\",\"isPartOf\":{\"@id\":\"https:\\\/\\\/www.sab.ch\\\/fr\\\/#website\"},\"datePublished\":\"2023-01-18T10:33:20+00:00\",\"dateModified\":\"2026-04-29T07:37:29+00:00\",\"breadcrumb\":{\"@id\":\"https:\\\/\\\/www.sab.ch\\\/fr\\\/dienstleistungen\\\/management-dorganisations-et-de-reseaux-2\\\/management-dorganisations-et-de-reseaux\\\/conference-des-presidents-de-communes-touristiques\\\/communiques-de-presse\\\/#breadcrumb\"},\"inLanguage\":\"fr-FR\",\"potentialAction\":[{\"@type\":\"ReadAction\",\"target\":[\"https:\\\/\\\/www.sab.ch\\\/fr\\\/dienstleistungen\\\/management-dorganisations-et-de-reseaux-2\\\/management-dorganisations-et-de-reseaux\\\/conference-des-presidents-de-communes-touristiques\\\/communiques-de-presse\\\/\"]}]},{\"@type\":\"BreadcrumbList\",\"@id\":\"https:\\\/\\\/www.sab.ch\\\/fr\\\/dienstleistungen\\\/management-dorganisations-et-de-reseaux-2\\\/management-dorganisations-et-de-reseaux\\\/conference-des-presidents-de-communes-touristiques\\\/communiques-de-presse\\\/#breadcrumb\",\"itemListElement\":[{\"@type\":\"ListItem\",\"position\":1,\"name\":\"Startseite\",\"item\":\"https:\\\/\\\/www.sab.ch\\\/fr\\\/home\\\/\"},{\"@type\":\"ListItem\",\"position\":2,\"name\":\"Prestations\",\"item\":\"https:\\\/\\\/www.sab.ch\\\/fr\\\/dienstleistungen\\\/\"},{\"@type\":\"ListItem\",\"position\":3,\"name\":\"Management d\u2019organisations et de r\u00e9seaux\",\"item\":\"https:\\\/\\\/www.sab.ch\\\/fr\\\/dienstleistungen\\\/management-dorganisations-et-de-reseaux-2\\\/\"},{\"@type\":\"ListItem\",\"position\":4,\"name\":\"Management d\u2019organisations et de r\u00e9seaux\",\"item\":\"https:\\\/\\\/www.sab.ch\\\/fr\\\/dienstleistungen\\\/management-dorganisations-et-de-reseaux-2\\\/management-dorganisations-et-de-reseaux\\\/\"},{\"@type\":\"ListItem\",\"position\":5,\"name\":\"Conf\u00e9rence des pr\u00e9sidents de communes touristiques\",\"item\":\"https:\\\/\\\/www.sab.ch\\\/fr\\\/conference-des-presidents-de-communes-touristiques\\\/\"},{\"@type\":\"ListItem\",\"position\":6,\"name\":\"Communiqu\u00e9s de presse\"}]},{\"@type\":\"WebSite\",\"@id\":\"https:\\\/\\\/www.sab.ch\\\/fr\\\/#website\",\"url\":\"https:\\\/\\\/www.sab.ch\\\/fr\\\/\",\"name\":\"S A B\",\"description\":\"\",\"potentialAction\":[{\"@type\":\"SearchAction\",\"target\":{\"@type\":\"EntryPoint\",\"urlTemplate\":\"https:\\\/\\\/www.sab.ch\\\/fr\\\/?s={search_term_string}\"},\"query-input\":{\"@type\":\"PropertyValueSpecification\",\"valueRequired\":true,\"valueName\":\"search_term_string\"}}],\"inLanguage\":\"fr-FR\"}]}<\/script>\n<!-- \/ Yoast SEO plugin. -->","yoast_head_json":{"title":"Communiqu\u00e9s de presse - S A B","robots":{"index":"index","follow":"follow","max-snippet":"max-snippet:-1","max-image-preview":"max-image-preview:large","max-video-preview":"max-video-preview:-1"},"canonical":"https:\/\/www.sab.ch\/fr\/dienstleistungen\/management-dorganisations-et-de-reseaux-2\/management-dorganisations-et-de-reseaux\/conference-des-presidents-de-communes-touristiques\/communiques-de-presse\/","og_locale":"fr_FR","og_type":"article","og_title":"Communiqu\u00e9s de presse - S A B","og_url":"https:\/\/www.sab.ch\/fr\/dienstleistungen\/management-dorganisations-et-de-reseaux-2\/management-dorganisations-et-de-reseaux\/conference-des-presidents-de-communes-touristiques\/communiques-de-presse\/","og_site_name":"S A B","article_modified_time":"2026-04-29T07:37:29+00:00","twitter_card":"summary_large_image","twitter_misc":{"Dur\u00e9e de lecture estim\u00e9e":"4 minutes"},"schema":{"@context":"https:\/\/schema.org","@graph":[{"@type":"WebPage","@id":"https:\/\/www.sab.ch\/fr\/dienstleistungen\/management-dorganisations-et-de-reseaux-2\/management-dorganisations-et-de-reseaux\/conference-des-presidents-de-communes-touristiques\/communiques-de-presse\/","url":"https:\/\/www.sab.ch\/fr\/dienstleistungen\/management-dorganisations-et-de-reseaux-2\/management-dorganisations-et-de-reseaux\/conference-des-presidents-de-communes-touristiques\/communiques-de-presse\/","name":"Communiqu\u00e9s de presse - S A B","isPartOf":{"@id":"https:\/\/www.sab.ch\/fr\/#website"},"datePublished":"2023-01-18T10:33:20+00:00","dateModified":"2026-04-29T07:37:29+00:00","breadcrumb":{"@id":"https:\/\/www.sab.ch\/fr\/dienstleistungen\/management-dorganisations-et-de-reseaux-2\/management-dorganisations-et-de-reseaux\/conference-des-presidents-de-communes-touristiques\/communiques-de-presse\/#breadcrumb"},"inLanguage":"fr-FR","potentialAction":[{"@type":"ReadAction","target":["https:\/\/www.sab.ch\/fr\/dienstleistungen\/management-dorganisations-et-de-reseaux-2\/management-dorganisations-et-de-reseaux\/conference-des-presidents-de-communes-touristiques\/communiques-de-presse\/"]}]},{"@type":"BreadcrumbList","@id":"https:\/\/www.sab.ch\/fr\/dienstleistungen\/management-dorganisations-et-de-reseaux-2\/management-dorganisations-et-de-reseaux\/conference-des-presidents-de-communes-touristiques\/communiques-de-presse\/#breadcrumb","itemListElement":[{"@type":"ListItem","position":1,"name":"Startseite","item":"https:\/\/www.sab.ch\/fr\/home\/"},{"@type":"ListItem","position":2,"name":"Prestations","item":"https:\/\/www.sab.ch\/fr\/dienstleistungen\/"},{"@type":"ListItem","position":3,"name":"Management d\u2019organisations et de r\u00e9seaux","item":"https:\/\/www.sab.ch\/fr\/dienstleistungen\/management-dorganisations-et-de-reseaux-2\/"},{"@type":"ListItem","position":4,"name":"Management d\u2019organisations et de r\u00e9seaux","item":"https:\/\/www.sab.ch\/fr\/dienstleistungen\/management-dorganisations-et-de-reseaux-2\/management-dorganisations-et-de-reseaux\/"},{"@type":"ListItem","position":5,"name":"Conf\u00e9rence des pr\u00e9sidents de communes touristiques","item":"https:\/\/www.sab.ch\/fr\/conference-des-presidents-de-communes-touristiques\/"},{"@type":"ListItem","position":6,"name":"Communiqu\u00e9s de presse"}]},{"@type":"WebSite","@id":"https:\/\/www.sab.ch\/fr\/#website","url":"https:\/\/www.sab.ch\/fr\/","name":"S A B","description":"","potentialAction":[{"@type":"SearchAction","target":{"@type":"EntryPoint","urlTemplate":"https:\/\/www.sab.ch\/fr\/?s={search_term_string}"},"query-input":{"@type":"PropertyValueSpecification","valueRequired":true,"valueName":"search_term_string"}}],"inLanguage":"fr-FR"}]}},"_links":{"self":[{"href":"https:\/\/www.sab.ch\/fr\/wp-json\/wp\/v2\/pages\/11266","targetHints":{"allow":["GET"]}}],"collection":[{"href":"https:\/\/www.sab.ch\/fr\/wp-json\/wp\/v2\/pages"}],"about":[{"href":"https:\/\/www.sab.ch\/fr\/wp-json\/wp\/v2\/types\/page"}],"author":[{"embeddable":true,"href":"https:\/\/www.sab.ch\/fr\/wp-json\/wp\/v2\/users\/3"}],"replies":[{"embeddable":true,"href":"https:\/\/www.sab.ch\/fr\/wp-json\/wp\/v2\/comments?post=11266"}],"version-history":[{"count":13,"href":"https:\/\/www.sab.ch\/fr\/wp-json\/wp\/v2\/pages\/11266\/revisions"}],"predecessor-version":[{"id":32242,"href":"https:\/\/www.sab.ch\/fr\/wp-json\/wp\/v2\/pages\/11266\/revisions\/32242"}],"up":[{"embeddable":true,"href":"https:\/\/www.sab.ch\/fr\/wp-json\/wp\/v2\/pages\/11249"}],"wp:attachment":[{"href":"https:\/\/www.sab.ch\/fr\/wp-json\/wp\/v2\/media?parent=11266"}],"curies":[{"name":"wp","href":"https:\/\/api.w.org\/{rel}","templated":true}]}}