{"id":11381,"date":"2023-01-19T14:35:12","date_gmt":"2023-01-19T13:35:12","guid":{"rendered":"https:\/\/www.sab.ch\/conference-des-regions\/regions\/"},"modified":"2023-01-19T14:35:13","modified_gmt":"2023-01-19T13:35:13","slug":"regions","status":"publish","type":"page","link":"https:\/\/www.sab.ch\/fr\/dienstleistungen\/management-dorganisations-et-de-reseaux-2\/management-dorganisations-et-de-reseaux\/conference-des-regions\/regions\/","title":{"rendered":"R\u00e9gions"},"content":{"rendered":"<div  class='flex_column av-3q5g81-a019a36def10bdbd58fbaa0eb4fb20aa av_two_third  avia-builder-el-0  el_before_av_one_fourth  avia-builder-el-first  first flex_column_div  '     ><section  class='av_textblock_section av-lb0kh8u9-92e4139e382f9035446aac66a9c16a6f '   itemscope=\"itemscope\" itemtype=\"https:\/\/schema.org\/CreativeWork\" ><div class='avia_textblock'  itemprop=\"text\" ><h2><\/h2>\n<h1>R\u00e9gions<\/h1>\n<p>L\u2019introduction de la Nouvelle politique r\u00e9gionale a \u00e9galement des r\u00e9percussions sur les r\u00e9gions. Vous trouverez ci-dessous une liste provisoire des r\u00e9gions (membre du SAB *). En cliquant sur ce lien, vous parviendrez sur le site des r\u00e9gions. La liste continuera \u00e0 \u00eatre actualis\u00e9e. La liste est mise \u00e0 jour en permanence.<\/p>\n<p><strong>Nr. NPR R\u00e9gions<\/strong><\/p>\n<p><span lang=\"FR-CH\"><span lang=\"FR-CH\">1 <a class=\"external-link-new-window\" title=\"Opens external link in new window\" href=\"https:\/\/regiondenyon.ch\/\" target=\"_blank\" rel=\"noopener\">R\u00e9gion de Nyon<\/a><br \/>\n<\/span><\/span><span lang=\"FR-CH\">2 <a class=\"external-link-new-window\" title=\"Opens external link in new window\" href=\"http:\/\/www.adaev.ch\/\" target=\"_blank\" rel=\"noopener\">Ass. pour le d\u00e9veloppement de la Vall\u00e9e de Joux<\/a>*<br \/>\n<\/span><span lang=\"FR-CH\">3<\/span><span lang=\"FR-CH\"><a class=\"external-link-new-window\" title=\"Opens external link in new window\" href=\"http:\/\/www.arcam-vd.ch\/\" target=\"_blank\" rel=\"noopener\">Ass. de la r\u00e9gion Cossonay-Aubonne-Morges<\/a><br \/>\n<\/span><span lang=\"FR-CH\">4 <a class=\"external-link-new-window\" title=\"Opens external link in new window\" href=\"http:\/\/www.val-de-travers.ch\/de\/association-region-val-de-travers\" target=\"_blank\" rel=\"noopener\">Ass. R\u00e9gion Val-de-Travers<\/a>*<br \/>\n<\/span><span lang=\"FR-CH\">5 <a class=\"external-link-new-window\" title=\"Opens external link in new window\" href=\"http:\/\/www.adnv.ch\/\" target=\"_blank\" rel=\"noopener\">Ass. pour le D\u00e9veloppement du Nord Vaudois<\/a>*<br \/>\n<\/span><span lang=\"FR-CH\">6 <a class=\"external-link-new-window\" title=\"Opens external link in new window\" href=\"http:\/\/www.gros-de-vaud.ch\/\" target=\"_blank\" rel=\"noopener\">R\u00e9gion Gros-de-Vaud<\/a><br \/>\n<\/span><span lang=\"FR-CH\">7 <a class=\"external-link-new-window\" title=\"Opens external link in new window\" href=\"http:\/\/www.lerun.ch\/menu-principal\/regions-run\/centre-jura\" target=\"_blank\" rel=\"noopener\">R\u00e9gion Centre-Jura<\/a>*<br \/>\n<\/span><span lang=\"FR-CH\">8 <a class=\"external-link-new-window\" title=\"Opens external link in new window\" href=\"http:\/\/www.lerun.ch\/menu-principal\/regions-run\/la-beroche\" target=\"_blank\" rel=\"noopener\">R\u00e9gion La B\u00e9roche<\/a>*<br \/>\n<\/span><span lang=\"FR-CH\">9 <a class=\"external-link-new-window\" title=\"Opens external link in new window\" href=\"http:\/\/www.lerun.ch\/menu-principal\/regions-run\/val-de-ruz\" target=\"_blank\" rel=\"noopener\">R\u00e9gion Val-de-Ruz<\/a><br \/>\n<\/span><span lang=\"FR-CH\">10 <a class=\"external-link-new-window\" title=\"Opens external link in new window\" href=\"http:\/\/www.lerun.ch\/menu-principal\/regions-run\/comul\" target=\"_blank\" rel=\"noopener\">Communaut\u00e9 Urbaine du Littoral neuch\u00e2telois<\/a> (COMUL)*<br \/>\n<\/span><span lang=\"FR-CH\">11 <a class=\"external-link-new-window\" title=\"Opens external link in new window\" href=\"http:\/\/www.lerun.ch\/menu-principal\/regions-run\/entre-deux-lacs\" target=\"_blank\" rel=\"noopener\">R\u00e9gion Entre-deux-Lacs<\/a>*<br \/>\n<\/span><span lang=\"FR-CH\">12 <a class=\"external-link-new-window\" title=\"Opens external link in new window\" href=\"http:\/\/www.jura.ch\/DES\/SEE\/ECO\/LPR.html\" target=\"_blank\" rel=\"noopener\">R\u00e9publique et Canton du Jura<\/a>*<br \/>\n<\/span><span lang=\"FR-CH\">13 <a class=\"external-link-new-window\" title=\"Opens external link in new window\" href=\"http:\/\/www.seeland-biel-bienne.ch\/\" target=\"_blank\" rel=\"noopener\">Verein Seeland Biel-Bienne<\/a><br \/>\n<\/span><span lang=\"FR-CH\">14 <a class=\"external-link-new-window\" title=\"Opens external link in new window\" href=\"http:\/\/www.arjb.ch\/\" target=\"_blank\" rel=\"noopener\">Ass. R\u00e9gionale Jura-Bienne<\/a>*<br \/>\n<\/span><span lang=\"FR-CH\">15 <a class=\"external-link-new-window\" title=\"Opens external link in new window\" href=\"http:\/\/www.coreb.ch\/\" target=\"_blank\" rel=\"noopener\">Communaut\u00e9 r\u00e9gionale de la Broye<\/a><br \/>\n<\/span><span lang=\"FR-CH\">16 <a class=\"external-link-new-window\" title=\"Opens external link in new window\" href=\"http:\/\/www.see-lac.ch\/\" target=\"_blank\" rel=\"noopener\">Ass. R\u00e9gionale du Lac<\/a><br \/>\n<\/span><span lang=\"FR-CH\">17 <a class=\"external-link-new-window\" title=\"Opens external link in new window\" href=\"http:\/\/www.rgv.ch\/\" target=\"_blank\" rel=\"noopener\">R\u00e9gion Gl\u00e2ne-Veveyse<\/a><br \/>\n<\/span><span lang=\"FR-CH\">18 <a class=\"external-link-new-window\" title=\"Opens external link in new window\" href=\"http:\/\/www.agglo-fr.ch\/\" target=\"_blank\" rel=\"noopener\">AGGLO Fribourg<\/a><br \/>\n<\/span><span lang=\"FR-CH\">19 <a class=\"external-link-new-window\" title=\"Opens external link in new window\" href=\"http:\/\/www.regionsense.ch\/\" target=\"_blank\" rel=\"noopener\">Region Sense<\/a>*<br \/>\n<\/span><span lang=\"FR-CH\">20 <a class=\"external-link-new-window\" title=\"Opens external link in new window\" href=\"http:\/\/www.regiongruyere.ch\/\" target=\"_blank\" rel=\"noopener\">Ass. R\u00e9gionale la Gruy\u00e8re<\/a><br \/>\n<\/span><span lang=\"FR-CH\">21 <a class=\"external-link-new-window\" title=\"Opens external link in new window\" href=\"http:\/\/www.promove.ch\/\" target=\"_blank\" rel=\"noopener\">promove R\u00e9gion Riviera-Lavaux<\/a><br \/>\n<\/span><span lang=\"FR-CH\">22 <a class=\"external-link-new-window\" title=\"Opens external link in new window\" href=\"http:\/\/www.pays-denhaut.ch\/\" target=\"_blank\" rel=\"noopener\">Pays-d&rsquo;Enhaut R\u00e9gion<\/a>*<br \/>\n<\/span><span lang=\"FR-CH\">23 <a class=\"external-link-new-window\" title=\"Opens external link in new window\" href=\"http:\/\/www.aigleregion.ch\/\" target=\"_blank\" rel=\"noopener\">Aigle R\u00e9gion<\/a><\/span><span lang=\"FR-CH\">  *<br \/>\n<\/span><span lang=\"FR-CH\">24\/25 <a class=\"external-link-new-window\" title=\"Opens external link in new window\" href=\"http:\/\/www.regionsvalaisromand.ch\/\" target=\"_blank\" rel=\"noopener\">Association R\u00e9gion Valais romand<\/a>*<\/span><br \/>\n26 <a class=\"external-link-new-window\" title=\"Opens external link in new window\" href=\"http:\/\/www.rw-oberwallis.ch\/\" target=\"_blank\" rel=\"noopener\">Region Oberwallis<\/a>*<br \/>\n27 <a class=\"external-link-new-window\" title=\"Opens external link in new window\" href=\"http:\/\/www.entwicklungsraum-thun.ch\/\" target=\"_blank\" rel=\"noopener\">EntwicklungsRaum Thun<\/a>*<br \/>\n28 <a class=\"external-link-new-window\" title=\"Opens external link in new window\" href=\"http:\/\/www.brossa.ch\/\" target=\"_blank\" rel=\"noopener\">Bergregion Obersimmental-Saanenland<\/a>*<br \/>\n29 <a class=\"external-link-new-window\" title=\"Opens external link in new window\" href=\"http:\/\/www.kandertal.ch\/index.php?id=2\" target=\"_blank\" rel=\"noopener\">Planungsregion Kandertal<\/a>*<br \/>\n30 <a class=\"external-link-new-window\" title=\"Opens external link in new window\" href=\"http:\/\/www.oberland-ost.ch\/\" target=\"_blank\" rel=\"noopener\">Regionalkonferenz Oberland-Ost<\/a>*<br \/>\n31 <a class=\"external-link-new-window\" title=\"Opens external link in new window\" href=\"http:\/\/www.bernmittelland.ch\/\" target=\"_blank\" rel=\"noopener\">Regionalkonferenz Bern-Mittelland*<\/a><br \/>\n32 <a class=\"external-link-new-window\" title=\"Opens external link in new window\" href=\"http:\/\/www.region-emmental.ch\/\" target=\"_blank\" rel=\"noopener\">Region Emmental<\/a><br \/>\n33 <a class=\"external-link-new-window\" title=\"Opens external link in new window\" href=\"http:\/\/www.oberaargau.ch\/\" target=\"_blank\" rel=\"noopener\">Region Oberaargau<\/a><br \/>\n34 <a class=\"external-link-new-window\" title=\"Opens external link in new window\" href=\"https:\/\/wf-oftringen-zofingen.ch\/\" target=\"_blank\" rel=\"noopener\">Regionalverband zofingenregio<\/a><br \/>\n35 <a class=\"external-link-new-window\" title=\"Opens external link in new window\" href=\"http:\/\/www.aargausued.ch\/\" target=\"_blank\" rel=\"noopener\">aargauS\u00fcd impuls<\/a><br \/>\n36 <a class=\"external-link-new-window\" title=\"Opens external link in new window\" href=\"http:\/\/www.regionwest.ch\/\" target=\"_blank\" rel=\"noopener\">Region Luzern West<\/a>*<br \/>\n37 <a class=\"external-link-new-window\" title=\"Opens external link in new window\" href=\"http:\/\/www.sursee-mittelland.ch\/\" target=\"_blank\" rel=\"noopener\">Region Sursee-Mittelland<\/a><br \/>\n38 <a class=\"external-link-new-window\" title=\"Opens external link in new window\" href=\"http:\/\/www.idee-seetal.ch\/\" target=\"_blank\" rel=\"noopener\">Idee Seetal<\/a><br \/>\n39 <a class=\"external-link-new-window\" title=\"Opens external link in new window\" href=\"http:\/\/www.luzernplus.ch\/\" target=\"_blank\" rel=\"noopener\">LuzernPlus<\/a><br \/>\n40 <a class=\"external-link-new-window\" title=\"Opens external link in new window\" href=\"http:\/\/www.rev-sarneraatal.ch\/\" target=\"_blank\" rel=\"noopener\">REV Sarneraatal<\/a><br \/>\n41 <a class=\"external-link-new-window\" title=\"Opens external link in new window\" href=\"http:\/\/www.rev-nw-engelberg.ch\/\" target=\"_blank\" rel=\"noopener\">REV Nidwalden &amp; Engelberg<\/a>*<br \/>\n42 <a class=\"external-link-new-window\" title=\"Opens external link in new window\" href=\"http:\/\/www.ur.ch\/de\/verwaltung\/dienstleistungen\/welcome.php?dienst_id=3282\" target=\"_blank\" rel=\"noopener\">Region Uri<\/a>*<br \/>\n<span lang=\"ES-AR\">43 <a class=\"external-link-new-window\" title=\"Opens external link in new window\" href=\"http:\/\/www.ers-bv.ch\/\" target=\"_blank\" rel=\"noopener\">ERS Bellinzona e Valli<\/a>*<br \/>\n<\/span><span lang=\"ES-AR\">44 <a class=\"external-link-new-window\" title=\"Opens external link in new window\" href=\"http:\/\/www.locarnese.ch\/\" target=\"_blank\" rel=\"noopener\">ERS Locarnese e Vallemaggia<\/a>*<br \/>\n<\/span><span lang=\"ES-AR\">45 <a class=\"external-link-new-window\" title=\"Opens external link in new window\" href=\"http:\/\/www.arsl.ch\/\" target=\"_blank\" rel=\"noopener\">ERS Luganese<\/a>*<br \/>\n<\/span><span lang=\"ES-AR\">46 <a class=\"external-link-new-window\" title=\"Opens external link in new window\" href=\"http:\/\/www.ers-mb.ch\/\" target=\"_blank\" rel=\"noopener\">ERS Mendrisiotto e Basso Ceresio*<\/a><br \/>\n<\/span><span lang=\"ES-AR\">47 <a class=\"external-link-new-window\" title=\"Opens external link in new window\" href=\"http:\/\/www.moesano.ch\/\" target=\"_blank\" rel=\"noopener\">Regione Moesa<\/a><br \/>\n<\/span><span lang=\"ES-AR\">48 <a class=\"external-link-new-window\" title=\"Opens external link in new window\" href=\"http:\/\/www.regiun-surselva.ch\/\" target=\"_blank\" rel=\"noopener\">Regiun Surselva<\/a>*<br \/>\n<\/span><span lang=\"ES-AR\">49 <a class=\"external-link-new-window\" title=\"Opens external link in new window\" href=\"http:\/\/regionviamala.ch\/willkommen\/\" target=\"_blank\" rel=\"noopener\">Regio Viamala<\/a><br \/>\n<\/span><span lang=\"ES-AR\">50 <a class=\"external-link-new-window\" title=\"Opens external link in new window\" href=\"http:\/\/www.region-albula.ch\/\" target=\"_blank\" rel=\"noopener\">Region Albula<\/a><br \/>\n<\/span><span lang=\"ES-AR\">51 <a href=\"https:\/\/www.brusio.ch\/component\/contact\/contact\/4-non-categorizzato\/42-regione-valposchiavo?Itemid=101\" target=\"_blank\" rel=\"noopener\">Regione Bernina<\/a> \/ <a href=\"https:\/\/www.regio-maloja.ch\/index-it.html\" target=\"_blank\" rel=\"noopener\">Regione Maloja *<\/a><br \/>\n<\/span><span lang=\"ES-AR\">52 <a class=\"external-link-new-window\" title=\"Opens external link in new window\" href=\"http:\/\/www.regiunebvm.ch\/\" target=\"_blank\" rel=\"noopener\">Engiadina Bassa\/ Val M\u00fcstair<\/a>*<br \/>\n<\/span><span lang=\"ES-AR\">53 <a class=\"external-link-new-window\" title=\"Opens external link in new window\" href=\"http:\/\/www.praettigau-davos.ch\/\" target=\"_blank\" rel=\"noopener\">Region Pr\u00e4ttigau\/Davos<\/a>*<br \/>\n<\/span><span lang=\"ES-AR\">54 <a class=\"external-link-new-window\" title=\"Opens external link in new window\" href=\"http:\/\/www.region-landquart.ch\/\" target=\"_blank\" rel=\"noopener\">Region Landquart<\/a><br \/>\n<\/span><span lang=\"ES-AR\">55 <a class=\"external-link-new-window\" title=\"Opens external link in new window\" href=\"https:\/\/www.gr.ch\/DE\/institutionen\/verwaltung\/dvs\/awt\/dienstleistungen\/regionalentwicklung\/management\/Seiten\/regionen.aspx\" target=\"_blank\" rel=\"noopener\">Region Imboden<\/a><br \/>\n<\/span><span lang=\"ES-AR\">56 <a class=\"external-link-new-window\" title=\"Opens external link in new window\" href=\"http:\/\/www.chur.ch\/de\/politikundverwaltung\/organigramm\/verwaltung\/welcome.php?departement_id=698\" target=\"_blank\" rel=\"noopener\">Region Plessur<\/a><br \/>\n<\/span><span lang=\"ES-AR\">57 <a class=\"external-link-new-window\" title=\"Opens external link in new window\" href=\"http:\/\/www.sarganserland-werdenberg.ch\/\" target=\"_blank\" rel=\"noopener\">Region Sarganserland-Werdenberg<\/a><br \/>\n<\/span><span lang=\"FR-CH\">58 <a class=\"external-link-new-window\" title=\"Opens external link in new window\" href=\"http:\/\/www.glarus-sued.ch\/xml_1\/internet\/de\/application\/d229\/f654.cfm\" target=\"_blank\" rel=\"noopener\">Glarus S\u00fcd*<\/a><br \/>\n<\/span><span lang=\"FR-CH\">59 <a class=\"external-link-new-window\" title=\"Opens external link in new window\" href=\"http:\/\/www.gemeinde.glarus.ch\/xml_1\/internet\/de\/application\/d168\/f748.cfm\" target=\"_blank\" rel=\"noopener\">Glarus<\/a><br \/>\n<\/span><span lang=\"FR-CH\">60 <a class=\"external-link-new-window\" title=\"Opens external link in new window\" href=\"http:\/\/www.glarus-nord.ch\/xml_1\/internet\/de\/application\/d16\/f414.cfm\" target=\"_blank\" rel=\"noopener\">Glarus Nord*<\/a><br \/>\n<\/span><span lang=\"FR-CH\">61 <a class=\"external-link-new-window\" title=\"Opens external link in new window\" href=\"http:\/\/www.genialregional-sz.ch\/wir\/rigi-mythen\/portrait-der-region.html\" target=\"_blank\" rel=\"noopener\">REV Rigi-Mythen<\/a><br \/>\n<\/span>62  <a class=\"external-link-new-window\" title=\"Opens external link in new window\" href=\"http:\/\/www.genialregional-sz.ch\/wir\/einsiedeln-march\/portrait-der-region.html\" target=\"_blank\" rel=\"noopener\">REV Einsiedeln-March<\/a><br \/>\n63 <a class=\"external-link-new-window\" title=\"Opens external link in new window\" href=\"http:\/\/www.zuerichseelinth.ch\/\" target=\"_blank\" rel=\"noopener\">Region Z\u00fcrichseeLinth<\/a><br \/>\n64 <a class=\"external-link-new-window\" title=\"Opens external link in new window\" href=\"http:\/\/www.toggenburg.ch\/\" target=\"_blank\" rel=\"noopener\">Region Toggenburg<\/a>*<br \/>\n65 <a class=\"external-link-new-window\" title=\"Opens external link in new window\" href=\"http:\/\/www.ai.ch\/de\/gewerbe\/gewerbefoerderung\/gewerbechancen\/\" target=\"_blank\" rel=\"noopener\">Kanton Appenzell IR<\/a>*<br \/>\n66 <a class=\"external-link-new-window\" title=\"Opens external link in new window\" href=\"http:\/\/www.regionrheintal.ch\/\" target=\"_blank\" rel=\"noopener\">Region St. Galler Rheintal<\/a><br \/>\n67 <a class=\"external-link-new-window\" title=\"Opens external link in new window\" href=\"http:\/\/www.regio-stgallen.ch\/\" target=\"_blank\" rel=\"noopener\">Regio Appenzell AR &#8211; St.Gallen &#8211; Bodensee<\/a><br \/>\n68 <a class=\"external-link-new-window\" title=\"Opens external link in new window\" href=\"http:\/\/www.regio-wil.ch\/\" target=\"_blank\" rel=\"noopener\">Regio Wil<\/a><br \/>\n69 <a class=\"external-link-new-window\" title=\"Opens external link in new window\" href=\"http:\/\/www.prozb.ch\/\" target=\"_blank\" rel=\"noopener\">Pro Z\u00fcrcher Berggebiet<\/a>*<br \/>\n70 <a class=\"external-link-new-window\" title=\"Opens external link in new window\" href=\"http:\/\/www.regiofrauenfeld.ch\/\" target=\"_blank\" rel=\"noopener\">Regio Frauenfeld<\/a><br \/>\n71 <a class=\"external-link-new-window\" title=\"Opens external link in new window\" href=\"http:\/\/www.regiokreuzlingen.ch\/\" target=\"_blank\" rel=\"noopener\">Regio Kreuzlingen<\/a><br \/>\n72 <a class=\"external-link-new-window\" title=\"Opens external link in new window\" href=\"http:\/\/www.oberthurgau.ch\/xml_1\/internet\/de\/intro.cfm\" target=\"_blank\" rel=\"noopener\">Regionalplanungsgruppe Oberthurgau<\/a><br \/>\n73 <a class=\"external-link-new-window\" title=\"Opens external link in new window\" href=\"http:\/\/www.rpg-mittelthurgau.ch\/\" target=\"_blank\" rel=\"noopener\">Regionalplanungsgruppe Mittelthurgau<\/a><br \/>\n74 <a class=\"external-link-new-window\" title=\"Opens external link in new window\" href=\"http:\/\/www.raumentwicklung.tg.ch\/xml_9\/internet\/de\/application\/d13409\/f13339.cfm\" target=\"_blank\" rel=\"noopener\">Regionalplanungsgruppe Untersee und Rhein<\/a><br \/>\n75 <a class=\"external-link-new-window\" title=\"Opens external link in new window\" href=\"http:\/\/www.raumentwicklung.tg.ch\/xml_9\/internet\/de\/application\/d13409\/f13339.cfm\" target=\"_blank\" rel=\"noopener\">Regionalplanungsgruppe Diessenhofen<\/a><br \/>\n76 <a class=\"external-link-new-window\" title=\"Opens external link in new window\" href=\"http:\/\/economy.sh\/ueber_uns.html\" target=\"_blank\" rel=\"noopener\">Kanton Schaffhausen<\/a><br \/>\n<a class=\"external-link-new-window\" title=\"Opens external link in new window\" href=\"http:\/\/www.chablais.ch\/\" target=\"_blank\" rel=\"noopener\">Chablais Region<\/a>*<br \/>\n<a class=\"external-link-new-window\" title=\"Opens external link in new window\" href=\"http:\/\/www.gottardo.ch\/\" target=\"_blank\" rel=\"noopener\">Programm San Gottardo 2020<\/a><br \/>\n<a class=\"external-link-new-window\" title=\"Opens external link in new window\" href=\"http:\/\/www.valledimuggio.ch\/DesktopDefault.aspx?tabId=0&amp;languageId=1\" target=\"_blank\" rel=\"noopener\">Regione Valle di Muggio Val Mara e Salorino*<\/a><br \/>\n<a class=\"external-link-new-window\" title=\"Opens external link in new window\" href=\"http:\/\/www.gantrisch.ch\/ueber-uns\/foerderverein.html\" target=\"_blank\" rel=\"noopener\">F\u00f6rderverein Region Gantrisch (FRG)*<\/a><br \/>\n<a class=\"external-link-new-window\" title=\"Opens external link in new window\" href=\"http:\/\/www.regionthal.ch\/\" target=\"_blank\" rel=\"noopener\">Verein Region Thal *<\/a><\/p>\n<\/div><\/section><\/div><div  class='flex_column av-2su17l-e95f2407ee54538538e9d159d25534bb av_one_fourth  avia-builder-el-2  el_after_av_two_third  avia-builder-el-last  flex_column_div  '     ><p>\n<style type=\"text\/css\" data-created_by=\"avia_inline_auto\" id=\"style-css-av-lb0kgjz2-c8098f5c0c1d13d5581e9b7f3bfc308a\">\n.avia-image-container.av-lb0kgjz2-c8098f5c0c1d13d5581e9b7f3bfc308a img.avia_image{\nbox-shadow:none;\n}\n.avia-image-container.av-lb0kgjz2-c8098f5c0c1d13d5581e9b7f3bfc308a .av-image-caption-overlay-center{\ncolor:#ffffff;\n}\n<\/style>\n<div  class='avia-image-container av-lb0kgjz2-c8098f5c0c1d13d5581e9b7f3bfc308a av-styling- avia-align-left  avia-builder-el-3  el_before_av_textblock  avia-builder-el-first '   itemprop=\"image\" itemscope=\"itemscope\" itemtype=\"https:\/\/schema.org\/ImageObject\" ><div class=\"avia-image-container-inner\"><div class=\"avia-image-overlay-wrap\"><img decoding=\"async\" fetchpriority=\"high\" class='wp-image-3853 avia-img-lazy-loading-not-3853 avia_image ' src=\"https:\/\/www.sab.ch\/wp-content\/uploads\/2022\/11\/85b7806fbe-1.jpg\" alt='' title='85b7806fbe'  height=\"359\" width=\"515\"  itemprop=\"thumbnailUrl\"  \/><\/div><\/div><\/div><br \/>\n<section  class='av_textblock_section av-lbnmeg2n-53361cdaba2afab3f1d0e9cb89a83303 '   itemscope=\"itemscope\" itemtype=\"https:\/\/schema.org\/CreativeWork\" ><div class='avia_textblock'  itemprop=\"text\" ><p><em>Regionen der Neuen Regional Politik (\u00a9 SAB 2016)<\/em><\/p>\n<\/div><\/section><\/p><\/div><\/p>\n","protected":false},"excerpt":{"rendered":"","protected":false},"author":3,"featured_media":0,"parent":11284,"menu_order":0,"comment_status":"closed","ping_status":"closed","template":"","meta":{"footnotes":""},"class_list":["post-11381","page","type-page","status-publish","hentry"],"yoast_head":"<!-- This site is optimized with the Yoast SEO plugin v27.5 - https:\/\/yoast.com\/product\/yoast-seo-wordpress\/ -->\n<title>R\u00e9gions - S A B<\/title>\n<meta name=\"robots\" content=\"index, follow, max-snippet:-1, max-image-preview:large, max-video-preview:-1\" \/>\n<link rel=\"canonical\" href=\"https:\/\/www.sab.ch\/fr\/dienstleistungen\/management-dorganisations-et-de-reseaux-2\/management-dorganisations-et-de-reseaux\/conference-des-regions\/regions\/\" \/>\n<meta property=\"og:locale\" content=\"fr_FR\" \/>\n<meta property=\"og:type\" content=\"article\" \/>\n<meta property=\"og:title\" content=\"R\u00e9gions - S A B\" \/>\n<meta property=\"og:url\" content=\"https:\/\/www.sab.ch\/fr\/dienstleistungen\/management-dorganisations-et-de-reseaux-2\/management-dorganisations-et-de-reseaux\/conference-des-regions\/regions\/\" \/>\n<meta property=\"og:site_name\" content=\"S A B\" \/>\n<meta property=\"article:modified_time\" content=\"2023-01-19T13:35:13+00:00\" \/>\n<meta name=\"twitter:card\" content=\"summary_large_image\" \/>\n<meta name=\"twitter:label1\" content=\"Dur\u00e9e de lecture estim\u00e9e\" \/>\n\t<meta name=\"twitter:data1\" content=\"8 minutes\" \/>\n<script type=\"application\/ld+json\" class=\"yoast-schema-graph\">{\"@context\":\"https:\\\/\\\/schema.org\",\"@graph\":[{\"@type\":\"WebPage\",\"@id\":\"https:\\\/\\\/www.sab.ch\\\/fr\\\/dienstleistungen\\\/management-dorganisations-et-de-reseaux-2\\\/management-dorganisations-et-de-reseaux\\\/conference-des-regions\\\/regions\\\/\",\"url\":\"https:\\\/\\\/www.sab.ch\\\/fr\\\/dienstleistungen\\\/management-dorganisations-et-de-reseaux-2\\\/management-dorganisations-et-de-reseaux\\\/conference-des-regions\\\/regions\\\/\",\"name\":\"R\u00e9gions - S A B\",\"isPartOf\":{\"@id\":\"https:\\\/\\\/www.sab.ch\\\/fr\\\/#website\"},\"datePublished\":\"2023-01-19T13:35:12+00:00\",\"dateModified\":\"2023-01-19T13:35:13+00:00\",\"breadcrumb\":{\"@id\":\"https:\\\/\\\/www.sab.ch\\\/fr\\\/dienstleistungen\\\/management-dorganisations-et-de-reseaux-2\\\/management-dorganisations-et-de-reseaux\\\/conference-des-regions\\\/regions\\\/#breadcrumb\"},\"inLanguage\":\"fr-FR\",\"potentialAction\":[{\"@type\":\"ReadAction\",\"target\":[\"https:\\\/\\\/www.sab.ch\\\/fr\\\/dienstleistungen\\\/management-dorganisations-et-de-reseaux-2\\\/management-dorganisations-et-de-reseaux\\\/conference-des-regions\\\/regions\\\/\"]}]},{\"@type\":\"BreadcrumbList\",\"@id\":\"https:\\\/\\\/www.sab.ch\\\/fr\\\/dienstleistungen\\\/management-dorganisations-et-de-reseaux-2\\\/management-dorganisations-et-de-reseaux\\\/conference-des-regions\\\/regions\\\/#breadcrumb\",\"itemListElement\":[{\"@type\":\"ListItem\",\"position\":1,\"name\":\"Startseite\",\"item\":\"https:\\\/\\\/www.sab.ch\\\/fr\\\/home\\\/\"},{\"@type\":\"ListItem\",\"position\":2,\"name\":\"Prestations\",\"item\":\"https:\\\/\\\/www.sab.ch\\\/fr\\\/dienstleistungen\\\/\"},{\"@type\":\"ListItem\",\"position\":3,\"name\":\"Management d\u2019organisations et de r\u00e9seaux\",\"item\":\"https:\\\/\\\/www.sab.ch\\\/fr\\\/dienstleistungen\\\/management-dorganisations-et-de-reseaux-2\\\/\"},{\"@type\":\"ListItem\",\"position\":4,\"name\":\"Management d\u2019organisations et de r\u00e9seaux\",\"item\":\"https:\\\/\\\/www.sab.ch\\\/fr\\\/dienstleistungen\\\/management-dorganisations-et-de-reseaux-2\\\/management-dorganisations-et-de-reseaux\\\/\"},{\"@type\":\"ListItem\",\"position\":5,\"name\":\"Conf\u00e9rence des r\u00e9gions\",\"item\":\"https:\\\/\\\/www.sab.ch\\\/fr\\\/dienstleistungen\\\/management-dorganisations-et-de-reseaux-2\\\/management-dorganisations-et-de-reseaux\\\/conference-des-regions\\\/\"},{\"@type\":\"ListItem\",\"position\":6,\"name\":\"R\u00e9gions\"}]},{\"@type\":\"WebSite\",\"@id\":\"https:\\\/\\\/www.sab.ch\\\/fr\\\/#website\",\"url\":\"https:\\\/\\\/www.sab.ch\\\/fr\\\/\",\"name\":\"S A B\",\"description\":\"\",\"potentialAction\":[{\"@type\":\"SearchAction\",\"target\":{\"@type\":\"EntryPoint\",\"urlTemplate\":\"https:\\\/\\\/www.sab.ch\\\/fr\\\/?s={search_term_string}\"},\"query-input\":{\"@type\":\"PropertyValueSpecification\",\"valueRequired\":true,\"valueName\":\"search_term_string\"}}],\"inLanguage\":\"fr-FR\"}]}<\/script>\n<!-- \/ Yoast SEO plugin. -->","yoast_head_json":{"title":"R\u00e9gions - S A B","robots":{"index":"index","follow":"follow","max-snippet":"max-snippet:-1","max-image-preview":"max-image-preview:large","max-video-preview":"max-video-preview:-1"},"canonical":"https:\/\/www.sab.ch\/fr\/dienstleistungen\/management-dorganisations-et-de-reseaux-2\/management-dorganisations-et-de-reseaux\/conference-des-regions\/regions\/","og_locale":"fr_FR","og_type":"article","og_title":"R\u00e9gions - S A B","og_url":"https:\/\/www.sab.ch\/fr\/dienstleistungen\/management-dorganisations-et-de-reseaux-2\/management-dorganisations-et-de-reseaux\/conference-des-regions\/regions\/","og_site_name":"S A B","article_modified_time":"2023-01-19T13:35:13+00:00","twitter_card":"summary_large_image","twitter_misc":{"Dur\u00e9e de lecture estim\u00e9e":"8 minutes"},"schema":{"@context":"https:\/\/schema.org","@graph":[{"@type":"WebPage","@id":"https:\/\/www.sab.ch\/fr\/dienstleistungen\/management-dorganisations-et-de-reseaux-2\/management-dorganisations-et-de-reseaux\/conference-des-regions\/regions\/","url":"https:\/\/www.sab.ch\/fr\/dienstleistungen\/management-dorganisations-et-de-reseaux-2\/management-dorganisations-et-de-reseaux\/conference-des-regions\/regions\/","name":"R\u00e9gions - S A B","isPartOf":{"@id":"https:\/\/www.sab.ch\/fr\/#website"},"datePublished":"2023-01-19T13:35:12+00:00","dateModified":"2023-01-19T13:35:13+00:00","breadcrumb":{"@id":"https:\/\/www.sab.ch\/fr\/dienstleistungen\/management-dorganisations-et-de-reseaux-2\/management-dorganisations-et-de-reseaux\/conference-des-regions\/regions\/#breadcrumb"},"inLanguage":"fr-FR","potentialAction":[{"@type":"ReadAction","target":["https:\/\/www.sab.ch\/fr\/dienstleistungen\/management-dorganisations-et-de-reseaux-2\/management-dorganisations-et-de-reseaux\/conference-des-regions\/regions\/"]}]},{"@type":"BreadcrumbList","@id":"https:\/\/www.sab.ch\/fr\/dienstleistungen\/management-dorganisations-et-de-reseaux-2\/management-dorganisations-et-de-reseaux\/conference-des-regions\/regions\/#breadcrumb","itemListElement":[{"@type":"ListItem","position":1,"name":"Startseite","item":"https:\/\/www.sab.ch\/fr\/home\/"},{"@type":"ListItem","position":2,"name":"Prestations","item":"https:\/\/www.sab.ch\/fr\/dienstleistungen\/"},{"@type":"ListItem","position":3,"name":"Management d\u2019organisations et de r\u00e9seaux","item":"https:\/\/www.sab.ch\/fr\/dienstleistungen\/management-dorganisations-et-de-reseaux-2\/"},{"@type":"ListItem","position":4,"name":"Management d\u2019organisations et de r\u00e9seaux","item":"https:\/\/www.sab.ch\/fr\/dienstleistungen\/management-dorganisations-et-de-reseaux-2\/management-dorganisations-et-de-reseaux\/"},{"@type":"ListItem","position":5,"name":"Conf\u00e9rence des r\u00e9gions","item":"https:\/\/www.sab.ch\/fr\/dienstleistungen\/management-dorganisations-et-de-reseaux-2\/management-dorganisations-et-de-reseaux\/conference-des-regions\/"},{"@type":"ListItem","position":6,"name":"R\u00e9gions"}]},{"@type":"WebSite","@id":"https:\/\/www.sab.ch\/fr\/#website","url":"https:\/\/www.sab.ch\/fr\/","name":"S A B","description":"","potentialAction":[{"@type":"SearchAction","target":{"@type":"EntryPoint","urlTemplate":"https:\/\/www.sab.ch\/fr\/?s={search_term_string}"},"query-input":{"@type":"PropertyValueSpecification","valueRequired":true,"valueName":"search_term_string"}}],"inLanguage":"fr-FR"}]}},"_links":{"self":[{"href":"https:\/\/www.sab.ch\/fr\/wp-json\/wp\/v2\/pages\/11381","targetHints":{"allow":["GET"]}}],"collection":[{"href":"https:\/\/www.sab.ch\/fr\/wp-json\/wp\/v2\/pages"}],"about":[{"href":"https:\/\/www.sab.ch\/fr\/wp-json\/wp\/v2\/types\/page"}],"author":[{"embeddable":true,"href":"https:\/\/www.sab.ch\/fr\/wp-json\/wp\/v2\/users\/3"}],"replies":[{"embeddable":true,"href":"https:\/\/www.sab.ch\/fr\/wp-json\/wp\/v2\/comments?post=11381"}],"version-history":[{"count":2,"href":"https:\/\/www.sab.ch\/fr\/wp-json\/wp\/v2\/pages\/11381\/revisions"}],"predecessor-version":[{"id":11383,"href":"https:\/\/www.sab.ch\/fr\/wp-json\/wp\/v2\/pages\/11381\/revisions\/11383"}],"up":[{"embeddable":true,"href":"https:\/\/www.sab.ch\/fr\/wp-json\/wp\/v2\/pages\/11284"}],"wp:attachment":[{"href":"https:\/\/www.sab.ch\/fr\/wp-json\/wp\/v2\/media?parent=11381"}],"curies":[{"name":"wp","href":"https:\/\/api.w.org\/{rel}","templated":true}]}}