{"id":11550,"date":"2023-01-26T09:29:11","date_gmt":"2023-01-26T08:29:11","guid":{"rendered":"https:\/\/www.sab.ch\/politique\/telecommunications\/"},"modified":"2026-03-31T15:25:30","modified_gmt":"2026-03-31T13:25:30","slug":"telecommunications","status":"publish","type":"page","link":"https:\/\/www.sab.ch\/fr\/politique\/telecommunications\/","title":{"rendered":"Digitalisation et t\u00e9l\u00e9communications"},"content":{"rendered":"<div id='av_section_1'  class='avia-section av-kbufzd3s-dd428f854b73db9c732bdb3b761e163e main_color avia-section-default avia-shadow  avia-builder-el-0  avia-builder-el-no-sibling  avia-bg-style-scroll container_wrap fullsize'  ><div class='container av-section-cont-open' ><main  role=\"main\" itemprop=\"mainContentOfPage\"  class='template-page content  av-content-full alpha units'><div class='post-entry post-entry-type-page post-entry-11550'><div class='entry-content-wrapper clearfix'>\n<div  class='flex_column av-86qp7c-2176374ecf94d4c0d474500d2f08b874 av_two_third  avia-builder-el-1  el_before_av_one_third  avia-builder-el-first  first flex_column_div  '     ><section  class='av_textblock_section av-5f5iug-f4d843c19eda1be83a8c91d0ae18c9c8 '   itemscope=\"itemscope\" itemtype=\"https:\/\/schema.org\/CreativeWork\" ><div class='avia_textblock'  itemprop=\"text\" ><h1>Digitalisation et t\u00e9l\u00e9communications<\/h1>\n<p><br class=\"avia-permanent-lb\" \/>Des r\u00e9seaux et des services de t\u00e9l\u00e9communications modernes et efficaces sont indispensable. Ils permettent de d\u00e9passer les distances g\u00e9ographiques et de cr\u00e9er de nouvelles opportunit\u00e9s sur le march\u00e9 \u00e9conomique. Dans les r\u00e9gions de montagne, un bon d\u00e9veloppement des r\u00e9seaux de t\u00e9l\u00e9communications est d\u2019autant plus important que leur accessibilit\u00e9 est moins grande. C\u2019est pourquoi le SAB s\u2019engage afin que l\u2019accessibilit\u00e9 aux r\u00e9seaux \u00e0 haut d\u00e9bit soit garantie sur l\u2019ensemble du territoire. Il faut aussi d\u00e9velopper sans cesse les r\u00e9seaux de t\u00e9l\u00e9communication. Aujourd\u2019hui, il s\u2019agit notamment de la mise en place d\u2019un r\u00e9seau de fibres optiques jusque chez les particuliers et dans les entreprises.<\/p>\n<\/div><\/section><br \/>\n\n<style type=\"text\/css\" data-created_by=\"avia_inline_auto\" id=\"style-css-av-lrondmob-dcd78bdd708c319f5695a378e545d25b\">\n#top .hr.hr-invisible.av-lrondmob-dcd78bdd708c319f5695a378e545d25b{\nheight:30px;\n}\n<\/style>\n<div  class='hr av-lrondmob-dcd78bdd708c319f5695a378e545d25b hr-invisible  avia-builder-el-3  el_after_av_textblock  el_before_av_textblock '><span class='hr-inner '><span class=\"hr-inner-style\"><\/span><\/span><\/div><br \/>\n<section  class='av_textblock_section av-lrom7hxy-f82771b71fe8884572a903f7ca82e47e '   itemscope=\"itemscope\" itemtype=\"https:\/\/schema.org\/CreativeWork\" ><div class='avia_textblock'  itemprop=\"text\" ><h3>S\u00e9minaire \u00ab\u00a0De nouvelles approches pour le service universel gr\u00e2ce \u00e0 la num\u00e9risation\u00a0\u00bb<\/h3>\n<p>18.01.2024<\/p>\n<p><strong>Pr\u00e9sentations<\/strong><br \/>\n\u2022<a href=\"https:\/\/www.sab.ch\/wp-content\/uploads\/2024\/01\/Markus-Froesch.pdf\"> Comment la num\u00e9risation contribue au renforcement des services de base du canton d\u2019Uri \u2013 Markus Fr\u00f6sch, responsable du Service de la chancellerie d\u2019Etat Uri<\/a><br \/>\n\u2022 <a href=\"https:\/\/www.sab.ch\/wp-content\/uploads\/2024\/01\/Peter-Niederer.pdf\">Mod\u00e8les intercommunaux de services de base soutenus par la num\u00e9risation (exp\u00e9riences tir\u00e9es des projets INTESI et Smart villages)- Peter Niederer, vice-directeur du SAB<\/a><br \/>\n\u2022 <a href=\"https:\/\/www.sab.ch\/wp-content\/uploads\/2024\/01\/Dunja-Kovari.pdf\">Du laboratoire \u00e0 la strat\u00e9gie r\u00e9gionale de services de base \u2013 Dunja Kovari, sa_partners S\u00e0Rl, pr\u00e9sentation du projet dans le Zuribiet<\/a><br \/>\n\u2022<a href=\"https:\/\/www.sab.ch\/wp-content\/uploads\/2024\/01\/Esther-Schlumpf.pdf\"> Comment un centre de support r\u00e9gional peut aider les communes dans leur transformation num\u00e9rique \u2013 Esther Schlumpf, directrice rempla\u00e7ante de RW-Oberwallis<\/a><br \/>\n\u2022 <a href=\"https:\/\/www.sab.ch\/wp-content\/uploads\/2024\/01\/Matthias-Finger.pdf\">Le futur du service public num\u00e9rique (Matthias Finger , prof.am., Center for Digital Trust EPFL<\/a><\/p>\n<p><a href=\"https:\/\/www.sab.ch\/wp-content\/uploads\/2024\/01\/Tagung-Digitalisierung-Maria-Lezzi-und-TE-Kopie-scaled.jpg\"><strong>Illustration <\/strong><\/a><\/p>\n<\/div><\/section><br \/>\n\n<style type=\"text\/css\" data-created_by=\"avia_inline_auto\" id=\"style-css-av-lrondusb-a6f1c497e20fdbd7bbbee311d0bc4aec\">\n#top .hr.hr-invisible.av-lrondusb-a6f1c497e20fdbd7bbbee311d0bc4aec{\nheight:30px;\n}\n<\/style>\n<div  class='hr av-lrondusb-a6f1c497e20fdbd7bbbee311d0bc4aec hr-invisible  avia-builder-el-5  el_after_av_textblock  el_before_av_textblock '><span class='hr-inner '><span class=\"hr-inner-style\"><\/span><\/span><\/div><br \/>\n<section  class='av_textblock_section av-lrom1xgq-33bf67b8e48bb01abf81b443655a28ef '   itemscope=\"itemscope\" itemtype=\"https:\/\/schema.org\/CreativeWork\" ><div class='avia_textblock'  itemprop=\"text\" ><h4>Documents compl\u00e9mentaires<\/h4>\n<ul class=\"csc-uploads csc-uploads-0\">\n<li><a href=\"https:\/\/www.sab.ch\/wp-content\/uploads\/2026\/02\/FMG-Revision-2025-Mobilfunk_febr2026.pdf\">Prise de position du SAB concernant la r\u00e9vision partielle de la loi sur les t\u00e9l\u00e9communications (LTC) dans le domaine de la t\u00e9l\u00e9phonie mobile (13.02.2026)<\/a><\/li>\n<li><a href=\"https:\/\/www.sab.ch\/wp-content\/uploads\/2025\/04\/Gigabitstrategie-SN-SAB-def.pdf\">Prise de position au sujet de la Strat\u00e9gie Gigabit de la Conf\u00e9deration (22.04.2025)<\/a><\/li>\n<li><a href=\"https:\/\/www.sab.ch\/wp-content\/uploads\/2024\/09\/Polycom-Abloesung-durch-MSK-SN-SAB.pdf\">Prise de position du SAB sur le remplacement de Polycom par un syst\u00e8me national mobile de communication s\u00e9curis\u00e9e (CMS)\u00a0(27.09.2024)<\/a><\/li>\n<li><a href=\"https:\/\/www.sab.ch\/wp-content\/uploads\/2024\/02\/Post-Strommangellage-SN-SAB.pdf\">Prise de position du SAB au sujet de l\u2019ordonnance relative \u00e0 la restriction du service universel dans le domaine des services postaux et de paiement dans une situation de p\u00e9nurie grave d\u2019\u00e9lectricit\u00e9 (16.02.2024)<\/a><\/li>\n<li class=\"li-odd li-first csc-uploads-element csc-uploads-element-pdf\"><a href=\"\/wp-content\/uploads\/2022\/11\/FDV_Grundversorgung_auf_80MBit_SN_SAB.pdf\">Prise de position du SAB au sujet de la modification de l&rsquo;ordonnance sur les services de t\u00e9l\u00e9communication OST (11.02.2022)<\/a><\/li>\n<li class=\"li-even csc-uploads-element csc-uploads-element-pdf\"><a href=\"\/wp-content\/uploads\/2022\/11\/RTVV_Versorgungsgebiete_SN_SAB.pdf\">Prise de position du SAB au sujet de la r\u00e9vision partielle de l\u2019ordonnance sur la radio et la t\u00e9l\u00e9vision (01.10.2021)<\/a><\/li>\n<li class=\"li-odd csc-uploads-element csc-uploads-element-pdf\"><a href=\"\/wp-content\/uploads\/2022\/11\/positionspapier_5G.pdf\">Document de position au sujet du 5G (24.04.2020)<\/a><\/li>\n<li class=\"li-even csc-uploads-element csc-uploads-element-pdf\"><a href=\"\/wp-content\/uploads\/2022\/11\/MM1139_Breitbandinfrastruktur_24.08.2017.pdf\">Le SAB demande une rapide extension des infrastructures digitales \u00e0 haut d\u00e9bit (24.08.2017)<\/a><\/li>\n<li class=\"li-odd csc-uploads-element csc-uploads-element-pdf\"><a href=\"\/wp-content\/uploads\/2022\/11\/Medienmitteilung_5G_24.02.2020.pdf\">Un d\u00e9veloppement rapide de la 5G est dans l\u2019int\u00e9r\u00eat des r\u00e9gions de montagnes (24.04.2020)<\/a><\/li>\n<li class=\"li-even csc-uploads-element csc-uploads-element-pdf\"><a href=\"\/wp-content\/uploads\/2022\/11\/MM_SAB_SAC_SAV_dt_24.08..pdf\">Les associations alpines et Swisscom concluent un partenariat afin de raccorder les alpages et les cabanes du SAC (24.08.2017)<\/a><\/li>\n<li class=\"li-odd csc-uploads-element csc-uploads-element-pdf\"><a href=\"\/wp-content\/uploads\/2022\/11\/SN_SAB_RTVV_13.03.2017.pdf\">Prise de position au sujet de la r\u00e9vision partielle de l&rsquo;ordonnance sur la radio et la t\u00e9l\u00e9vision (09.03.2017)<\/a><\/li>\n<li class=\"li-even csc-uploads-element csc-uploads-element-pdf\"><a href=\"\/wp-content\/uploads\/2022\/11\/SN_SAB_Fernmeldeverordnung_24.11.2015.pdf\">Prise de position du SAB au sujet de la modification de l&rsquo;0rdonnance sur les services de t\u00e9l\u00e9communications (OST( (24.11.2015)<\/a><\/li>\n<li class=\"li-odd csc-uploads-element csc-uploads-element-pdf\"><a href=\"\/wp-content\/uploads\/2022\/11\/SN_SAB_RTVV_30.9.2015.pdf\">Prise de position du SAB au sujet de l\u2019ordonnance sur la radio et la t\u00e9l\u00e9vision (ORTV) (29.09.2015)<\/a><\/li>\n<li class=\"li-even csc-uploads-element csc-uploads-element-pdf\"><a href=\"\/wp-content\/uploads\/2022\/11\/ASUT-Artikel-Ein_Broadway_in_den_Alpen_Januar2013.pdf\">ASUT Article \u00ab\u00a0Ein Broadway in den Alpen (2013 &#8211; en allemand)<\/a><\/li>\n<li class=\"li-odd csc-uploads-element csc-uploads-element-pdf\"><a href=\"\/wp-content\/uploads\/2022\/11\/hochbreitbandnetz.pdf\">Les voies vers l\u2018autoroute de donn\u00e9es (2012) <\/a><\/li>\n<li class=\"li-even csc-uploads-element csc-uploads-element-pdf\"><a href=\"\/wp-content\/uploads\/2022\/11\/SN_FMD_13.07.2011def_d.pdf\">Prise de position concernant l&rsquo;Ordonnance sur les services de t\u00e9l\u00e9communication du 13 juillet 2011<\/a><\/li>\n<li class=\"li-odd csc-uploads-element csc-uploads-element-pdf\"><a href=\"\/wp-content\/uploads\/2022\/11\/PP_Glasfasernetz_08.07.09_de.pdf\">Document de position : \u00ab\u00a0Construction du r\u00e9seau de fibre optique\u00a0\u00bb du 7 juillet 2009<\/a><\/li>\n<li class=\"li-even csc-uploads-element csc-uploads-element-pdf\"><a href=\"\/wp-content\/uploads\/2022\/11\/SN_FermenldedienstVO_24.03.06_de.pdf\">Prise de position concernant l&rsquo;intention du Conseil f\u00e9d\u00e9ral d&rsquo;introduire un raccordement \u00e0 larges bandes dans le catalogue des prestations universelles du 24 mars 2006 (en allemand)<\/a><\/li>\n<li class=\"li-odd csc-uploads-element csc-uploads-element-pdf\"><a href=\"\/wp-content\/uploads\/2022\/11\/SN_Swisscom_13.02.06_de.pdf\">Prise de position concernant la privatisation de Swisscom du 13 f\u00e9vrier 2006 (en allemand)<\/a><\/li>\n<\/ul>\n<\/div><\/section><\/p><\/div><div  class='flex_column av-260hko-5bd1b66d6b1c9d714aa664ee7920019f av_one_third  avia-builder-el-7  el_after_av_two_third  avia-builder-el-last  flex_column_div  '     ><style type=\"text\/css\" data-created_by=\"avia_inline_auto\" id=\"style-css-av-lbniyt9b-925e0349701ee888434559efc0c685bd\">\n.avia-image-container.av-lbniyt9b-925e0349701ee888434559efc0c685bd img.avia_image{\nbox-shadow:none;\n}\n.avia-image-container.av-lbniyt9b-925e0349701ee888434559efc0c685bd .av-image-caption-overlay-center{\ncolor:#ffffff;\n}\n<\/style>\n<div  class='avia-image-container av-lbniyt9b-925e0349701ee888434559efc0c685bd av-styling- avia-align-left  avia-builder-el-8  avia-builder-el-no-sibling '   itemprop=\"image\" itemscope=\"itemscope\" itemtype=\"https:\/\/schema.org\/ImageObject\" ><div class=\"avia-image-container-inner\"><div class=\"avia-image-overlay-wrap\"><img decoding=\"async\" fetchpriority=\"high\" class='wp-image-7126 avia-img-lazy-loading-not-7126 avia_image ' src=\"https:\/\/www.sab.ch\/wp-content\/uploads\/2022\/11\/Telekommu.png\" alt='' title='Telekommu'  height=\"273\" width=\"400\"  itemprop=\"thumbnailUrl\"  \/><\/div><\/div><\/div><\/div>\n","protected":false},"excerpt":{"rendered":"","protected":false},"author":3,"featured_media":0,"parent":11399,"menu_order":0,"comment_status":"closed","ping_status":"closed","template":"","meta":{"footnotes":""},"class_list":["post-11550","page","type-page","status-publish","hentry"],"yoast_head":"<!-- This site is optimized with the Yoast SEO plugin v27.5 - https:\/\/yoast.com\/product\/yoast-seo-wordpress\/ -->\n<title>Digitalisation et t\u00e9l\u00e9communications - S A B<\/title>\n<meta name=\"robots\" content=\"index, follow, max-snippet:-1, max-image-preview:large, max-video-preview:-1\" \/>\n<link rel=\"canonical\" href=\"https:\/\/www.sab.ch\/fr\/politique\/telecommunications\/\" \/>\n<meta property=\"og:locale\" content=\"fr_FR\" \/>\n<meta property=\"og:type\" content=\"article\" \/>\n<meta property=\"og:title\" content=\"Digitalisation et t\u00e9l\u00e9communications - S A B\" \/>\n<meta property=\"og:url\" content=\"https:\/\/www.sab.ch\/fr\/politique\/telecommunications\/\" \/>\n<meta property=\"og:site_name\" content=\"S A B\" \/>\n<meta property=\"article:modified_time\" content=\"2026-03-31T13:25:30+00:00\" \/>\n<meta name=\"twitter:card\" content=\"summary_large_image\" \/>\n<meta name=\"twitter:label1\" content=\"Dur\u00e9e de lecture estim\u00e9e\" \/>\n\t<meta name=\"twitter:data1\" content=\"4 minutes\" \/>\n<script type=\"application\/ld+json\" class=\"yoast-schema-graph\">{\"@context\":\"https:\\\/\\\/schema.org\",\"@graph\":[{\"@type\":\"WebPage\",\"@id\":\"https:\\\/\\\/www.sab.ch\\\/fr\\\/politique\\\/telecommunications\\\/\",\"url\":\"https:\\\/\\\/www.sab.ch\\\/fr\\\/politique\\\/telecommunications\\\/\",\"name\":\"Digitalisation et t\u00e9l\u00e9communications - S A B\",\"isPartOf\":{\"@id\":\"https:\\\/\\\/www.sab.ch\\\/fr\\\/#website\"},\"datePublished\":\"2023-01-26T08:29:11+00:00\",\"dateModified\":\"2026-03-31T13:25:30+00:00\",\"breadcrumb\":{\"@id\":\"https:\\\/\\\/www.sab.ch\\\/fr\\\/politique\\\/telecommunications\\\/#breadcrumb\"},\"inLanguage\":\"fr-FR\",\"potentialAction\":[{\"@type\":\"ReadAction\",\"target\":[\"https:\\\/\\\/www.sab.ch\\\/fr\\\/politique\\\/telecommunications\\\/\"]}]},{\"@type\":\"BreadcrumbList\",\"@id\":\"https:\\\/\\\/www.sab.ch\\\/fr\\\/politique\\\/telecommunications\\\/#breadcrumb\",\"itemListElement\":[{\"@type\":\"ListItem\",\"position\":1,\"name\":\"Startseite\",\"item\":\"https:\\\/\\\/www.sab.ch\\\/fr\\\/home\\\/\"},{\"@type\":\"ListItem\",\"position\":2,\"name\":\"Politique\",\"item\":\"https:\\\/\\\/www.sab.ch\\\/fr\\\/politique\\\/\"},{\"@type\":\"ListItem\",\"position\":3,\"name\":\"Digitalisation et t\u00e9l\u00e9communications\"}]},{\"@type\":\"WebSite\",\"@id\":\"https:\\\/\\\/www.sab.ch\\\/fr\\\/#website\",\"url\":\"https:\\\/\\\/www.sab.ch\\\/fr\\\/\",\"name\":\"S A B\",\"description\":\"\",\"potentialAction\":[{\"@type\":\"SearchAction\",\"target\":{\"@type\":\"EntryPoint\",\"urlTemplate\":\"https:\\\/\\\/www.sab.ch\\\/fr\\\/?s={search_term_string}\"},\"query-input\":{\"@type\":\"PropertyValueSpecification\",\"valueRequired\":true,\"valueName\":\"search_term_string\"}}],\"inLanguage\":\"fr-FR\"}]}<\/script>\n<!-- \/ Yoast SEO plugin. -->","yoast_head_json":{"title":"Digitalisation et t\u00e9l\u00e9communications - S A B","robots":{"index":"index","follow":"follow","max-snippet":"max-snippet:-1","max-image-preview":"max-image-preview:large","max-video-preview":"max-video-preview:-1"},"canonical":"https:\/\/www.sab.ch\/fr\/politique\/telecommunications\/","og_locale":"fr_FR","og_type":"article","og_title":"Digitalisation et t\u00e9l\u00e9communications - S A B","og_url":"https:\/\/www.sab.ch\/fr\/politique\/telecommunications\/","og_site_name":"S A B","article_modified_time":"2026-03-31T13:25:30+00:00","twitter_card":"summary_large_image","twitter_misc":{"Dur\u00e9e de lecture estim\u00e9e":"4 minutes"},"schema":{"@context":"https:\/\/schema.org","@graph":[{"@type":"WebPage","@id":"https:\/\/www.sab.ch\/fr\/politique\/telecommunications\/","url":"https:\/\/www.sab.ch\/fr\/politique\/telecommunications\/","name":"Digitalisation et t\u00e9l\u00e9communications - S A B","isPartOf":{"@id":"https:\/\/www.sab.ch\/fr\/#website"},"datePublished":"2023-01-26T08:29:11+00:00","dateModified":"2026-03-31T13:25:30+00:00","breadcrumb":{"@id":"https:\/\/www.sab.ch\/fr\/politique\/telecommunications\/#breadcrumb"},"inLanguage":"fr-FR","potentialAction":[{"@type":"ReadAction","target":["https:\/\/www.sab.ch\/fr\/politique\/telecommunications\/"]}]},{"@type":"BreadcrumbList","@id":"https:\/\/www.sab.ch\/fr\/politique\/telecommunications\/#breadcrumb","itemListElement":[{"@type":"ListItem","position":1,"name":"Startseite","item":"https:\/\/www.sab.ch\/fr\/home\/"},{"@type":"ListItem","position":2,"name":"Politique","item":"https:\/\/www.sab.ch\/fr\/politique\/"},{"@type":"ListItem","position":3,"name":"Digitalisation et t\u00e9l\u00e9communications"}]},{"@type":"WebSite","@id":"https:\/\/www.sab.ch\/fr\/#website","url":"https:\/\/www.sab.ch\/fr\/","name":"S A B","description":"","potentialAction":[{"@type":"SearchAction","target":{"@type":"EntryPoint","urlTemplate":"https:\/\/www.sab.ch\/fr\/?s={search_term_string}"},"query-input":{"@type":"PropertyValueSpecification","valueRequired":true,"valueName":"search_term_string"}}],"inLanguage":"fr-FR"}]}},"_links":{"self":[{"href":"https:\/\/www.sab.ch\/fr\/wp-json\/wp\/v2\/pages\/11550","targetHints":{"allow":["GET"]}}],"collection":[{"href":"https:\/\/www.sab.ch\/fr\/wp-json\/wp\/v2\/pages"}],"about":[{"href":"https:\/\/www.sab.ch\/fr\/wp-json\/wp\/v2\/types\/page"}],"author":[{"embeddable":true,"href":"https:\/\/www.sab.ch\/fr\/wp-json\/wp\/v2\/users\/3"}],"replies":[{"embeddable":true,"href":"https:\/\/www.sab.ch\/fr\/wp-json\/wp\/v2\/comments?post=11550"}],"version-history":[{"count":26,"href":"https:\/\/www.sab.ch\/fr\/wp-json\/wp\/v2\/pages\/11550\/revisions"}],"predecessor-version":[{"id":32063,"href":"https:\/\/www.sab.ch\/fr\/wp-json\/wp\/v2\/pages\/11550\/revisions\/32063"}],"up":[{"embeddable":true,"href":"https:\/\/www.sab.ch\/fr\/wp-json\/wp\/v2\/pages\/11399"}],"wp:attachment":[{"href":"https:\/\/www.sab.ch\/fr\/wp-json\/wp\/v2\/media?parent=11550"}],"curies":[{"name":"wp","href":"https:\/\/api.w.org\/{rel}","templated":true}]}}