{"id":11699,"date":"2023-01-27T15:03:51","date_gmt":"2023-01-27T14:03:51","guid":{"rendered":"https:\/\/www.sab.ch\/prestationi\/sab-sitzungszimmer-tedesco-francese\/"},"modified":"2024-11-19T09:30:52","modified_gmt":"2024-11-19T08:30:52","slug":"sab-sitzungszimmer-tedesco-francese","status":"publish","type":"page","link":"https:\/\/www.sab.ch\/it\/prestationi\/sab-sitzungszimmer-tedesco-francese\/","title":{"rendered":"SAB Sitzungszimmer (tedesco\/francese)"},"content":{"rendered":"<div  class='flex_column av-4n7fri-4143a2047439b990c3579a16e2404b06 av_two_third  avia-builder-el-0  el_before_av_one_third  avia-builder-el-first  first flex_column_div  '     ><style type=\"text\/css\" data-created_by=\"avia_inline_auto\" id=\"style-css-av-lb0mtwnb-a31a42e5e3f4827b7c7ccd4b6cefb314\">\n#top .av_textblock_section.av-lb0mtwnb-a31a42e5e3f4827b7c7ccd4b6cefb314 .avia_textblock{\ncolor:#000000;\n}\n<\/style>\n<section  class='av_textblock_section av-lb0mtwnb-a31a42e5e3f4827b7c7ccd4b6cefb314 '   itemscope=\"itemscope\" itemtype=\"https:\/\/schema.org\/CreativeWork\" ><div class='avia_textblock av_inherit_color'  itemprop=\"text\" ><h2>Sitzungszimmer<\/h2>\n<p><strong>Sind Sie auf der Suche nach einem geeigneten, zentral gelegenen Sitzungsraum in Bern? <\/strong><\/p>\n<p><strong>Die SAB vermietet zu g\u00fcnstigen Tarifen ihr Sitzungszimmer an Interessierte.<\/strong><\/p>\n<p><strong><br \/>\nIhre Vorteile:<br \/>\n<\/strong><\/p>\n<ul>\n<li>5 Minuten zu Fuss vom Bahnhof<\/li>\n<li>Moderner, klimatisierter Konferenzraum<\/li>\n<li>Technik: Drei Moderationsw\u00e4nde, Flip-Chart und Whiteboard (gratis)<\/li>\n<li>Hybride Sitzungen neu m\u00f6glich<\/li>\n<li>Fl\u00e4che: 60 m2, 15 &#8211; 18 Personen<\/li>\n<li>G\u00fcnstige Tarife<\/li>\n<li>Kaffeemaschine (Selbstbedienung)<\/li>\n<li>\u00d6ffnungszeiten: Montag bis Freitag, ab ca. 8.00 bis ca. 17.00 Uhr<\/li>\n<li>WLAN<\/li>\n<\/ul>\n<h3><\/h3>\n<h3>Saalmiete\/Preise (Angaben ohne Mwst)<\/h3>\n<table>\n<tbody>\n<tr>\n<td><\/td>\n<td><strong>Mitglieder der SAB <\/strong><\/td>\n<td><strong>Nichtmitglieder <\/strong><\/td>\n<\/tr>\n<tr>\n<td>Halber Tag<\/td>\n<td>CHF 75.00<\/td>\n<td>CHF 100.00<\/td>\n<\/tr>\n<tr>\n<td>Ganzer Tag<\/td>\n<td>CHF 100.00<\/td>\n<td>CHF 150.00<\/td>\n<\/tr>\n<tr>\n<td><\/td>\n<td><\/td>\n<td><\/td>\n<\/tr>\n<tr>\n<td>Mineralwasser \u00e0 1.5 l<\/td>\n<td>CHF 6.00\/angefangene Flasche<\/td>\n<td><\/td>\n<\/tr>\n<tr>\n<td>Kaffee<\/td>\n<td>CHF 3.00\/Kaffee<\/td>\n<td><\/td>\n<\/tr>\n<tr>\n<td>Beamer *<\/td>\n<td>CH 30.-\/Miete<\/td>\n<td><\/td>\n<\/tr>\n<\/tbody>\n<\/table>\n<h3><b>Osservazioni<\/b><\/h3>\n<p>Alle Preise ohne Mwst<\/p>\n<p>Gipfeli\/Pausenverpflegung: d\u00fcrfen gerne mitgebracht werden.<\/p>\n<p>Das Sitzungszimmer wird nur von Montag bis Freitag und zu den \u00fcblichen B\u00fcro\u00f6ffnungszeiten vermietet (nicht an den Abenden oder am Wochenende).<\/p>\n<p><strong><br \/>\nKontakt und Reservationsanfragen<\/strong><\/p>\n<p>Tel. 031 382 10 10<br \/>\nE-Mail: i<a href=\"mai&#108;&#116;&#111;&#x3a;&#x69;&#x6e;&#x66;&#x6f;&#x40;sab&#46;&#99;&#104;\">nf&#111;&#64;&#115;&#97;&#x62;&#x2e;&#x63;&#x68;<\/a><\/p>\n<\/div><\/section><br \/>\n<form action=\"https:\/\/www.sab.ch\/it\/prestationi\/sab-sitzungszimmer-tedesco-francese\/\" method=\"post\" data-fields-with-error=\"Sono stati riscontrati errori nei seguenti campi:\" class=\"avia_ajax_form av-form-labels-visible   avia-builder-el-2  el_after_av_textblock  avia-builder-el-last   \" data-avia-form-id=\"1\" data-avia-redirect='' ><h3 class=''>SAB Sitzungszimmer (tedesco\/francese)<\/h3><fieldset><p class='  first_form  form_element form_fullwidth' id='element_avia_1_1'><label for=\"avia_1_1\">Gew\u00fcnschtes Datum: <abbr class=\"required\" title=\"richiesto\">*<\/abbr><\/label> <input name=\"avia_1_1\" class=\"text_input is_empty\" type=\"text\" id=\"avia_1_1\" value=\"\" \/><\/p><p class='  first_form  form_element form_fullwidth' id='element_avia_2_1'><label for=\"avia_2_1\">Gew\u00fcnschte Zeit: (von..bis...) <abbr class=\"required\" title=\"richiesto\">*<\/abbr><\/label> <input name=\"avia_2_1\" class=\"text_input is_empty\" type=\"text\" id=\"avia_2_1\" value=\"\" \/><\/p><p class='  first_form  form_element form_fullwidth' id='element_avia_3_1'><label for=\"avia_3_1\">Anzahl Sitzungsteilnehmer <abbr class=\"required\" title=\"richiesto\">*<\/abbr><\/label> <input name=\"avia_3_1\" class=\"text_input is_empty\" type=\"text\" id=\"avia_3_1\" value=\"\" \/><\/p><p class='  first_form  form_element form_fullwidth' id='element_avia_4_1'><label for=\"avia_4_1\">Beamer  <abbr class=\"required\" title=\"richiesto\">*<\/abbr><\/label><select  name=\"avia_4_1\" class=\"select is_empty\" id=\"avia_4_1\"><option   value='Ja'>Ja<\/option><option   value='Nein'>Nein<\/option><\/select><\/p><p class='  first_form  form_element form_fullwidth' id='element_avia_5_1'><label for=\"avia_5_1\">Anfragetyp<\/label><select  name=\"avia_5_1\" class=\"select \" id=\"avia_5_1\"><option   value='Offertanfrage'>Offertanfrage<\/option><option   value='Reservation'>Reservation<\/option><\/select><\/p><p class='  first_form  form_element form_fullwidth' id='element_avia_6_1'><label for=\"avia_6_1\">Saalbeschriftung (falls erw\u00fcnscht)<\/label> <input name=\"avia_6_1\" class=\"text_input \" type=\"text\" id=\"avia_6_1\" value=\"\" \/><\/p><p class='  first_form  form_element form_fullwidth' id='element_avia_7_1'><label for=\"avia_7_1\">Firma <abbr class=\"required\" title=\"richiesto\">*<\/abbr><\/label> <input name=\"avia_7_1\" class=\"text_input is_empty\" type=\"text\" id=\"avia_7_1\" value=\"\" \/><\/p><p class='  first_form  form_element form_fullwidth' id='element_avia_8_1'><label for=\"avia_8_1\">Nome\/Cognome <abbr class=\"required\" title=\"richiesto\">*<\/abbr><\/label> <input name=\"avia_8_1\" class=\"text_input is_empty\" type=\"text\" id=\"avia_8_1\" value=\"\" \/><\/p><p class='  first_form  form_element form_fullwidth' id='element_avia_9_1'><label for=\"avia_9_1\">Indirizzo <abbr class=\"required\" title=\"richiesto\">*<\/abbr><\/label> <input name=\"avia_9_1\" class=\"text_input is_empty\" type=\"text\" id=\"avia_9_1\" value=\"\" \/><\/p><p class='  first_form  form_element form_fullwidth' id='element_avia_10_1'><label for=\"avia_10_1\">CAP\/Luogo <abbr class=\"required\" title=\"richiesto\">*<\/abbr><\/label> <input name=\"avia_10_1\" class=\"text_input is_empty\" type=\"text\" id=\"avia_10_1\" value=\"\" \/><\/p><p class='  first_form  form_element form_fullwidth' id='element_avia_11_1'><label for=\"avia_11_1\">E-Mail <abbr class=\"required\" title=\"richiesto\">*<\/abbr><\/label> <input name=\"avia_11_1\" class=\"text_input is_empty\" type=\"text\" id=\"avia_11_1\" value=\"\" \/><\/p><p class='  first_form  form_element form_fullwidth' id='element_avia_12_1'><label for=\"avia_12_1\">Rechnungsadresse wenn nicht identisch wie oben; oder sonstige Bemerkungen betr. Rechnung<\/label> <input name=\"avia_12_1\" class=\"text_input \" type=\"text\" id=\"avia_12_1\" value=\"\" \/><\/p><p class='  first_form  form_element form_fullwidth' id='element_avia_13_1'><label for=\"avia_13_1\">Osservazioni <\/label> <input name=\"avia_13_1\" class=\"text_input \" type=\"text\" id=\"avia_13_1\" value=\"\" \/><\/p><p class=\"hidden\"><input type=\"text\" name=\"avia_14_1\" class=\"hidden \" id=\"avia_14_1\" value=\"\" \/><\/p><div id='avia_15_1' class='av-recaptcha-area  first_form  form_element form_fullwidth '  data-container_class=\"\" data-custom_class=\"\" data-context=\"av_contact_form\" data-token_input=\"av_recaptcha_token\" data-version=\"avia_recaptcha_v3\" data-theme=\"light\" data-size=\"normal\" data-score=\"0.5\" data-text_to_preview=\"\" data-value=\"\"><div class=\"av-google-badge-message hidden\">Questo sito \u00e8 protetto da reCAPTCHA e si applicano i termini di servizio di Google <a href=\"https:\/\/policies.google.com\/privacy\">Privacy Policy<\/a> e <a href=\"https:\/\/policies.google.com\/terms\">Termini di servizio<\/a>.<\/div><\/div><p class=\"form_element \"><input type=\"hidden\" value=\"1\" name=\"avia_generated_form1\" \/><input type=\"submit\" value=\"Inviare\" class=\"button\"  data-sending-label=\"Invio\"\/><\/p><\/fieldset><div class=\"avia-disabled-form\">Questo modulo di contatto \u00e8 disattivato perch\u00e9 l&rsquo;utente ha rifiutato di accettare il servizio Google reCaptcha, necessario per convalidare i messaggi inviati dal modulo.<\/div><\/form><div id=\"ajaxresponse_1\" class=\"ajaxresponse ajaxresponse_1 hidden\"><\/div><\/p><\/div><div  class='flex_column av-31ryr2-eacc815c5c43b96f07ea52f7db8a1038 av_one_third  avia-builder-el-3  el_after_av_two_third  avia-builder-el-last  flex_column_div  '     ><style type=\"text\/css\" data-created_by=\"avia_inline_auto\" id=\"style-css-av-lbc770b8-6c1f7bd3f6a6691c19ff0f85d3605749\">\n.avia-image-container.av-lbc770b8-6c1f7bd3f6a6691c19ff0f85d3605749 img.avia_image{\nbox-shadow:none;\n}\n.avia-image-container.av-lbc770b8-6c1f7bd3f6a6691c19ff0f85d3605749 .av-image-caption-overlay-center{\ncolor:#ffffff;\n}\n<\/style>\n<div  class='avia-image-container av-lbc770b8-6c1f7bd3f6a6691c19ff0f85d3605749 av-styling- avia-align-left  avia-builder-el-4  avia-builder-el-no-sibling '   itemprop=\"image\" itemscope=\"itemscope\" itemtype=\"https:\/\/schema.org\/ImageObject\" ><div class=\"avia-image-container-inner\"><div class=\"avia-image-overlay-wrap\"><img decoding=\"async\" fetchpriority=\"high\" class='wp-image-4734 avia-img-lazy-loading-not-4734 avia_image ' src=\"https:\/\/www.sab.ch\/wp-content\/uploads\/2022\/11\/csm_Sitzungszimmer_2021_05dcebe2fe-1.jpg\" alt='' title='csm_Sitzungszimmer_2021_05dcebe2fe'  height=\"300\" width=\"400\"  itemprop=\"thumbnailUrl\"  \/><\/div><\/div><\/div><\/div><\/p>\n","protected":false},"excerpt":{"rendered":"","protected":false},"author":3,"featured_media":0,"parent":11402,"menu_order":0,"comment_status":"closed","ping_status":"closed","template":"","meta":{"footnotes":""},"class_list":["post-11699","page","type-page","status-publish","hentry"],"yoast_head":"<!-- This site is optimized with the Yoast SEO plugin v27.5 - https:\/\/yoast.com\/product\/yoast-seo-wordpress\/ -->\n<title>SAB Sitzungszimmer (tedesco\/francese) - S A B<\/title>\n<meta name=\"robots\" content=\"index, follow, max-snippet:-1, max-image-preview:large, max-video-preview:-1\" \/>\n<link rel=\"canonical\" href=\"https:\/\/www.sab.ch\/it\/prestationi\/sab-sitzungszimmer-tedesco-francese\/\" \/>\n<meta property=\"og:locale\" content=\"it_IT\" \/>\n<meta property=\"og:type\" content=\"article\" \/>\n<meta property=\"og:title\" content=\"SAB Sitzungszimmer (tedesco\/francese) - S A B\" \/>\n<meta property=\"og:url\" content=\"https:\/\/www.sab.ch\/it\/prestationi\/sab-sitzungszimmer-tedesco-francese\/\" \/>\n<meta property=\"og:site_name\" content=\"S A B\" \/>\n<meta property=\"article:modified_time\" content=\"2024-11-19T08:30:52+00:00\" \/>\n<meta name=\"twitter:card\" content=\"summary_large_image\" \/>\n<meta name=\"twitter:label1\" content=\"Tempo di lettura stimato\" \/>\n\t<meta name=\"twitter:data1\" content=\"2 minuti\" \/>\n<script type=\"application\/ld+json\" class=\"yoast-schema-graph\">{\"@context\":\"https:\\\/\\\/schema.org\",\"@graph\":[{\"@type\":\"WebPage\",\"@id\":\"https:\\\/\\\/www.sab.ch\\\/it\\\/prestationi\\\/sab-sitzungszimmer-tedesco-francese\\\/\",\"url\":\"https:\\\/\\\/www.sab.ch\\\/it\\\/prestationi\\\/sab-sitzungszimmer-tedesco-francese\\\/\",\"name\":\"SAB Sitzungszimmer (tedesco\\\/francese) - S A B\",\"isPartOf\":{\"@id\":\"https:\\\/\\\/www.sab.ch\\\/it\\\/#website\"},\"datePublished\":\"2023-01-27T14:03:51+00:00\",\"dateModified\":\"2024-11-19T08:30:52+00:00\",\"breadcrumb\":{\"@id\":\"https:\\\/\\\/www.sab.ch\\\/it\\\/prestationi\\\/sab-sitzungszimmer-tedesco-francese\\\/#breadcrumb\"},\"inLanguage\":\"it-IT\",\"potentialAction\":[{\"@type\":\"ReadAction\",\"target\":[\"https:\\\/\\\/www.sab.ch\\\/it\\\/prestationi\\\/sab-sitzungszimmer-tedesco-francese\\\/\"]}]},{\"@type\":\"BreadcrumbList\",\"@id\":\"https:\\\/\\\/www.sab.ch\\\/it\\\/prestationi\\\/sab-sitzungszimmer-tedesco-francese\\\/#breadcrumb\",\"itemListElement\":[{\"@type\":\"ListItem\",\"position\":1,\"name\":\"Startseite\",\"item\":\"https:\\\/\\\/www.sab.ch\\\/it\\\/home\\\/\"},{\"@type\":\"ListItem\",\"position\":2,\"name\":\"Servizi\",\"item\":\"https:\\\/\\\/www.sab.ch\\\/it\\\/prestationi\\\/\"},{\"@type\":\"ListItem\",\"position\":3,\"name\":\"SAB Sitzungszimmer (tedesco\\\/francese)\"}]},{\"@type\":\"WebSite\",\"@id\":\"https:\\\/\\\/www.sab.ch\\\/it\\\/#website\",\"url\":\"https:\\\/\\\/www.sab.ch\\\/it\\\/\",\"name\":\"S A B\",\"description\":\"\",\"potentialAction\":[{\"@type\":\"SearchAction\",\"target\":{\"@type\":\"EntryPoint\",\"urlTemplate\":\"https:\\\/\\\/www.sab.ch\\\/it\\\/?s={search_term_string}\"},\"query-input\":{\"@type\":\"PropertyValueSpecification\",\"valueRequired\":true,\"valueName\":\"search_term_string\"}}],\"inLanguage\":\"it-IT\"}]}<\/script>\n<!-- \/ Yoast SEO plugin. -->","yoast_head_json":{"title":"SAB Sitzungszimmer (tedesco\/francese) - S A B","robots":{"index":"index","follow":"follow","max-snippet":"max-snippet:-1","max-image-preview":"max-image-preview:large","max-video-preview":"max-video-preview:-1"},"canonical":"https:\/\/www.sab.ch\/it\/prestationi\/sab-sitzungszimmer-tedesco-francese\/","og_locale":"it_IT","og_type":"article","og_title":"SAB Sitzungszimmer (tedesco\/francese) - S A B","og_url":"https:\/\/www.sab.ch\/it\/prestationi\/sab-sitzungszimmer-tedesco-francese\/","og_site_name":"S A B","article_modified_time":"2024-11-19T08:30:52+00:00","twitter_card":"summary_large_image","twitter_misc":{"Tempo di lettura stimato":"2 minuti"},"schema":{"@context":"https:\/\/schema.org","@graph":[{"@type":"WebPage","@id":"https:\/\/www.sab.ch\/it\/prestationi\/sab-sitzungszimmer-tedesco-francese\/","url":"https:\/\/www.sab.ch\/it\/prestationi\/sab-sitzungszimmer-tedesco-francese\/","name":"SAB Sitzungszimmer (tedesco\/francese) - S A B","isPartOf":{"@id":"https:\/\/www.sab.ch\/it\/#website"},"datePublished":"2023-01-27T14:03:51+00:00","dateModified":"2024-11-19T08:30:52+00:00","breadcrumb":{"@id":"https:\/\/www.sab.ch\/it\/prestationi\/sab-sitzungszimmer-tedesco-francese\/#breadcrumb"},"inLanguage":"it-IT","potentialAction":[{"@type":"ReadAction","target":["https:\/\/www.sab.ch\/it\/prestationi\/sab-sitzungszimmer-tedesco-francese\/"]}]},{"@type":"BreadcrumbList","@id":"https:\/\/www.sab.ch\/it\/prestationi\/sab-sitzungszimmer-tedesco-francese\/#breadcrumb","itemListElement":[{"@type":"ListItem","position":1,"name":"Startseite","item":"https:\/\/www.sab.ch\/it\/home\/"},{"@type":"ListItem","position":2,"name":"Servizi","item":"https:\/\/www.sab.ch\/it\/prestationi\/"},{"@type":"ListItem","position":3,"name":"SAB Sitzungszimmer (tedesco\/francese)"}]},{"@type":"WebSite","@id":"https:\/\/www.sab.ch\/it\/#website","url":"https:\/\/www.sab.ch\/it\/","name":"S A B","description":"","potentialAction":[{"@type":"SearchAction","target":{"@type":"EntryPoint","urlTemplate":"https:\/\/www.sab.ch\/it\/?s={search_term_string}"},"query-input":{"@type":"PropertyValueSpecification","valueRequired":true,"valueName":"search_term_string"}}],"inLanguage":"it-IT"}]}},"_links":{"self":[{"href":"https:\/\/www.sab.ch\/it\/wp-json\/wp\/v2\/pages\/11699","targetHints":{"allow":["GET"]}}],"collection":[{"href":"https:\/\/www.sab.ch\/it\/wp-json\/wp\/v2\/pages"}],"about":[{"href":"https:\/\/www.sab.ch\/it\/wp-json\/wp\/v2\/types\/page"}],"author":[{"embeddable":true,"href":"https:\/\/www.sab.ch\/it\/wp-json\/wp\/v2\/users\/3"}],"replies":[{"embeddable":true,"href":"https:\/\/www.sab.ch\/it\/wp-json\/wp\/v2\/comments?post=11699"}],"version-history":[{"count":6,"href":"https:\/\/www.sab.ch\/it\/wp-json\/wp\/v2\/pages\/11699\/revisions"}],"predecessor-version":[{"id":24452,"href":"https:\/\/www.sab.ch\/it\/wp-json\/wp\/v2\/pages\/11699\/revisions\/24452"}],"up":[{"embeddable":true,"href":"https:\/\/www.sab.ch\/it\/wp-json\/wp\/v2\/pages\/11402"}],"wp:attachment":[{"href":"https:\/\/www.sab.ch\/it\/wp-json\/wp\/v2\/media?parent=11699"}],"curies":[{"name":"wp","href":"https:\/\/api.w.org\/{rel}","templated":true}]}}