{"id":12118,"date":"2023-02-02T13:24:11","date_gmt":"2023-02-02T12:24:11","guid":{"rendered":"https:\/\/www.sab.ch\/technische-abteilung-bergversetzer\/cooperatives-de-constructions-rurales-ccr\/consultazioni-per-i-ccr\/"},"modified":"2023-02-06T10:42:13","modified_gmt":"2023-02-06T09:42:13","slug":"consultazioni-per-i-ccr","status":"publish","type":"page","link":"https:\/\/www.sab.ch\/it\/technische-abteilung-bergversetzer\/cooperatives-de-constructions-rurales-ccr\/consultazioni-per-i-ccr\/","title":{"rendered":"Consultazioni per i CCR"},"content":{"rendered":"<div id='av_section_1'  class='avia-section av-kbufzd3s-dd428f854b73db9c732bdb3b761e163e main_color avia-section-default avia-shadow  avia-builder-el-0  el_before_av_section  avia-builder-el-first  avia-bg-style-scroll container_wrap fullsize'  ><div class='container av-section-cont-open' ><main  role=\"main\" itemprop=\"mainContentOfPage\"  class='template-page content  av-content-full alpha units'><div class='post-entry post-entry-type-page post-entry-12118'><div class='entry-content-wrapper clearfix'>\n\n<style type=\"text\/css\" data-created_by=\"avia_inline_auto\" id=\"style-css-av-38q1-59d4a1d61c1719c885de0a85685ce4ed\">\n.flex_column.av-38q1-59d4a1d61c1719c885de0a85685ce4ed{\nborder-radius:0px 0px 0px 0px;\npadding:0px 0px 0px 0px;\n}\n<\/style>\n<div  class='flex_column av-38q1-59d4a1d61c1719c885de0a85685ce4ed av_two_third  avia-builder-el-1  el_before_av_one_third  avia-builder-el-first  first flex_column_div av-zero-column-padding  '     ><section  class='av_textblock_section av-jxk41cbl-de8745f204dcd65c5170bef159d7e21a '   itemscope=\"itemscope\" itemtype=\"https:\/\/schema.org\/CreativeWork\" ><div class='avia_textblock'  itemprop=\"text\" ><h4>Supporto organizzativo per questioni di gestione quali<\/h4>\n<ul>\n<li>Strategia<\/li>\n<li>Leadership<\/li>\n<li>Organizzazione<\/li>\n<li>Gestione delle risorse umane<\/li>\n<li>Marketing<\/li>\n<li>Amministrazione<\/li>\n<\/ul>\n<p>Il ST del SAB \u00e8 lieta di fornire consulenza su questioni organizzative, come ad esempio il cambio di amministratore delegato, la pianificazione della strategia, la scelta di soluzioni informatiche, l&#8217;adeguamento dello statuto, ecc. Inoltre, forniamo assistenza per tutti i tipi di questioni tecniche in ambito operativo, per la sicurezza sul lavoro, per la mediazione tra le parti, ecc.<\/p>\n<\/div><\/section><\/div><div  class='flex_column av-4ahel4-f9bb1c678e742ad3a3949b46bc25feee av_one_third  avia-builder-el-3  el_after_av_two_third  avia-builder-el-last  flex_column_div  '     ><style type=\"text\/css\" data-created_by=\"avia_inline_auto\" id=\"style-css-av-lbkipjpe-49c70dc77f12ac24b8723e31b21bbd3d\">\n.avia-image-container.av-lbkipjpe-49c70dc77f12ac24b8723e31b21bbd3d img.avia_image{\nbox-shadow:none;\n}\n.avia-image-container.av-lbkipjpe-49c70dc77f12ac24b8723e31b21bbd3d .av-image-caption-overlay-center{\ncolor:#ffffff;\n}\n<\/style>\n<div  class='avia-image-container av-lbkipjpe-49c70dc77f12ac24b8723e31b21bbd3d av-styling- avia-align-center  avia-builder-el-4  avia-builder-el-no-sibling '   itemprop=\"image\" itemscope=\"itemscope\" itemtype=\"https:\/\/schema.org\/ImageObject\" ><div class=\"avia-image-container-inner\"><div class=\"avia-image-overlay-wrap\"><img decoding=\"async\" fetchpriority=\"high\" class='wp-image-11119 avia-img-lazy-loading-not-11119 avia_image ' src=\"https:\/\/www.sab.ch\/wp-content\/uploads\/2023\/01\/Organisation.jpg\" alt='' title='Organisation'  height=\"264\" width=\"454\"  itemprop=\"thumbnailUrl\"  \/><\/div><\/div><\/div><\/div>\n\n<\/div><\/div><\/main><!-- close content main element --><\/div><\/div><div id='av_section_2'  class='avia-section av-1g0mx77-db217c0169c59af9064cad5590220b1f main_color avia-section-default avia-shadow  avia-builder-el-5  el_after_av_section  el_before_av_section  avia-bg-style-scroll container_wrap fullsize'  ><div class='container av-section-cont-open' ><div class='template-page content  av-content-full alpha units'><div class='post-entry post-entry-type-page post-entry-12118'><div class='entry-content-wrapper clearfix'>\n\n<style type=\"text\/css\" data-created_by=\"avia_inline_auto\" id=\"style-css-av-11kxn8z-6b566f156f9efff16f5894c24039c0b0\">\n.flex_column.av-11kxn8z-6b566f156f9efff16f5894c24039c0b0{\nborder-radius:0px 0px 0px 0px;\npadding:0px 0px 0px 0px;\n}\n<\/style>\n<div  class='flex_column av-11kxn8z-6b566f156f9efff16f5894c24039c0b0 av_two_third  avia-builder-el-6  el_before_av_one_third  avia-builder-el-first  first flex_column_div av-zero-column-padding  '     ><section  class='av_textblock_section av-lcyigjit-42ec55fbec8c509311883a22459d9a69 '   itemscope=\"itemscope\" itemtype=\"https:\/\/schema.org\/CreativeWork\" ><div class='avia_textblock'  itemprop=\"text\" ><h4>Diritto del lavoro \/ contratto collettivo nazionale<\/h4>\n<p>Il tema della LMV e del diritto del lavoro in generale \u00e8 complesso. Il ST del SAB supporta il GLB su questioni relative al diritto del lavoro e ai contratti ed esegue i chiarimenti necessari.<\/p>\n<\/div><\/section><\/div><div  class='flex_column av-t79b0z-a7f5acdbf4fb915eef07dc6b0b972d39 av_one_third  avia-builder-el-8  el_after_av_two_third  avia-builder-el-last  flex_column_div  '     ><style type=\"text\/css\" data-created_by=\"avia_inline_auto\" id=\"style-css-av-lcyim36j-9d62199cb441040a7231182c7d078716\">\n.avia-image-container.av-lcyim36j-9d62199cb441040a7231182c7d078716 img.avia_image{\nbox-shadow:none;\n}\n.avia-image-container.av-lcyim36j-9d62199cb441040a7231182c7d078716 .av-image-caption-overlay-center{\ncolor:#ffffff;\n}\n<\/style>\n<div  class='avia-image-container av-lcyim36j-9d62199cb441040a7231182c7d078716 av-styling- avia-align-center  avia-builder-el-9  avia-builder-el-no-sibling '   itemprop=\"image\" itemscope=\"itemscope\" itemtype=\"https:\/\/schema.org\/ImageObject\" ><div class=\"avia-image-container-inner\"><div class=\"avia-image-overlay-wrap\"><img decoding=\"async\" fetchpriority=\"high\" class='wp-image-11033 avia-img-lazy-loading-not-11033 avia_image ' src=\"https:\/\/www.sab.ch\/wp-content\/uploads\/2023\/01\/Arbeitsrecht.png\" alt='' title='Arbeitsrecht'  height=\"127\" width=\"300\"  itemprop=\"thumbnailUrl\"  \/><\/div><\/div><\/div><\/div>\n\n<\/div><\/div><\/div><!-- close content main div --><\/div><\/div><div id='av_section_3'  class='avia-section av-2ownshf-a884d12a7d2311fc4365fca31a525340 main_color avia-section-default avia-shadow  avia-builder-el-10  el_after_av_section  el_before_av_one_full  avia-bg-style-scroll container_wrap fullsize'  ><div class='container av-section-cont-open' ><div class='template-page content  av-content-full alpha units'><div class='post-entry post-entry-type-page post-entry-12118'><div class='entry-content-wrapper clearfix'>\n\n<style type=\"text\/css\" data-created_by=\"avia_inline_auto\" id=\"style-css-av-249t903-5e7227b01d4100f5a0d0fa8975ebee0a\">\n.flex_column.av-249t903-5e7227b01d4100f5a0d0fa8975ebee0a{\nborder-radius:0px 0px 0px 0px;\npadding:0px 0px 0px 0px;\n}\n<\/style>\n<div  class='flex_column av-249t903-5e7227b01d4100f5a0d0fa8975ebee0a av_two_third  avia-builder-el-11  el_before_av_one_third  avia-builder-el-first  first flex_column_div av-zero-column-padding  '     ><section  class='av_textblock_section av-1rs2emr-8fb0ffbc994a9d20c1e7ddac3e46ae8b '   itemscope=\"itemscope\" itemtype=\"https:\/\/schema.org\/CreativeWork\" ><div class='avia_textblock'  itemprop=\"text\" ><h4>Assicurazioni<\/h4>\n<p><strong>Consulenza per CCR<\/strong> in relazione alle assicurazioni<\/p>\n<p><b>Assicurazione di responsabilit\u00e0 civile del costruttore<\/b><br \/>\nL&#8217;assicurazione di responsabilit\u00e0 civile del costruttore \u00e8 necessaria se l&#8217;attivit\u00e0 di costruzione mette in pericolo i beni di terzi (ad esempio, la rottura di edifici vicini a causa di lavori di scavo nella propria propriet\u00e0).<br \/>\n=&gt; =&gt; Premi assicurativi favorevoli grazie allo sconto quadro<\/p>\n<p><strong>Assicurazione per l&#8217;edilizia<\/strong><\/p>\n<p>L&#8217;assicurazione per l&#8217;edilizia \u00e8 importante quando il costruttore stesso deve eseguire una grande quantit\u00e0 di lavori per coprire il rischio del costruttore. \u00c8 paragonabile a un&#8217;assicurazione auto completa. Pu\u00f2 essere stipulato attraverso il SAB per tutti gli edifici agricoli, in particolare per i membri del GLB.<\/p>\n<\/div><\/section><\/div><div  class='flex_column av-12u8qdv-b0a48fe7aaf6012c2a8879935f8f7e72 av_one_third  avia-builder-el-13  el_after_av_two_third  avia-builder-el-last  flex_column_div  '     ><style type=\"text\/css\" data-created_by=\"avia_inline_auto\" id=\"style-css-av-iiy01f-2d406d8f692bf787e352982f35565a1f\">\n.avia-image-container.av-iiy01f-2d406d8f692bf787e352982f35565a1f img.avia_image{\nbox-shadow:none;\n}\n.avia-image-container.av-iiy01f-2d406d8f692bf787e352982f35565a1f .av-image-caption-overlay-center{\ncolor:#ffffff;\n}\n<\/style>\n<div  class='avia-image-container av-iiy01f-2d406d8f692bf787e352982f35565a1f av-styling- avia-align-center  avia-builder-el-14  avia-builder-el-no-sibling '   itemprop=\"image\" itemscope=\"itemscope\" itemtype=\"https:\/\/schema.org\/ImageObject\" ><div class=\"avia-image-container-inner\"><div class=\"avia-image-overlay-wrap\"><img decoding=\"async\" fetchpriority=\"high\" class='wp-image-10039 avia-img-lazy-loading-not-10039 avia_image ' src=\"https:\/\/www.sab.ch\/wp-content\/uploads\/2022\/12\/Versicherung-1.jpg\" alt='' title='Versicherung'  height=\"340\" width=\"605\"  itemprop=\"thumbnailUrl\"  \/><\/div><\/div><\/div><\/div><\/div><\/div><\/div><!-- close content main div --><\/div><\/div><div id='after_section_3'  class='main_color av_default_container_wrap container_wrap fullsize'  ><div class='container av-section-cont-open' ><div class='template-page content  av-content-full alpha units'><div class='post-entry post-entry-type-page post-entry-12118'><div class='entry-content-wrapper clearfix'><div  class='flex_column av-30alh4-f906c9e4b2db0bfe08dda0df6bdab49e av_one_full  avia-builder-el-15  el_after_av_section  avia-builder-el-no-sibling  first flex_column_div  '     ><\/div><\/p>\n","protected":false},"excerpt":{"rendered":"","protected":false},"author":6,"featured_media":0,"parent":10520,"menu_order":0,"comment_status":"closed","ping_status":"closed","template":"","meta":{"footnotes":""},"class_list":["post-12118","page","type-page","status-publish","hentry"],"yoast_head":"<!-- This site is optimized with the Yoast SEO plugin v27.5 - https:\/\/yoast.com\/product\/yoast-seo-wordpress\/ -->\n<title>Consultazioni per i CCR - S A B<\/title>\n<meta name=\"robots\" content=\"index, follow, max-snippet:-1, max-image-preview:large, max-video-preview:-1\" \/>\n<link rel=\"canonical\" href=\"https:\/\/www.sab.ch\/it\/technische-abteilung-bergversetzer\/cooperatives-de-constructions-rurales-ccr\/consultazioni-per-i-ccr\/\" \/>\n<meta property=\"og:locale\" content=\"it_IT\" \/>\n<meta property=\"og:type\" content=\"article\" \/>\n<meta property=\"og:title\" content=\"Consultazioni per i CCR - S A B\" \/>\n<meta property=\"og:url\" content=\"https:\/\/www.sab.ch\/it\/technische-abteilung-bergversetzer\/cooperatives-de-constructions-rurales-ccr\/consultazioni-per-i-ccr\/\" \/>\n<meta property=\"og:site_name\" content=\"S A B\" \/>\n<meta property=\"article:modified_time\" content=\"2023-02-06T09:42:13+00:00\" \/>\n<meta name=\"twitter:card\" content=\"summary_large_image\" \/>\n<meta name=\"twitter:label1\" content=\"Tempo di lettura stimato\" \/>\n\t<meta name=\"twitter:data1\" content=\"19 minuti\" \/>\n<script type=\"application\/ld+json\" class=\"yoast-schema-graph\">{\"@context\":\"https:\\\/\\\/schema.org\",\"@graph\":[{\"@type\":\"WebPage\",\"@id\":\"https:\\\/\\\/www.sab.ch\\\/it\\\/technische-abteilung-bergversetzer\\\/cooperatives-de-constructions-rurales-ccr\\\/consultazioni-per-i-ccr\\\/\",\"url\":\"https:\\\/\\\/www.sab.ch\\\/it\\\/technische-abteilung-bergversetzer\\\/cooperatives-de-constructions-rurales-ccr\\\/consultazioni-per-i-ccr\\\/\",\"name\":\"Consultazioni per i CCR - S A B\",\"isPartOf\":{\"@id\":\"https:\\\/\\\/www.sab.ch\\\/it\\\/#website\"},\"datePublished\":\"2023-02-02T12:24:11+00:00\",\"dateModified\":\"2023-02-06T09:42:13+00:00\",\"breadcrumb\":{\"@id\":\"https:\\\/\\\/www.sab.ch\\\/it\\\/technische-abteilung-bergversetzer\\\/cooperatives-de-constructions-rurales-ccr\\\/consultazioni-per-i-ccr\\\/#breadcrumb\"},\"inLanguage\":\"it-IT\",\"potentialAction\":[{\"@type\":\"ReadAction\",\"target\":[\"https:\\\/\\\/www.sab.ch\\\/it\\\/technische-abteilung-bergversetzer\\\/cooperatives-de-constructions-rurales-ccr\\\/consultazioni-per-i-ccr\\\/\"]}]},{\"@type\":\"BreadcrumbList\",\"@id\":\"https:\\\/\\\/www.sab.ch\\\/it\\\/technische-abteilung-bergversetzer\\\/cooperatives-de-constructions-rurales-ccr\\\/consultazioni-per-i-ccr\\\/#breadcrumb\",\"itemListElement\":[{\"@type\":\"ListItem\",\"position\":1,\"name\":\"Startseite\",\"item\":\"https:\\\/\\\/www.sab.ch\\\/it\\\/home\\\/\"},{\"@type\":\"ListItem\",\"position\":2,\"name\":\"Servizio tecnico \\\/ volontari montagna\",\"item\":\"https:\\\/\\\/www.sab.ch\\\/it\\\/technische-abteilung-bergversetzer\\\/\"},{\"@type\":\"ListItem\",\"position\":3,\"name\":\"Coop\u00e9ratives de constructions rurales (CCR)\",\"item\":\"https:\\\/\\\/www.sab.ch\\\/it\\\/technische-abteilung-bergversetzer\\\/cooperatives-de-constructions-rurales-ccr\\\/\"},{\"@type\":\"ListItem\",\"position\":4,\"name\":\"Consultazioni per i CCR\"}]},{\"@type\":\"WebSite\",\"@id\":\"https:\\\/\\\/www.sab.ch\\\/it\\\/#website\",\"url\":\"https:\\\/\\\/www.sab.ch\\\/it\\\/\",\"name\":\"S A B\",\"description\":\"\",\"potentialAction\":[{\"@type\":\"SearchAction\",\"target\":{\"@type\":\"EntryPoint\",\"urlTemplate\":\"https:\\\/\\\/www.sab.ch\\\/it\\\/?s={search_term_string}\"},\"query-input\":{\"@type\":\"PropertyValueSpecification\",\"valueRequired\":true,\"valueName\":\"search_term_string\"}}],\"inLanguage\":\"it-IT\"}]}<\/script>\n<!-- \/ Yoast SEO plugin. -->","yoast_head_json":{"title":"Consultazioni per i CCR - S A B","robots":{"index":"index","follow":"follow","max-snippet":"max-snippet:-1","max-image-preview":"max-image-preview:large","max-video-preview":"max-video-preview:-1"},"canonical":"https:\/\/www.sab.ch\/it\/technische-abteilung-bergversetzer\/cooperatives-de-constructions-rurales-ccr\/consultazioni-per-i-ccr\/","og_locale":"it_IT","og_type":"article","og_title":"Consultazioni per i CCR - S A B","og_url":"https:\/\/www.sab.ch\/it\/technische-abteilung-bergversetzer\/cooperatives-de-constructions-rurales-ccr\/consultazioni-per-i-ccr\/","og_site_name":"S A B","article_modified_time":"2023-02-06T09:42:13+00:00","twitter_card":"summary_large_image","twitter_misc":{"Tempo di lettura stimato":"19 minuti"},"schema":{"@context":"https:\/\/schema.org","@graph":[{"@type":"WebPage","@id":"https:\/\/www.sab.ch\/it\/technische-abteilung-bergversetzer\/cooperatives-de-constructions-rurales-ccr\/consultazioni-per-i-ccr\/","url":"https:\/\/www.sab.ch\/it\/technische-abteilung-bergversetzer\/cooperatives-de-constructions-rurales-ccr\/consultazioni-per-i-ccr\/","name":"Consultazioni per i CCR - S A B","isPartOf":{"@id":"https:\/\/www.sab.ch\/it\/#website"},"datePublished":"2023-02-02T12:24:11+00:00","dateModified":"2023-02-06T09:42:13+00:00","breadcrumb":{"@id":"https:\/\/www.sab.ch\/it\/technische-abteilung-bergversetzer\/cooperatives-de-constructions-rurales-ccr\/consultazioni-per-i-ccr\/#breadcrumb"},"inLanguage":"it-IT","potentialAction":[{"@type":"ReadAction","target":["https:\/\/www.sab.ch\/it\/technische-abteilung-bergversetzer\/cooperatives-de-constructions-rurales-ccr\/consultazioni-per-i-ccr\/"]}]},{"@type":"BreadcrumbList","@id":"https:\/\/www.sab.ch\/it\/technische-abteilung-bergversetzer\/cooperatives-de-constructions-rurales-ccr\/consultazioni-per-i-ccr\/#breadcrumb","itemListElement":[{"@type":"ListItem","position":1,"name":"Startseite","item":"https:\/\/www.sab.ch\/it\/home\/"},{"@type":"ListItem","position":2,"name":"Servizio tecnico \/ volontari montagna","item":"https:\/\/www.sab.ch\/it\/technische-abteilung-bergversetzer\/"},{"@type":"ListItem","position":3,"name":"Coop\u00e9ratives de constructions rurales (CCR)","item":"https:\/\/www.sab.ch\/it\/technische-abteilung-bergversetzer\/cooperatives-de-constructions-rurales-ccr\/"},{"@type":"ListItem","position":4,"name":"Consultazioni per i CCR"}]},{"@type":"WebSite","@id":"https:\/\/www.sab.ch\/it\/#website","url":"https:\/\/www.sab.ch\/it\/","name":"S A B","description":"","potentialAction":[{"@type":"SearchAction","target":{"@type":"EntryPoint","urlTemplate":"https:\/\/www.sab.ch\/it\/?s={search_term_string}"},"query-input":{"@type":"PropertyValueSpecification","valueRequired":true,"valueName":"search_term_string"}}],"inLanguage":"it-IT"}]}},"_links":{"self":[{"href":"https:\/\/www.sab.ch\/it\/wp-json\/wp\/v2\/pages\/12118","targetHints":{"allow":["GET"]}}],"collection":[{"href":"https:\/\/www.sab.ch\/it\/wp-json\/wp\/v2\/pages"}],"about":[{"href":"https:\/\/www.sab.ch\/it\/wp-json\/wp\/v2\/types\/page"}],"author":[{"embeddable":true,"href":"https:\/\/www.sab.ch\/it\/wp-json\/wp\/v2\/users\/6"}],"replies":[{"embeddable":true,"href":"https:\/\/www.sab.ch\/it\/wp-json\/wp\/v2\/comments?post=12118"}],"version-history":[{"count":4,"href":"https:\/\/www.sab.ch\/it\/wp-json\/wp\/v2\/pages\/12118\/revisions"}],"predecessor-version":[{"id":12592,"href":"https:\/\/www.sab.ch\/it\/wp-json\/wp\/v2\/pages\/12118\/revisions\/12592"}],"up":[{"embeddable":true,"href":"https:\/\/www.sab.ch\/it\/wp-json\/wp\/v2\/pages\/10520"}],"wp:attachment":[{"href":"https:\/\/www.sab.ch\/it\/wp-json\/wp\/v2\/media?parent=12118"}],"curies":[{"name":"wp","href":"https:\/\/api.w.org\/{rel}","templated":true}]}}