{"id":20625,"date":"2024-03-05T09:21:11","date_gmt":"2024-03-05T08:21:11","guid":{"rendered":"https:\/\/www.sab.ch\/50-anni-di-politica-regionale\/"},"modified":"2024-08-02T09:40:35","modified_gmt":"2024-08-02T07:40:35","slug":"50-anni-di-politica-regionale","status":"publish","type":"page","link":"https:\/\/www.sab.ch\/it\/50-anni-di-politica-regionale\/","title":{"rendered":"I 50 anni della politica regionale"},"content":{"rendered":"<\/p>\n<div  class='flex_column av-oz0z2k-5b0e09f822a56caf4b5332699d99e286 av_three_fourth  avia-builder-el-0  el_before_av_one_third  avia-builder-el-first  first flex_column_div  '     ><section  class='av_textblock_section av-lsx9vlpz-d397d6c9d33a2488724d82fbafb85ed8 '   itemscope=\"itemscope\" itemtype=\"https:\/\/schema.org\/CreativeWork\" ><div class='avia_textblock'  itemprop=\"text\" ><h1>I 50 anni della politica regionale<\/h1>\n<h3><strong> <br class=\"avia-permanent-lb\" \/>I 50 anni della politica regionale \u2013 un motivo per festeggiare !<\/strong><\/h3>\n<p><br class=\"avia-permanent-lb\" \/>Nel 1974, la precedente legge sull\u2019aiuto agli investimenti (LIM) ha posto le prime basi della politica regionale della Confederazione. La Svizzera diventava cos\u00ec uno dei primi paesi d\u2019Europa a disporre di strumenti di sostegno espliciti per lo sviluppo delle regioni di montagna. La politica regionale della Confederazione \u00e8 stata estesa agli spazi rurali e sviluppata nel corso degli anni, per tenere conto dell\u2019evoluzione delle condizioni-quadro, oltre che delle sfide che queste regioni devono affrontare. Dal 2008, sotto il nome di &#8220;Nuova politica regionale&#8221; (NPR), essa pone in particolare l\u2019accento sulla promozione dell\u2019innovazione, dell\u2019imprenditorialit\u00e0 e della creazione di valore aggiunto.<br \/>\nNel corso di questi ultimi 50 anni, la politica regionale \u00e8 stata in grado di innescare molti impulsi significativi all\u2019interno delle regioni. Spesso, l\u2019opinione pubblica ignora che una buona parte dei progetti importanti per lo sviluppo delle regioni \u00e8 stata realizzata grazie alla politica regionale. Per questo motivo, presentiamo qui di seguito, a titolo d\u2019esempio, alcuni progetti realizzati in tutta la Svizzera, per fornire una breve panoramica degli effetti della politica regionale.<br \/>\nPer i lettori interessati, \u00abmontagna\u00bb &#8211; la rivista del SAB \u2013 dedica un numero ai 50 anni della politica regionale. Vi si pu\u00f2 accedere gratuitamente al seguente <a href=\"https:\/\/www.sab.ch\/wp-content\/uploads\/2024\/02\/50-Jahre-RP-montagna-03-2024-1.pdf\"><strong>link<\/strong><\/a>, a titolo di approfondimento.<\/p>\n<\/div><\/section><br \/>\n<div  class='hr av-av_hr-91d7ccd583a503147498e120fee2ff9b hr-default  avia-builder-el-2  el_after_av_textblock  el_before_av_textblock '><span class='hr-inner '><span class=\"hr-inner-style\"><\/span><\/span><\/div><br \/>\n<section  class='av_textblock_section av-lte6prq9-6270cfc303f1436c5de5f0d1bbb7336a '   itemscope=\"itemscope\" itemtype=\"https:\/\/schema.org\/CreativeWork\" ><div class='avia_textblock'  itemprop=\"text\" ><h4><strong>Gli strumenti della politica regionale <\/strong><\/h4>\n<p>Con l\u2019evolversi delle condizioni-quadro, oltre che delle sfide, anche gli strumenti della politica regionale si sono evoluti. Di seguito una panoramica degli strumenti principali.<\/p>\n<\/div><\/section><\/p><\/div>\n<div  class='flex_column av-av_one_third-41ee899840124b6993b57a87f996c353 av_one_third  avia-builder-el-4  el_after_av_three_fourth  el_before_av_two_third  first flex_column_div  column-top-margin'     ><style type=\"text\/css\" data-created_by=\"avia_inline_auto\" id=\"style-css-av-lte74eq4-613731b92a81e6761737913fbe932092\">\n.avia-image-container.av-lte74eq4-613731b92a81e6761737913fbe932092 img.avia_image{\nbox-shadow:none;\n}\n.avia-image-container.av-lte74eq4-613731b92a81e6761737913fbe932092 .av-image-caption-overlay-center{\ncolor:#ffffff;\n}\n<\/style>\n<div  class='avia-image-container av-lte74eq4-613731b92a81e6761737913fbe932092 av-styling- av-img-linked avia-align-center  avia-builder-el-5  avia-builder-el-no-sibling '   itemprop=\"image\" itemscope=\"itemscope\" itemtype=\"https:\/\/schema.org\/ImageObject\" ><div class=\"avia-image-container-inner\"><div class=\"avia-image-overlay-wrap\"><a href=\"https:\/\/regiosuisse.ch\/it\/politica-regionale-1970-2007\" class='avia_image '  aria-label='Logo IHG'><img decoding=\"async\" fetchpriority=\"high\" class='wp-image-20389 avia-img-lazy-loading-not-20389 avia_image ' src=\"https:\/\/www.sab.ch\/wp-content\/uploads\/2024\/02\/Logo-IHG-997x768.jpg\" alt='' title='Logo IHG'  height=\"768\" width=\"997\"  itemprop=\"thumbnailUrl\" srcset=\"https:\/\/www.sab.ch\/wp-content\/uploads\/2024\/02\/Logo-IHG-997x768.jpg 997w, https:\/\/www.sab.ch\/wp-content\/uploads\/2024\/02\/Logo-IHG-768x592.jpg 768w, https:\/\/www.sab.ch\/wp-content\/uploads\/2024\/02\/Logo-IHG-705x543.jpg 705w, https:\/\/www.sab.ch\/wp-content\/uploads\/2024\/02\/Logo-IHG.jpg 1129w\" sizes=\"(max-width: 997px) 100vw, 997px\" \/><\/a><\/div><\/div><\/div><\/div>\n<div  class='flex_column av-av_two_third-58a6369d5c19d308284fa729d91312fa av_two_third  avia-builder-el-6  el_after_av_one_third  el_before_av_one_third  flex_column_div  column-top-margin'     ><section  class='av_textblock_section av-lte6t65x-6aba4029848e6969e999654db3766a3e '   itemscope=\"itemscope\" itemtype=\"https:\/\/schema.org\/CreativeWork\" ><div class='avia_textblock'  itemprop=\"text\" ><p><strong>Legge federale sull\u2019aiuto agli investimenti nelle regioni montane (LIM)<br \/>\n<\/strong>Obiettivo : Migliorare le condizioni di vita nelle regioni di montagna attraverso la promozione delle infrastrutture<br \/>\nDurata : 1975 \u2013 2007<br \/>\nNumero di progetti : 8\u2019332<br \/>\nContributi : 2,9 miliardi in prestiti federali<\/p>\n<p><a href=\"https:\/\/regiosuisse.ch\/it\/politica-regionale-1970-2007\">Informazioni aggiuntive<\/a><\/p>\n<\/div><\/section><\/div>\n<div  class='flex_column av-av_one_third-41ee899840124b6993b57a87f996c353 av_one_third  avia-builder-el-8  el_after_av_two_third  el_before_av_two_third  first flex_column_div  column-top-margin'     ><style type=\"text\/css\" data-created_by=\"avia_inline_auto\" id=\"style-css-av-lte75tt1-d7b17f4c38769218d95778943ff23af4\">\n.avia-image-container.av-lte75tt1-d7b17f4c38769218d95778943ff23af4 img.avia_image{\nbox-shadow:none;\n}\n.avia-image-container.av-lte75tt1-d7b17f4c38769218d95778943ff23af4 .av-image-caption-overlay-center{\ncolor:#ffffff;\n}\n<\/style>\n<div  class='avia-image-container av-lte75tt1-d7b17f4c38769218d95778943ff23af4 av-styling- av-img-linked avia-align-left  avia-builder-el-9  avia-builder-el-no-sibling '   itemprop=\"image\" itemscope=\"itemscope\" itemtype=\"https:\/\/schema.org\/ImageObject\" ><div class=\"avia-image-container-inner\"><div class=\"avia-image-overlay-wrap\"><a href=\"https:\/\/regiosuisse.ch\/it\/regio-plus\" class='avia_image '  aria-label='regioplus'><img decoding=\"async\" fetchpriority=\"high\" class='wp-image-20539 avia-img-lazy-loading-not-20539 avia_image ' src=\"https:\/\/www.sab.ch\/wp-content\/uploads\/2024\/03\/regioplus-1280x430.jpg\" alt='' title='regioplus'  height=\"430\" width=\"1280\"  itemprop=\"thumbnailUrl\"  \/><\/a><\/div><\/div><\/div><\/div>\n<div  class='flex_column av-av_two_third-58a6369d5c19d308284fa729d91312fa av_two_third  avia-builder-el-10  el_after_av_one_third  el_before_av_one_third  flex_column_div  column-top-margin'     ><section  class='av_textblock_section av-lte75euo-aa3c676184ac35adf4c5067251e8e100 '   itemscope=\"itemscope\" itemtype=\"https:\/\/schema.org\/CreativeWork\" ><div class='avia_textblock'  itemprop=\"text\" ><h4>RegioPlus<\/h4>\n<p>Obiettivo : Sostegno al cambiamento strutturale nelle regioni rurali<br \/>\nDurata : 1997 \u2013 2007<br \/>\nNumero di progetti : 128<br \/>\nContributi : 58 milioni di franchi<\/p>\n<p><a href=\"https:\/\/regiosuisse.ch\/it\/regio-plus\">Informazioni aggiuntive<\/a><\/p>\n<\/div><\/section><\/div>\n<div  class='flex_column av-av_one_third-41ee899840124b6993b57a87f996c353 av_one_third  avia-builder-el-12  el_after_av_two_third  el_before_av_two_third  first flex_column_div  column-top-margin'     ><style type=\"text\/css\" data-created_by=\"avia_inline_auto\" id=\"style-css-av-lte77j0k-b731e8a6ada60fa82ac642e8d72975ce\">\n.avia-image-container.av-lte77j0k-b731e8a6ada60fa82ac642e8d72975ce img.avia_image{\nbox-shadow:none;\n}\n.avia-image-container.av-lte77j0k-b731e8a6ada60fa82ac642e8d72975ce .av-image-caption-overlay-center{\ncolor:#ffffff;\n}\n<\/style>\n<div  class='avia-image-container av-lte77j0k-b731e8a6ada60fa82ac642e8d72975ce av-styling- av-img-linked avia-align-left  avia-builder-el-13  avia-builder-el-no-sibling '   itemprop=\"image\" itemscope=\"itemscope\" itemtype=\"https:\/\/schema.org\/ImageObject\" ><div class=\"avia-image-container-inner\"><div class=\"avia-image-overlay-wrap\"><a href=\"https:\/\/regiosuisse.ch\/it\/programmi\/europa\" class='avia_image '  aria-label='interregg'><img decoding=\"async\" fetchpriority=\"high\" class='wp-image-20533 avia-img-lazy-loading-not-20533 avia_image ' src=\"https:\/\/www.sab.ch\/wp-content\/uploads\/2024\/03\/interregg-1280x630.jpg\" alt='' title='interregg'  height=\"630\" width=\"1280\"  itemprop=\"thumbnailUrl\"  \/><\/a><\/div><\/div><\/div><\/div>\n<div  class='flex_column av-av_two_third-58a6369d5c19d308284fa729d91312fa av_two_third  avia-builder-el-14  el_after_av_one_third  el_before_av_one_third  flex_column_div  column-top-margin'     ><section  class='av_textblock_section av-lte76w8h-4400ffaa68734f576314612e10247226 '   itemscope=\"itemscope\" itemtype=\"https:\/\/schema.org\/CreativeWork\" ><div class='avia_textblock'  itemprop=\"text\" ><h4>Interreg<\/h4>\n<p>Obiettivo : Cooperazione transfrontaliera attraverso dei progetti concreti<br \/>\nDurata : A partire dal 1990, partecipazione della Confederazione a partire dal 1995<br \/>\nNumero di progetti: > 1500<br \/>\nContributi : 131 milioni di franchi federali + equipollenza cantonale<\/p>\n<p><a href=\"https:\/\/regiosuisse.ch\/it\/programmi\/europa\">Informazioni aggiuntive<\/a><\/p>\n<\/div><\/section><\/div>\n<div  class='flex_column av-av_one_third-41ee899840124b6993b57a87f996c353 av_one_third  avia-builder-el-16  el_after_av_two_third  el_before_av_two_third  first flex_column_div  column-top-margin'     ><style type=\"text\/css\" data-created_by=\"avia_inline_auto\" id=\"style-css-av-lte78ucn-95ce5522631f6e008e816e5d26110bd0\">\n.avia-image-container.av-lte78ucn-95ce5522631f6e008e816e5d26110bd0 img.avia_image{\nbox-shadow:none;\n}\n.avia-image-container.av-lte78ucn-95ce5522631f6e008e816e5d26110bd0 .av-image-caption-overlay-center{\ncolor:#ffffff;\n}\n<\/style>\n<div  class='avia-image-container av-lte78ucn-95ce5522631f6e008e816e5d26110bd0 av-styling- av-img-linked avia-align-left  avia-builder-el-17  avia-builder-el-no-sibling '   itemprop=\"image\" itemscope=\"itemscope\" itemtype=\"https:\/\/schema.org\/ImageObject\" ><div class=\"avia-image-container-inner\"><div class=\"avia-image-overlay-wrap\"><a href=\"https:\/\/www.seco.admin.ch\/seco\/it\/home\/Standortfoerderung\/Regional_Raumordnungspolitik\/nrp.html\" class='avia_image '  aria-label='Logo NRP Internet'><img decoding=\"async\" fetchpriority=\"high\" class='wp-image-20536 avia-img-lazy-loading-not-20536 avia_image ' src=\"https:\/\/www.sab.ch\/wp-content\/uploads\/2024\/03\/Logo-NRP-Internet-1280x430.jpg\" alt='' title='Logo NRP Internet'  height=\"430\" width=\"1280\"  itemprop=\"thumbnailUrl\"  \/><\/a><\/div><\/div><\/div><\/div>\n<div  class='flex_column av-av_two_third-58a6369d5c19d308284fa729d91312fa av_two_third  avia-builder-el-18  el_after_av_one_third  el_before_av_hr  flex_column_div  column-top-margin'     ><section  class='av_textblock_section av-lte78fgm-926fda46d8b024254b3b2a2e65d303c1 '   itemscope=\"itemscope\" itemtype=\"https:\/\/schema.org\/CreativeWork\" ><div class='avia_textblock'  itemprop=\"text\" ><h4>Nuova politica regionale (PNR)<\/h4>\n<p>Obiettivo : Creazione e mantenimento di posti di lavoro nelle regioni rurali, di montagna e di confine<br \/>\nDurata : a partire dal \u00a02008<br \/>\nNumero di progetti: > 5\u2019000<br \/>\nContributi: 950 milioni di franchi della Confederazione e contributi equivalenti cantonali<\/p>\n<p><a href=\"https:\/\/www.seco.admin.ch\/seco\/it\/home\/Standortfoerderung\/Regional_Raumordnungspolitik\/nrp.html\">Informazioni aggiuntive<\/a><\/p>\n<p><em>Fonte : Settore \u00ab\u00a0Politica regionale d\u2019assetto del territorio\u00a0\u00bb della SECO<\/em><\/p>\n<\/div><\/section><\/div>\n<div  class='hr av-av_hr-91d7ccd583a503147498e120fee2ff9b hr-default  avia-builder-el-20  el_after_av_two_third  el_before_av_one_third '><span class='hr-inner '><span class=\"hr-inner-style\"><\/span><\/span><\/div>\n<div  class='flex_column av-8gub0ss-f9c501f1a2fbd0b2df5f4a2d719ae38d av_one_third  avia-builder-el-21  el_after_av_hr  el_before_av_two_third  first flex_column_div  '     ><section  class='av_textblock_section av-lt7cpk1w-c1be0fa4ff3793377c5ad351b0ee86cd '   itemscope=\"itemscope\" itemtype=\"https:\/\/schema.org\/CreativeWork\" ><div class='avia_textblock'  itemprop=\"text\" ><h4><strong>Funivia Cabrio<\/strong><\/h4>\n<\/div><\/section><br \/>\n\n<style type=\"text\/css\" data-created_by=\"avia_inline_auto\" id=\"style-css-av-lt7cproi-d79f332af6829e7814743ddd63af88c7\">\n.avia-image-container.av-lt7cproi-d79f332af6829e7814743ddd63af88c7 img.avia_image{\nbox-shadow:none;\n}\n.avia-image-container.av-lt7cproi-d79f332af6829e7814743ddd63af88c7 .av-image-caption-overlay-center{\ncolor:#ffffff;\n}\n<\/style>\n<div  class='avia-image-container av-lt7cproi-d79f332af6829e7814743ddd63af88c7 av-styling- avia-align-left  avia-builder-el-23  el_after_av_textblock  el_before_av_partner '   itemprop=\"image\" itemscope=\"itemscope\" itemtype=\"https:\/\/schema.org\/ImageObject\" ><div class=\"avia-image-container-inner\"><div class=\"avia-image-overlay-wrap\"><img decoding=\"async\" fetchpriority=\"high\" class='wp-image-20364 avia-img-lazy-loading-not-20364 avia_image ' src=\"https:\/\/www.sab.ch\/wp-content\/uploads\/2024\/02\/Bild-Cabrio-Bahn-260x185.jpg\" alt='' title='Bild Cabrio-Bahn'  height=\"185\" width=\"260\"  itemprop=\"thumbnailUrl\"  \/><\/div><\/div><\/div><br \/>\n<div  class='avia-logo-element-container av-lt780t62-1a77e061d0949c4f3d9157eaa3efccf9 av-border-deactivate avia-logo-grid avia-content-slider avia-smallarrow-slider avia-content-grid-active noHover avia-content-slider-odd  avia-builder-el-24  el_after_av_image  avia-builder-el-last  avia-content-slider1' ><div class='avia-smallarrow-slider-heading  no-logo-slider-heading '><div class='new-special-heading'>&nbsp;<\/div><\/div><div class=\"avia-content-slider-inner\"><div class=\"slide-entry-wrap\"><div  class='slide-entry av-fd19jl8-10173fdbff4a7ed9d838a6a7f9d8cba3 flex_column no_margin av_one_third real-thumbnail post-entry slide-entry-overview slide-loop-1 slide-parity-odd post-entry-last first'><a href=\"https:\/\/www.seco.admin.ch\/seco\/it\/home\/Standortfoerderung\/Regional_Raumordnungspolitik\/nrp.html\" data-rel='slide-1' class='slide-image' title='' ><span class='av-partner-fake-img' style='padding-bottom:39.140534262485%; background-image:url(https:\/\/www.sab.ch\/wp-content\/uploads\/2024\/02\/Logo-NRP.jpg);'><\/span><\/a><\/div><\/div><\/div><\/div><\/p><\/div>\n<div  class='flex_column av-g1wtrqk-80833db9a60afbbadfd07380ff4462d0 av_two_third  avia-builder-el-25  el_after_av_one_third  el_before_av_hr  flex_column_div  '     ><section  class='av_textblock_section av-lt7806vs-f17e30de65280b4e434eaf941a694d39 '   itemscope=\"itemscope\" itemtype=\"https:\/\/schema.org\/CreativeWork\" ><div class='avia_textblock'  itemprop=\"text\" ><p><br class=\"avia-permanent-lb\" \/>Le funivia \u00ab Cabrio \u00bb trasforma lo Stanserhorn in una vera e propria attrazione per il turismo della Svizzera centrale. Questa funivia, ancora oggi unica al mondo \u2013 grazie al tetto aperto \u2013 \u00e8 stata inaugurata nel 2012. Ha ottenuto numerosi riconoscimenti, tra i quali il premio \u00ab Milestone \u00bb, il pi\u00f9 importante concorso svizzero del turismo. Con il lancio di questa novit\u00e0 a livello mondiale, il numero dei visitatori \u00e8 aumentato fino al 60%. Anche l\u2019intera regione ne beneficia (alberghi, gastronomia, commercio locale, ecc.).<\/p>\n<p>Finanziamento :<br \/>\nCosto del progetto 29&#8217;400\u2019000 franchi, contributo della Confederazione 3&#8217;000&#8217;000 franchi, contributo del cantone 3&#8217;000&#8217;000 franchi.<\/p>\n<p><a href=\"https:\/\/www.stanserhorn.ch\/\">Informazioni aggiuntive\u00a0<\/a><\/p>\n<p><a href=\"https:\/\/www.youtube.com\/watch?v=zyWm6D85jVg\">Video\u00a0<\/a><\/p>\n<p><a href=\"https:\/\/www.sab.ch\/wp-content\/uploads\/2024\/03\/Plakat-Cabrio-Bahn.pdf\">Manifesto<\/a><\/p>\n<p>Strumento : <a href=\"https:\/\/www.seco.admin.ch\/seco\/it\/home\/Standortfoerderung\/Regional_Raumordnungspolitik\/nrp.html\">NPR<\/a><\/p>\n<\/div><\/section><\/div>\n<div  class='hr av-7wkuqfg-4476a933b6da3cb26523bfaa3d4567bb hr-default  avia-builder-el-27  el_after_av_two_third  el_before_av_one_third '><span class='hr-inner '><span class=\"hr-inner-style\"><\/span><\/span><\/div>\n<div  class='flex_column av-egl9d0s-b03561cde7aeb2ec3fb980dc33f890c8 av_one_third  avia-builder-el-28  el_after_av_hr  el_before_av_two_third  first flex_column_div  '     ><section  class='av_textblock_section av-lt784wnb-f42f73128bf673c8427c0eec91eb52fa '   itemscope=\"itemscope\" itemtype=\"https:\/\/schema.org\/CreativeWork\" ><div class='avia_textblock'  itemprop=\"text\" ><h4><strong>Radio Chablais<\/strong><\/h4>\n<\/div><\/section><br \/>\n\n<style type=\"text\/css\" data-created_by=\"avia_inline_auto\" id=\"style-css-av-lt785fqk-ea651063395109d65c55a441b758383f\">\n.avia-image-container.av-lt785fqk-ea651063395109d65c55a441b758383f img.avia_image{\nbox-shadow:none;\n}\n.avia-image-container.av-lt785fqk-ea651063395109d65c55a441b758383f .av-image-caption-overlay-center{\ncolor:#ffffff;\n}\n<\/style>\n<div  class='avia-image-container av-lt785fqk-ea651063395109d65c55a441b758383f av-styling- avia-align-left  avia-builder-el-30  el_after_av_textblock  el_before_av_textblock '   itemprop=\"image\" itemscope=\"itemscope\" itemtype=\"https:\/\/schema.org\/ImageObject\" ><div class=\"avia-image-container-inner\"><div class=\"avia-image-overlay-wrap\"><img decoding=\"async\" fetchpriority=\"high\" class='wp-image-20383 avia-img-lazy-loading-not-20383 avia_image ' src=\"https:\/\/www.sab.ch\/wp-content\/uploads\/2024\/02\/Bild-Radio-Chablais-260x185.jpg\" alt='' title='Bild Radio Chablais'  height=\"185\" width=\"260\"  itemprop=\"thumbnailUrl\"  \/><\/div><\/div><\/div><br \/>\n<section  class='av_textblock_section av-lt7869fl-1fa0f8dcbfabd2b73e52171709c4412e '   itemscope=\"itemscope\" itemtype=\"https:\/\/schema.org\/CreativeWork\" ><div class='avia_textblock'  itemprop=\"text\" ><\/div><\/section><br \/>\n<div  class='avia-logo-element-container av-lt7871i1-45ec5d828df89194c2e5d65b7d953d38 av-border-deactivate avia-logo-grid avia-content-slider avia-smallarrow-slider avia-content-grid-active noHover avia-content-slider-odd  avia-builder-el-32  el_after_av_textblock  avia-builder-el-last  avia-content-slider2' ><div class='avia-smallarrow-slider-heading  no-logo-slider-heading '><div class='new-special-heading'>&nbsp;<\/div><\/div><div class=\"avia-content-slider-inner\"><div class=\"slide-entry-wrap\"><div  class='slide-entry av-drov4mk-8653d9aba19d5044850dd225c80e4a76 flex_column no_margin av_one_third real-thumbnail post-entry slide-entry-overview slide-loop-1 slide-parity-odd post-entry-last first'><a href=\"https:\/\/regiosuisse.ch\/it\/regio-plus\" data-rel='slide-2' class='slide-image' title='' ><img decoding=\"async\" fetchpriority=\"high\" width=\"300\" height=\"78\" src=\"https:\/\/www.sab.ch\/wp-content\/uploads\/2024\/02\/Logo-Regio-Plus.jpg\" class=\"wp-image-20398 avia-img-lazy-loading-not-20398 attachment-no scaling size-no scaling\" alt=\"\" \/><\/a><\/div><\/div><\/div><\/div><\/p><\/div>\n<div  class='flex_column av-qnc6ng-c3eb355635d4d996d0f5edbba1a38d52 av_two_third  avia-builder-el-33  el_after_av_one_third  el_before_av_hr  flex_column_div  '     ><section  class='av_textblock_section av-lt7csnvg-48b390079a785bfebe71afdcae30cf0a '   itemscope=\"itemscope\" itemtype=\"https:\/\/schema.org\/CreativeWork\" ><div class='avia_textblock'  itemprop=\"text\" ><p>La regione dello Chablais si estende tra i cantoni di Vaud e del Vallese, creando cos\u00ec una nuova identit\u00e0 comune. Radio Chablais ne \u00e8 l\u2019espressione. La stazione radio \u00e8 stata creata per promuovere la coesione di questa regione,\u00a0su iniziativa dei Comuni dello Chablais, che si sono riuniti nell\u2019ambito dell&#8217;associazione \u00ab Chablais R\u00e9gion \u00bb (<a href=\"http:\/\/www.chablais.ch\">www.chablais.ch<\/a>). Quarant\u2019anni dopo la sua prima emissione, Radio Chablais resta un collegamento prezioso all\u2019interno della regione.<\/p>\n<p>Finanziamento :<br \/>\n<em>1984 -1989 :<\/em> Costo del progetto 318\u2019000 franchi, contributo della Confederazione 50&#8217;000 franchi, contributo del cantone 50&#8217;000 franchi.<br \/>\n<em>1998 &#8211; 2004 :<\/em> Costo del progetto 450\u2019000 franchi, contributo della Confederazione 112&#8217;000 franchi, contributo del cantone 112&#8217;000 franchi.<\/p>\n<p><a href=\"https:\/\/radiochablais.ch\/\">Informazioni aggiuntive\u00a0<\/a><\/p>\n<p><a href=\"https:\/\/www.sab.ch\/wp-content\/uploads\/2024\/03\/Video-Radio-Chablais.mp4\">Video <\/a><\/p>\n<p><a href=\"https:\/\/www.sab.ch\/wp-content\/uploads\/2024\/03\/Plakat-Radio-Chablais.pdf\">Manifesto <\/a><\/p>\n<p>Strumenti : <a href=\"https:\/\/regiosuisse.ch\/fr\/politique-regionale-1970-2007\">LIM<\/a> e <a href=\"https:\/\/regiosuisse.ch\/it\/regio-plus\">RegioPlus<\/a><\/p>\n<\/div><\/section><\/div>\n<div  class='hr av-7cl1o24-c7871aa0a0e6c9e4961dc692954cefb1 hr-default  avia-builder-el-35  el_after_av_two_third  el_before_av_one_third '><span class='hr-inner '><span class=\"hr-inner-style\"><\/span><\/span><\/div>\n<div  class='flex_column av-cm3ft1o-e5953188056ee43c12646d05fee73f2f av_one_third  avia-builder-el-36  el_after_av_hr  el_before_av_two_third  first flex_column_div  '     ><section  class='av_textblock_section av-lt7885nz-44aad053f4292814d1960c34e17b32f2 '   itemscope=\"itemscope\" itemtype=\"https:\/\/schema.org\/CreativeWork\" ><div class='avia_textblock'  itemprop=\"text\" ><h4><strong>miaEngiadina<\/strong><\/h4>\n<\/div><\/section><br \/>\n\n<style type=\"text\/css\" data-created_by=\"avia_inline_auto\" id=\"style-css-av-lt788hzw-b82ccbbddfc2cccc11856d096a996e4e\">\n.avia-image-container.av-lt788hzw-b82ccbbddfc2cccc11856d096a996e4e img.avia_image{\nbox-shadow:none;\n}\n.avia-image-container.av-lt788hzw-b82ccbbddfc2cccc11856d096a996e4e .av-image-caption-overlay-center{\ncolor:#ffffff;\n}\n<\/style>\n<div  class='avia-image-container av-lt788hzw-b82ccbbddfc2cccc11856d096a996e4e av-styling- avia-align-left  avia-builder-el-38  el_after_av_textblock  el_before_av_textblock '   itemprop=\"image\" itemscope=\"itemscope\" itemtype=\"https:\/\/schema.org\/ImageObject\" ><div class=\"avia-image-container-inner\"><div class=\"avia-image-overlay-wrap\"><img decoding=\"async\" fetchpriority=\"high\" class='wp-image-20374 avia-img-lazy-loading-not-20374 avia_image ' src=\"https:\/\/www.sab.ch\/wp-content\/uploads\/2024\/02\/Bild-MiaEngiadina-260x185.jpg\" alt='' title='Bild MiaEngiadina'  height=\"185\" width=\"260\"  itemprop=\"thumbnailUrl\"  \/><\/div><\/div><\/div><br \/>\n<section  class='av_textblock_section av-lt7896y9-5369db9ebaa23947ad44a4d5806b19dd '   itemscope=\"itemscope\" itemtype=\"https:\/\/schema.org\/CreativeWork\" ><div class='avia_textblock'  itemprop=\"text\" ><\/div><\/section><br \/>\n<div  class='avia-logo-element-container av-lt789lzt-b00c5e07c227e6d0459b9fcfa7ed87dc av-border-deactivate avia-logo-grid avia-content-slider avia-smallarrow-slider avia-content-grid-active noHover avia-content-slider-odd  avia-builder-el-40  el_after_av_textblock  avia-builder-el-last  avia-content-slider3' ><div class='avia-smallarrow-slider-heading  no-logo-slider-heading '><div class='new-special-heading'>&nbsp;<\/div><\/div><div class=\"avia-content-slider-inner\"><div class=\"slide-entry-wrap\"><div  class='slide-entry av-c8c7g24-f97d677f86dafaeab7d45469a979363e flex_column no_margin av_one_third real-thumbnail post-entry slide-entry-overview slide-loop-1 slide-parity-odd post-entry-last first'><a href=\"https:\/\/www.seco.admin.ch\/seco\/it\/home\/Standortfoerderung\/Regional_Raumordnungspolitik\/nrp.html\" data-rel='slide-3' class='slide-image' title='' ><span class='av-partner-fake-img' style='padding-bottom:39.140534262485%; background-image:url(https:\/\/www.sab.ch\/wp-content\/uploads\/2024\/02\/Logo-NRP.jpg);'><\/span><\/a><\/div><\/div><\/div><\/div><\/p><\/div>\n<div  class='flex_column av-6kq99v0-e75c8618a5fc92dee248d5c0ab859fca av_two_third  avia-builder-el-41  el_after_av_one_third  el_before_av_hr  flex_column_div  '     ><section  class='av_textblock_section av-lt7cugtw-d73c9713e883741904b2e66554ee776b '   itemscope=\"itemscope\" itemtype=\"https:\/\/schema.org\/CreativeWork\" ><div class='avia_textblock'  itemprop=\"text\" ><p><br class=\"avia-permanent-lb\" \/>In Engadina, \u00ab miaEngiadina \u00bb ha creato delle infrastrutture che offrono un ambiente di lavoro moderno e sfruttano i potenziali della digitalizzazione, a vantaggio di una regione di montagna. Questa iniziativa sovraregionale offre una rete in fibra ottica ad alte prestazioni, realizza degli spazi di lavoro condivisi e supporta le scuole nell\u2019uso dei media digitali. Inoltre, propone dei luoghi nei quali gli abitanti, i proprietari di residenze secondarie e gli ospiti della regione s\u2019incontrano. Con \u00ab InnHub La Punt \u00bb, il progetto pi\u00f9 recente di \u00ab miaEngiadina \u00bb, l&#8217;Engadina si profila come un luogo in cui lavorare, vivere ed ispirarsi. Grazie a questo spirito innovativo, la valle \u00e8 stata nominata, nel 2021, come la \u00ab regione pi\u00f9 digitalizzata della Svizzera \u00bb.<\/p>\n<p>Finanziamento :<br \/>\n\u00ab Concetto di sviluppo miaEngiadina \u00bb : Costo del progetto 960\u2019000 franchi, contributo della Confederazione 182\u2019500 franchi, contributo del cantone 182\u2019500 franchi.<br \/>\n\u00ab Concetto di sviluppo InnHub La Punt \u00bb : Costo del progetto 850\u2019000 franchi, contributo della Confederazione 141\u2019142 franchi, contributo del cantone 141\u2019142 franchi.<\/p>\n<p>Informazioni aggiuntive : <a href=\"https:\/\/www.miaengiadina.ch\/\">https:\/\/www.miaengiadina.ch\/<\/a>, <a href=\"https:\/\/www.innhub.ch\/\">https:\/\/www.innhub.ch\/<\/a><\/p>\n<p><a href=\"https:\/\/www.youtube.com\/watch?v=RMNkFkqo3dU\">Video<\/a><\/p>\n<p><a href=\"https:\/\/www.sab.ch\/wp-content\/uploads\/2024\/03\/Plakat-miaEngiadina.pdf\">Manifesto<\/a><\/p>\n<p>Strumento : <a href=\"https:\/\/www.seco.admin.ch\/seco\/it\/home\/Standortfoerderung\/Regional_Raumordnungspolitik\/nrp.html\">NPR<\/a><\/p>\n<\/div><\/section><\/div>\n<div  class='hr av-6fa78cs-0b3627202dcbadc8c849155e23137265 hr-default  avia-builder-el-43  el_after_av_two_third  el_before_av_one_third '><span class='hr-inner '><span class=\"hr-inner-style\"><\/span><\/span><\/div>\n<div  class='flex_column av-9v7ksss-c7c7cb32bcea463aef00a889df881da9 av_one_third  avia-builder-el-44  el_after_av_hr  el_before_av_two_third  first flex_column_div  '     ><section  class='av_textblock_section av-lt78cnqh-b331144d2f608eecb4ed9fcc8d13429d '   itemscope=\"itemscope\" itemtype=\"https:\/\/schema.org\/CreativeWork\" ><div class='avia_textblock'  itemprop=\"text\" ><h4><strong>SCOPRI<\/strong><\/h4>\n<\/div><\/section><br \/>\n\n<style type=\"text\/css\" data-created_by=\"avia_inline_auto\" id=\"style-css-av-lt78d52d-e9c7b2ba081d0e7a4e73f3db1e0669cd\">\n.avia-image-container.av-lt78d52d-e9c7b2ba081d0e7a4e73f3db1e0669cd img.avia_image{\nbox-shadow:none;\n}\n.avia-image-container.av-lt78d52d-e9c7b2ba081d0e7a4e73f3db1e0669cd .av-image-caption-overlay-center{\ncolor:#ffffff;\n}\n<\/style>\n<div  class='avia-image-container av-lt78d52d-e9c7b2ba081d0e7a4e73f3db1e0669cd av-styling- avia-align-left  avia-builder-el-46  el_after_av_textblock  el_before_av_textblock '   itemprop=\"image\" itemscope=\"itemscope\" itemtype=\"https:\/\/schema.org\/ImageObject\" ><div class=\"avia-image-container-inner\"><div class=\"avia-image-overlay-wrap\"><img decoding=\"async\" fetchpriority=\"high\" class='wp-image-20386 avia-img-lazy-loading-not-20386 avia_image ' src=\"https:\/\/www.sab.ch\/wp-content\/uploads\/2024\/02\/Bild-Scopri-260x185.jpg\" alt='' title='Bild Scopri'  height=\"185\" width=\"260\"  itemprop=\"thumbnailUrl\"  \/><\/div><\/div><\/div><br \/>\n<section  class='av_textblock_section av-lt78dw2o-b896fda1719097c76f98ff9a8bd2ec0e '   itemscope=\"itemscope\" itemtype=\"https:\/\/schema.org\/CreativeWork\" ><div class='avia_textblock'  itemprop=\"text\" ><\/div><\/section><br \/>\n<div  class='avia-logo-element-container av-lt78efn0-f560b8a40b342b2cb5965069b7e95481 av-border-deactivate avia-logo-grid avia-content-slider avia-smallarrow-slider avia-content-grid-active noHover avia-content-slider-odd  avia-builder-el-48  el_after_av_textblock  avia-builder-el-last  avia-content-slider4' ><div class='avia-smallarrow-slider-heading  no-logo-slider-heading '><div class='new-special-heading'>&nbsp;<\/div><\/div><div class=\"avia-content-slider-inner\"><div class=\"slide-entry-wrap\"><div  class='slide-entry av-9coa5zg-7b3861017b80311d4266ab71560d0fe9 flex_column no_margin av_one_third real-thumbnail post-entry slide-entry-overview slide-loop-1 slide-parity-odd post-entry-last first'><a href=\"https:\/\/regiosuisse.ch\/it\/programmi\/europa\" data-rel='slide-4' class='slide-image' title='' ><span class='av-partner-fake-img' style='padding-bottom:27.326968973747%; background-image:url(https:\/\/www.sab.ch\/wp-content\/uploads\/2024\/02\/Logo-Interreg.jpg);'><\/span><\/a><\/div><\/div><\/div><\/div><\/p><\/div>\n<div  class='flex_column av-51hcmek-6cbf3b0536b9c01b7372b0b89a7e9a29 av_two_third  avia-builder-el-49  el_after_av_one_third  el_before_av_hr  flex_column_div  '     ><section  class='av_textblock_section av-lt7cx1ua-a7628cf025f140c4ba60bc044fcf22fb '   itemscope=\"itemscope\" itemtype=\"https:\/\/schema.org\/CreativeWork\" ><div class='avia_textblock'  itemprop=\"text\" ><p>Il confine tra la Svizzera e l\u2019Italia si trova sulle creste del Monte Generoso. Al fine di interconnettere questa zona transfrontaliera, il cantone Ticino e la regione Lombardia hanno realizzato il progetto <em>SCOPRI<\/em>. \u00c8 stato creato un itinerario, per valorizzare due celebri attrazioni turistiche : una ferrovia a cremagliera e la \u00ab grotta dell\u2019orso \u00bb. Questa offerta si basa su degli effetti speciali, degli ologrammi e della <em>realt\u00e0<\/em> aumentata. A questo scopo vengono utilizzati degli schermi speciali e degli occhiali 3D. In questo modo, riaffiora il passato, potendo osservare ad esempio le ossa di orsi millenari.<\/p>\n<p>Finanziamento :<br \/>\nCosto del progetto 190\u2019820 franchi, contributo della Confederazione 95\u2019410 franchi, costi totali UE 660\u2019787 franchi.<\/p>\n<p>Informazioni aggiuntive : <a href=\"https:\/\/www.mendrisiottoturismo.ch\/de\/interreg-scopri.html\">https:\/\/www.mendrisiottoturismo.ch\/de\/interreg-scopri.html,\u00a0<\/a><br \/>\n<a href=\"https:\/\/www.laregionedascoprire.ch\/\">https:\/\/www.laregionedascoprire.ch\/<\/a><\/p>\n<p><a href=\"https:\/\/www.sab.ch\/wp-content\/uploads\/2024\/03\/Plakat-SCOPRI.pdf\">Manifesto <\/a><\/p>\n<p>Strumento : <a href=\"https:\/\/regiosuisse.ch\/it\/programmi\/europa\">Interreg<\/a><\/p>\n<\/div><\/section><\/div>\n<div  class='hr av-4kk81e4-7bf484382e5870a67ef0b767e329acaa hr-default  avia-builder-el-51  el_after_av_two_third  el_before_av_one_third '><span class='hr-inner '><span class=\"hr-inner-style\"><\/span><\/span><\/div>\n<div  class='flex_column av-8eoho18-e78ced46d3bc6a4eda4f2825d9f3d80c av_one_third  avia-builder-el-52  el_after_av_hr  el_before_av_two_third  first flex_column_div  '     ><section  class='av_textblock_section av-lt78eyk7-fb0dcb1deb2c9c63d0c37a0ae0c65333 '   itemscope=\"itemscope\" itemtype=\"https:\/\/schema.org\/CreativeWork\" ><div class='avia_textblock'  itemprop=\"text\" ><h4><strong>Il mondo dei suoni del Toggenburg<\/strong><\/h4>\n<\/div><\/section><br \/>\n\n<style type=\"text\/css\" data-created_by=\"avia_inline_auto\" id=\"style-css-av-lt78fni1-282419959a0641c6414612dd395e45df\">\n.avia-image-container.av-lt78fni1-282419959a0641c6414612dd395e45df img.avia_image{\nbox-shadow:none;\n}\n.avia-image-container.av-lt78fni1-282419959a0641c6414612dd395e45df .av-image-caption-overlay-center{\ncolor:#ffffff;\n}\n<\/style>\n<div  class='avia-image-container av-lt78fni1-282419959a0641c6414612dd395e45df av-styling- avia-align-left  avia-builder-el-54  el_after_av_textblock  el_before_av_textblock '   itemprop=\"image\" itemscope=\"itemscope\" itemtype=\"https:\/\/schema.org\/ImageObject\" ><div class=\"avia-image-container-inner\"><div class=\"avia-image-overlay-wrap\"><img decoding=\"async\" fetchpriority=\"high\" class='wp-image-20371 avia-img-lazy-loading-not-20371 avia_image ' src=\"https:\/\/www.sab.ch\/wp-content\/uploads\/2024\/02\/Bild-Klangwelt-Toggenburg-260x185.jpg\" alt='' title='Bild Klangwelt Toggenburg'  height=\"185\" width=\"260\"  itemprop=\"thumbnailUrl\"  \/><\/div><\/div><\/div><br \/>\n<section  class='av_textblock_section av-lt78gf5s-5ac6aa53e7406f60b145d7e415c88dbd '   itemscope=\"itemscope\" itemtype=\"https:\/\/schema.org\/CreativeWork\" ><div class='avia_textblock'  itemprop=\"text\" ><\/div><\/section><br \/>\n<div  class='avia-logo-element-container av-lt78honb-8477c29b79fcd814a482bd3c95e18c91 av-border-deactivate avia-logo-grid avia-content-slider avia-smallarrow-slider avia-content-grid-active noHover avia-content-slider-odd  avia-builder-el-56  el_after_av_textblock  avia-builder-el-last  avia-content-slider5' ><div class='avia-smallarrow-slider-heading  no-logo-slider-heading '><div class='new-special-heading'>&nbsp;<\/div><\/div><div class=\"avia-content-slider-inner\"><div class=\"slide-entry-wrap\"><div  class='slide-entry av-stmop8-cdb858605c61a3077b33dfa0afce0fef flex_column no_margin av_one_third real-thumbnail post-entry slide-entry-overview slide-loop-1 slide-parity-odd  first'><a href=\"https:\/\/regiosuisse.ch\/it\/regio-plus\" data-rel='slide-5' class='slide-image' title='' ><span class='av-partner-fake-img' style='padding-bottom:26%; background-image:url(https:\/\/www.sab.ch\/wp-content\/uploads\/2024\/02\/Logo-Regio-Plus.jpg);'><\/span><\/a><\/div><div  class='slide-entry av-7rwd28c-04c4e6e768af58b8ef39c0adc7827237 flex_column no_margin av_one_third real-thumbnail post-entry slide-entry-overview slide-loop-2 slide-parity-even post-entry-last '><a href=\"https:\/\/www.seco.admin.ch\/seco\/it\/home\/Standortfoerderung\/Regional_Raumordnungspolitik\/nrp.html\" data-rel='slide-5' class='slide-image' title='' ><span class='av-partner-fake-img' style='padding-bottom:26%; background-image:url(https:\/\/www.sab.ch\/wp-content\/uploads\/2024\/02\/Logo-NRP.jpg);'><\/span><\/a><\/div><\/div><\/div><\/div><\/p><\/div>\n<div  class='flex_column av-3rjcaq4-01dde60366e6e902505ee70b27b568b2 av_two_third  avia-builder-el-57  el_after_av_one_third  el_before_av_hr  flex_column_div  '     ><section  class='av_textblock_section av-lt7cy83w-82d89c54297ab02675028b1b35b91d3d '   itemscope=\"itemscope\" itemtype=\"https:\/\/schema.org\/CreativeWork\" ><div class='avia_textblock'  itemprop=\"text\" ><p><br class=\"avia-permanent-lb\" \/>Il Toggenburg \u00e8 impregnato in una cultura musicale e corale ben conservata, che unisce la popolazione locale. Tra i progetti sostenuti dalla politica regionale, vi \u00e8 un\u2019esperienza dedicata all\u2019universo dei suoni. Questa permette agli ospiti del Toggenburg di comprendere meglio l\u2019importanza dei suoni e della risonanza, in un\u2019ampia variet\u00e0 di forme. Propone cos\u00ec al pubblico diverse esperienze da realizzare anche da soli. Ne fanno parte la fonderia di campane, il cammino dei suoni e, a partire dal 2025, la casa dei suoni unica nel suo genere.<\/p>\n<p>Finanziamento :<\/p>\n<p><em>Toggenburg in Bewegung<\/em> (il mondo dei suoni \u00e8 un sottoprogetto): Costo complessivo 2&#8217;000&#8217;000 franchi, contributo della Confederazione 273\u2019750 franchi, contributo del cantone San Gallo 273&#8217;750 franchi.<br \/>\n<em>Klangcampus Phase 1 + 2 :<\/em> Costo del progetto 884&#8217;000 franchi, contributo della Confederazione 295&#8217;000 franchi, contributo del cantone 295&#8217;000 franchi.<br \/>\n<em>Klangcampus Phase 3 + 4 :<\/em> Costo del progetto 616&#8217;000 franchi, contributo della Confederazione 205&#8217;000 franchi, contributo del cantone 205&#8217;000 franchi.<br \/>\n<em>Arealentwicklung Klangcampus Toggenburg :<\/em> Costo del progetto 250&#8217;000 franchi, contributo della Confederazione 68&#8217;000 franchi, contributo del cantone 68&#8217;000 franchi.<br \/>\n<em>Klangweg 2.0 :<\/em> Costo del progetto 1&#8217;042&#8217;800 franchi, contributo della Confederazione 50&#8217;000 franchi, contributo del cantone 21\u2019500 franchi.<br \/>\n<em>Klangzentrum Zwingli :<\/em> Costo del progetto 210&#8217;000 franchi, contributo della Confederazione 70&#8217;000 franchi, contributo del cantone 70&#8217;000 franchi.<br \/>\n<em>Carillon Toggenburg :<\/em> Costo del progetto 96&#8217;000 franchi, contributo della Confederazione 33&#8217;000 franchi, contributo dei cantoni San Gallo e Zurigo 33&#8217;000 franchi.<br \/>\n<em>Empfangshaus Klangcampus :<\/em> Costo del progetto 3&#8217;000&#8217;000 franchi, contributo della Confederazione 1&#8217;000&#8217;000 franchi (prestito), contributo cantonale non ancora chiaro (progetto in corso).<\/p>\n<p><a href=\"https:\/\/klangwelt.swiss\/de\/\">Informazioni aggiuntive<\/a><\/p>\n<p><a href=\"https:\/\/www.srf.ch\/play\/tv\/kulturplatz\/video\/klangwelt-toggenburg?urn=urn:srf:video:2faa0741-3183-4592-b3b6-1688e2cc5aee\">Programma televisivo (in svizzero tedesco)<\/a><\/p>\n<p><a href=\"https:\/\/www.sab.ch\/wp-content\/uploads\/2024\/03\/Plakat-Toggenburg.pdf\">Manifesto <\/a><\/p>\n<p>Strumenti : <a href=\"https:\/\/regiosuisse.ch\/it\/regio-plus\">RegioPlus<\/a> e <a href=\"https:\/\/www.seco.admin.ch\/seco\/it\/home\/Standortfoerderung\/Regional_Raumordnungspolitik\/nrp.html\">NPR<\/a><\/p>\n<\/div><\/section><\/div>\n<div  class='hr av-3k17xkc-afbc87f976539fb8cea0f46346abf05b hr-default  avia-builder-el-59  el_after_av_two_third  el_before_av_one_third '><span class='hr-inner '><span class=\"hr-inner-style\"><\/span><\/span><\/div>\n<div  class='flex_column av-6q711ak-ff1f4cccc61f51ea44b5ab3e050e317b av_one_third  avia-builder-el-60  el_after_av_hr  el_before_av_two_third  first flex_column_div  '     ><section  class='av_textblock_section av-lt78ig9i-4d33f97e17d35299faf48367f6ba118a '   itemscope=\"itemscope\" itemtype=\"https:\/\/schema.org\/CreativeWork\" ><div class='avia_textblock'  itemprop=\"text\" ><h4><strong>Grand Chasseral<\/strong><\/h4>\n<\/div><\/section><br \/>\n\n<style type=\"text\/css\" data-created_by=\"avia_inline_auto\" id=\"style-css-av-lt78j8ni-f689ea43f61147c44474943d5ceba329\">\n.avia-image-container.av-lt78j8ni-f689ea43f61147c44474943d5ceba329 img.avia_image{\nbox-shadow:none;\n}\n.avia-image-container.av-lt78j8ni-f689ea43f61147c44474943d5ceba329 .av-image-caption-overlay-center{\ncolor:#ffffff;\n}\n<\/style>\n<div  class='avia-image-container av-lt78j8ni-f689ea43f61147c44474943d5ceba329 av-styling- avia-align-left  avia-builder-el-62  el_after_av_textblock  el_before_av_textblock '   itemprop=\"image\" itemscope=\"itemscope\" itemtype=\"https:\/\/schema.org\/ImageObject\" ><div class=\"avia-image-container-inner\"><div class=\"avia-image-overlay-wrap\"><img decoding=\"async\" fetchpriority=\"high\" class='wp-image-20368 avia-img-lazy-loading-not-20368 avia_image ' src=\"https:\/\/www.sab.ch\/wp-content\/uploads\/2024\/02\/Bild-Grand-Chasseral-260x185.jpg\" alt='' title='Bild Grand Chasseral'  height=\"185\" width=\"260\"  itemprop=\"thumbnailUrl\"  \/><\/div><\/div><\/div><br \/>\n<section  class='av_textblock_section av-lt78jq3w-8c889bd6efbe2d86a3aa35573afd9fbe '   itemscope=\"itemscope\" itemtype=\"https:\/\/schema.org\/CreativeWork\" ><div class='avia_textblock'  itemprop=\"text\" ><\/div><\/section><br \/>\n<div  class='avia-logo-element-container av-lt78koa4-985c7983f0e8f54ccde665156b774d4c av-border-deactivate avia-logo-grid avia-content-slider avia-smallarrow-slider avia-content-grid-active noHover avia-content-slider-odd  avia-builder-el-64  el_after_av_textblock  avia-builder-el-last  avia-content-slider6' ><div class='avia-smallarrow-slider-heading  no-logo-slider-heading '><div class='new-special-heading'>&nbsp;<\/div><\/div><div class=\"avia-content-slider-inner\"><div class=\"slide-entry-wrap\"><div  class='slide-entry av-6dh09m4-3e00639d9363d0719baf064860ae8c6c flex_column no_margin av_one_third real-thumbnail post-entry slide-entry-overview slide-loop-1 slide-parity-odd  first'><a href=\"https:\/\/regiosuisse.ch\/it\/regio-plus\" data-rel='slide-6' class='slide-image' title='' ><span class='av-partner-fake-img' style='padding-bottom:26%; background-image:url(https:\/\/www.sab.ch\/wp-content\/uploads\/2024\/02\/Logo-Regio-Plus.jpg);'><\/span><\/a><\/div><div  class='slide-entry av-5rywgvg-2e8bfe996116665581466d830aa86b5e flex_column no_margin av_one_third real-thumbnail post-entry slide-entry-overview slide-loop-2 slide-parity-even post-entry-last '><a href=\"https:\/\/www.seco.admin.ch\/seco\/it\/home\/Standortfoerderung\/Regional_Raumordnungspolitik\/nrp.html\" data-rel='slide-6' class='slide-image' title='' ><span class='av-partner-fake-img' style='padding-bottom:26%; background-image:url(https:\/\/www.sab.ch\/wp-content\/uploads\/2024\/02\/Logo-NRP.jpg);'><\/span><\/a><\/div><\/div><\/div><\/div><\/p><\/div>\n<div  class='flex_column av-2vhkdik-54d740231bb569ce7bf1f1c3e2afacce av_two_third  avia-builder-el-65  el_after_av_one_third  el_before_av_hr  flex_column_div  '     ><section  class='av_textblock_section av-lt7czogj-5cd7795bcbcbf1617dae21ca4cf87284 '   itemscope=\"itemscope\" itemtype=\"https:\/\/schema.org\/CreativeWork\" ><div class='avia_textblock'  itemprop=\"text\" ><p>All\u2019interno del Grand Chasseral, il parco naturale regionale Chasseral \u00e8 stato creato per la prima volta nel 2002 ed \u00e8 stato sostenuto dal programma d\u2019impulso RegioPlus. Recentemente \u00e8 stato creato un marchio territoriale per migliorare la visibilit\u00e0 e la capacit\u00e0 di attrazione del Giura bernese, sotto il nome di Grand Chasseral. Esso permette di rivitalizzare l\u2019immagine della regione e in ultima analisi promette di migliorare la sua percezione in Svizzera. Allo stesso tempo, un edificio del XVIII secolo, <em>La Couronne<\/em>, \u00e8 stato trasformato in un centro promozionale per diventare la sede del marchio Grand Chasseral. Oggi \u00e8 sede delle associazioni mantello dei comuni, delle imprese, del turismo, dell\u2019agricoltura e della natura. I visitatori vi troveranno un negozio che riunisce i gustosi prodotti del territorio e delle creazioni della cultura regionale. Questo progetto dimostra l\u2019importanza delle visioni d\u2019insieme a lungo termine.<\/p>\n<p>Finanziamento :<em><br \/>\n<\/em><em>Parco regionale :<\/em> Costo del progetto 3&#8217;040&#8217;000 franchi, contributo della Confederazione 1&#8217;000\u2019000 franchi, contributo del cantone 250&#8217;000 franchi.<br \/>\n<em>La Couronne :<\/em> Costo del progetto 6&#8217;740&#8217;000 franchi, contributo della Confederazione 1&#8217;250&#8217;000 franchi, contributo del cantone 250&#8217;000 franchi.<br \/>\n<em>Marchio territoriale :<\/em> Costo del progetto 415&#8217;000 franchi, contributo della Confederazione 75&#8217;000 franchi, contributo del cantone 75&#8217;000 franchi.<\/p>\n<p><a href=\"https:\/\/grandchasseral.ch\/\">Informazioni aggiunive\u00a0<\/a><\/p>\n<p><a href=\"https:\/\/www.sab.ch\/wp-content\/uploads\/2024\/03\/Plakat-Grand-Chasseral.pdf\">Manifesto<\/a><\/p>\n<p>Strumenti : <a href=\"https:\/\/regiosuisse.ch\/it\/regio-plus\">RegioPlus<\/a> e <a href=\"https:\/\/www.seco.admin.ch\/seco\/it\/home\/Standortfoerderung\/Regional_Raumordnungspolitik\/nrp.html\">NPR<\/a><\/p>\n<\/div><\/section><\/div>\n<div  class='hr av-2o9x8lo-7ea435903ba42545941886b136507b07 hr-default  avia-builder-el-67  el_after_av_two_third  el_before_av_one_third '><span class='hr-inner '><span class=\"hr-inner-style\"><\/span><\/span><\/div>\n<div  class='flex_column av-4rnzuvg-5d2a9cf10664720e8ad8403c6df5e35e av_one_third  avia-builder-el-68  el_after_av_hr  el_before_av_two_third  first flex_column_div  '     ><section  class='av_textblock_section av-lt78ldv3-95c6fa4a439929c955c3858e35ecde4b '   itemscope=\"itemscope\" itemtype=\"https:\/\/schema.org\/CreativeWork\" ><div class='avia_textblock'  itemprop=\"text\" ><h4><strong>Snodo dei trasporti di Fiesch<\/strong><\/h4>\n<\/div><\/section><br \/>\n\n<style type=\"text\/css\" data-created_by=\"avia_inline_auto\" id=\"style-css-av-lt78ml97-dde131b744c432edfb8484063fc56b6f\">\n.avia-image-container.av-lt78ml97-dde131b744c432edfb8484063fc56b6f img.avia_image{\nbox-shadow:none;\n}\n.avia-image-container.av-lt78ml97-dde131b744c432edfb8484063fc56b6f .av-image-caption-overlay-center{\ncolor:#ffffff;\n}\n<\/style>\n<div  class='avia-image-container av-lt78ml97-dde131b744c432edfb8484063fc56b6f av-styling- avia-align-left  avia-builder-el-70  el_after_av_textblock  el_before_av_textblock '   itemprop=\"image\" itemscope=\"itemscope\" itemtype=\"https:\/\/schema.org\/ImageObject\" ><div class=\"avia-image-container-inner\"><div class=\"avia-image-overlay-wrap\"><img decoding=\"async\" fetchpriority=\"high\" class='wp-image-20380 avia-img-lazy-loading-not-20380 avia_image ' src=\"https:\/\/www.sab.ch\/wp-content\/uploads\/2024\/02\/Bild-OeV-Hub-Fiesch-260x185.jpg\" alt='' title='\u00f6v-hub-Fiesch'  height=\"185\" width=\"260\"  itemprop=\"thumbnailUrl\"  \/><\/div><\/div><\/div><br \/>\n<section  class='av_textblock_section av-lt78n62z-f16587b4d24fa88ee45481dd5e190855 '   itemscope=\"itemscope\" itemtype=\"https:\/\/schema.org\/CreativeWork\" ><div class='avia_textblock'  itemprop=\"text\" ><\/div><\/section><br \/>\n<div  class='avia-logo-element-container av-lt78o9my-df51c50d606f2510f4860e1e693134d1 av-border-deactivate avia-logo-grid avia-content-slider avia-smallarrow-slider avia-content-grid-active noHover avia-content-slider-odd  avia-builder-el-72  el_after_av_textblock  avia-builder-el-last  avia-content-slider7' ><div class='avia-smallarrow-slider-heading  no-logo-slider-heading '><div class='new-special-heading'>&nbsp;<\/div><\/div><div class=\"avia-content-slider-inner\"><div class=\"slide-entry-wrap\"><div  class='slide-entry av-4eb66q4-9a40e81d6f087c59019c6e7fbd640951 flex_column no_margin av_one_third real-thumbnail post-entry slide-entry-overview slide-loop-1 slide-parity-odd post-entry-last first'><a href=\"https:\/\/www.seco.admin.ch\/seco\/it\/home\/Standortfoerderung\/Regional_Raumordnungspolitik\/nrp.html\" data-rel='slide-7' class='slide-image' title='' ><span class='av-partner-fake-img' style='padding-bottom:39.140534262485%; background-image:url(https:\/\/www.sab.ch\/wp-content\/uploads\/2024\/02\/Logo-NRP.jpg);'><\/span><\/a><\/div><\/div><\/div><\/div><\/p><\/div>\n<div  class='flex_column av-1x7txrg-cd800aecfe12a5da73e13a1de6f7c125 av_two_third  avia-builder-el-73  el_after_av_one_third  el_before_av_hr  flex_column_div  '     ><section  class='av_textblock_section av-lt7d15ld-32d0069118e708fd5d7bd92bb1342bf9 '   itemscope=\"itemscope\" itemtype=\"https:\/\/schema.org\/CreativeWork\" ><div class='avia_textblock'  itemprop=\"text\" ><p>Il nuovo snodo dei trasporti di Fiesch combina la stazione ferroviaria e quella degli autobus, oltre alla rinnovata stazione della funivia Fiesch-Eggishorn. Grazie alla vicinanza e all\u2019 accessibilit\u00e0 di queste diverse infrastrutture, la gente del luogo ed i turisti godono di maggiori facilitazioni per i loro spostamenti. La costruzione di questo snodo dei trasporti ha dato il via a diversi progetti e ha valorizzato un\u2019intera regione. Questo progetto faro, per i trasporti pubblici e turistici, ha vinto il Premio svizzero della mobilit\u00e0 FLUX, nel 2020.<\/p>\n<p>Finanziamento :<br \/>\nCosto complessivo snodo dei trasporti Fiesch 47&#8217;000\u2019000 franchi. Costo del sottoprogetto sostenuto dalla politica regionale (cabinovia Fiesch-K\u00fchboden) 23&#8217;500\u2019000 franchi, contributo della Confederazione 2&#8217;000\u2019000 franchi (prestito), contributo del cantone 2&#8217;000\u2019000 franchi (prestito).<\/p>\n<p><a href=\"https:\/\/www.aletscharena.ch\/aletsch-arena\/poi\/oev-hub-fiesch\">Informazioni aggiuntive<\/a><\/p>\n<p><a href=\"https:\/\/www.sab.ch\/wp-content\/uploads\/2024\/03\/Plakat-OeV-Hub-Fiesch.pdf\">Manifesto<\/a><\/p>\n<p>Strumento : <a href=\"https:\/\/www.seco.admin.ch\/seco\/it\/home\/Standortfoerderung\/Regional_Raumordnungspolitik\/nrp.html\">NPR<\/a><\/p>\n<\/div><\/section><\/div>\n<div  class='hr av-v7ntm4-19eebb43fee9ece0cb1b325e4e0cd1c6 hr-default  avia-builder-el-75  el_after_av_two_third  el_before_av_one_third '><span class='hr-inner '><span class=\"hr-inner-style\"><\/span><\/span><\/div>\n<div  class='flex_column av-3m0wiss-27b2c58ad5f929953a57f069f693ebb4 av_one_third  avia-builder-el-76  el_after_av_hr  el_before_av_two_third  first flex_column_div  '     ><section  class='av_textblock_section av-lt78oqp6-d17eeb5fd67be611abf00f03bd50c789 '   itemscope=\"itemscope\" itemtype=\"https:\/\/schema.org\/CreativeWork\" ><div class='avia_textblock'  itemprop=\"text\" ><h4><strong>Nuova Gottardo Arena<\/strong><\/h4>\n<\/div><\/section><br \/>\n\n<style type=\"text\/css\" data-created_by=\"avia_inline_auto\" id=\"style-css-av-lt78pv2e-4b4d44f41241e61cf7c39bcfb79f2bf4\">\n.avia-image-container.av-lt78pv2e-4b4d44f41241e61cf7c39bcfb79f2bf4 img.avia_image{\nbox-shadow:none;\n}\n.avia-image-container.av-lt78pv2e-4b4d44f41241e61cf7c39bcfb79f2bf4 .av-image-caption-overlay-center{\ncolor:#ffffff;\n}\n<\/style>\n<div  class='avia-image-container av-lt78pv2e-4b4d44f41241e61cf7c39bcfb79f2bf4 av-styling- av-img-linked avia-align-left  avia-builder-el-78  el_after_av_textblock  el_before_av_textblock '   itemprop=\"image\" itemscope=\"itemscope\" itemtype=\"https:\/\/schema.org\/ImageObject\" ><div class=\"avia-image-container-inner\"><div class=\"avia-image-overlay-wrap\"><img decoding=\"async\" fetchpriority=\"high\" class='wp-image-20377 avia-img-lazy-loading-not-20377 avia_image ' src=\"https:\/\/www.sab.ch\/wp-content\/uploads\/2024\/02\/Bild-Nuova-Gottardo-Arena-260x185.jpg\" alt='' title='Foto Basler Aarau'  height=\"185\" width=\"260\"  itemprop=\"thumbnailUrl\"  \/><\/div><\/div><\/div><br \/>\n<section  class='av_textblock_section av-lt78qgww-9862e0b4db0012e012040ee3da6120e8 '   itemscope=\"itemscope\" itemtype=\"https:\/\/schema.org\/CreativeWork\" ><div class='avia_textblock'  itemprop=\"text\" ><\/div><\/section><br \/>\n<div  class='avia-logo-element-container av-lt78s6sg-d107fd9196221fb79a30bca11989dae0 av-border-deactivate avia-logo-grid avia-content-slider avia-smallarrow-slider avia-content-grid-active noHover avia-content-slider-odd  avia-builder-el-80  el_after_av_textblock  avia-builder-el-last  avia-content-slider8' ><div class='avia-smallarrow-slider-heading  no-logo-slider-heading '><div class='new-special-heading'>&nbsp;<\/div><\/div><div class=\"avia-content-slider-inner\"><div class=\"slide-entry-wrap\"><div  class='slide-entry av-2xvlifg-a2398bfc9b08cc9a2d36c2f856197876 flex_column no_margin av_one_third real-thumbnail post-entry slide-entry-overview slide-loop-1 slide-parity-odd post-entry-last first'><a href=\"https:\/\/www.seco.admin.ch\/seco\/it\/home\/Standortfoerderung\/Regional_Raumordnungspolitik\/nrp.html\" data-rel='slide-8' class='slide-image' title='' ><span class='av-partner-fake-img' style='padding-bottom:39.140534262485%; background-image:url(https:\/\/www.sab.ch\/wp-content\/uploads\/2024\/02\/Logo-NRP.jpg);'><\/span><\/a><\/div><\/div><\/div><\/div><\/p><\/div>\n<div  class='flex_column av-1jbcyng-ea5ca6788b13532d6c5903775d1266ef av_two_third  avia-builder-el-81  el_after_av_one_third  el_before_av_hr  flex_column_div  '     ><section  class='av_textblock_section av-lt7d2ubg-41d2e06beeb0515c64d23e0ceebb675b '   itemscope=\"itemscope\" itemtype=\"https:\/\/schema.org\/CreativeWork\" ><div class='avia_textblock'  itemprop=\"text\" ><p>L&#8217;identit\u00e0 locale e la creazione di valore aggiunto in Alta Leventina sono strettamente legate all\u2019esistenza dell\u2019HC Ambr\u00ec-Piotta. La necessit\u00e0 di costruire un nuovo stadio \u00e8 stata cos\u00ec considerata come un\u2019opportunit\u00e0. Il nuovo palazzetto del ghiaccio rappresenta un investimento che avr\u00e0 degli effetti positivi per tutta la regione. Questa struttura polifunzionale permetter\u00e0 di organizzare delle grandi manifestazioni, come concerti o congressi, durante tutto l\u2019anno. Questo centro \u00e8 stato ben accolto dalla popolazione : nel 2023, il numero dei biglietti venduti non \u00e8 mai stato cos\u00ec alto.<\/p>\n<p>Finanziamento :<br \/>\nCosto del progetto 50&#8217;000\u2019000 franchi, contributo della Confederazione 2&#8217;920\u2019000 franchi (prestito), contributo del cantone Ticino 3&#8217;000\u2019000 franchi (a fondo perso), contributo dei cantoni Uri, Grigioni e Vallese 80&#8217;000 franchi (a fondo perso).<\/p>\n<p><a href=\"https:\/\/hcap.ch\/it\/pista\/gottardo-arena\/profilo#\">Informazioni aggiuntive\u00a0<\/a><\/p>\n<p><a href=\"https:\/\/www.sab.ch\/wp-content\/uploads\/2024\/03\/Plakat-Nuova-Gottardo-Arena.pdf\">Manifesto <\/a><\/p>\n<p>Strumento : <a href=\"https:\/\/www.seco.admin.ch\/seco\/it\/home\/Standortfoerderung\/Regional_Raumordnungspolitik\/nrp.html\">NPR<\/a><\/p>\n<\/div><\/section><\/div>\n<div  class='hr av-1a45ito-96efda02cb35a6189eda3abe91bdc086 hr-default  avia-builder-el-83  el_after_av_two_third  el_before_av_one_third '><span class='hr-inner '><span class=\"hr-inner-style\"><\/span><\/span><\/div>\n<div  class='flex_column av-1ypct1o-43a0fd51ca0a2cad47ce8998bf6c5263 av_one_third  avia-builder-el-84  el_after_av_hr  el_before_av_two_third  first flex_column_div  '     ><section  class='av_textblock_section av-lt78sueu-af8c152de2ef6aee70aa2a6def420e85 '   itemscope=\"itemscope\" itemtype=\"https:\/\/schema.org\/CreativeWork\" ><div class='avia_textblock'  itemprop=\"text\" ><h4><strong>I bagni termali di Saillon<\/strong><\/h4>\n<\/div><\/section><br \/>\n\n<style type=\"text\/css\" data-created_by=\"avia_inline_auto\" id=\"style-css-av-lt78v9cg-2931ea05df7d74085460bb2c2c363442\">\n.avia-image-container.av-lt78v9cg-2931ea05df7d74085460bb2c2c363442 img.avia_image{\nbox-shadow:none;\n}\n.avia-image-container.av-lt78v9cg-2931ea05df7d74085460bb2c2c363442 .av-image-caption-overlay-center{\ncolor:#ffffff;\n}\n<\/style>\n<div  class='avia-image-container av-lt78v9cg-2931ea05df7d74085460bb2c2c363442 av-styling- avia-align-left  avia-builder-el-86  el_after_av_textblock  el_before_av_textblock '   itemprop=\"image\" itemscope=\"itemscope\" itemtype=\"https:\/\/schema.org\/ImageObject\" ><div class=\"avia-image-container-inner\"><div class=\"avia-image-overlay-wrap\"><img decoding=\"async\" fetchpriority=\"high\" class='wp-image-20479 avia-img-lazy-loading-not-20479 avia_image ' src=\"https:\/\/www.sab.ch\/wp-content\/uploads\/2024\/02\/Bains-de-Saillon-riviere-thermalenuno-acacio-RVB-260x185.jpg\" alt='' title='Bains-de-Saillon-rivi\u00e8re-thermalenuno-acacio-RVB'  height=\"185\" width=\"260\"  itemprop=\"thumbnailUrl\"  \/><\/div><\/div><\/div><br \/>\n<section  class='av_textblock_section av-lt78t6t3-ce52afcc64cadd1714a294c4b8565bd0 '   itemscope=\"itemscope\" itemtype=\"https:\/\/schema.org\/CreativeWork\" ><div class='avia_textblock'  itemprop=\"text\" ><\/div><\/section><br \/>\n<div  class='avia-logo-element-container av-lt78tb30-0ef7f7953157c3a0a6566a6953921e89 av-border-deactivate avia-logo-grid avia-content-slider avia-smallarrow-slider avia-content-grid-active noHover avia-content-slider-odd  avia-builder-el-88  el_after_av_textblock  el_before_av_hr  avia-content-slider9' ><div class='avia-smallarrow-slider-heading  no-logo-slider-heading '><div class='new-special-heading'>&nbsp;<\/div><\/div><div class=\"avia-content-slider-inner\"><div class=\"slide-entry-wrap\"><div  class='slide-entry av-1944sq4-9f4e7060b030b3487f1fb291e406fa5f flex_column no_margin av_one_third real-thumbnail post-entry slide-entry-overview slide-loop-1 slide-parity-odd post-entry-last first'><a href=\"https:\/\/regiosuisse.ch\/it\/regio-plus\" data-rel='slide-9' class='slide-image' title='' ><img decoding=\"async\" fetchpriority=\"high\" width=\"300\" height=\"78\" src=\"https:\/\/www.sab.ch\/wp-content\/uploads\/2024\/02\/Logo-Regio-Plus.jpg\" class=\"wp-image-20398 avia-img-lazy-loading-not-20398 attachment-no scaling size-no scaling\" alt=\"\" \/><\/a><\/div><\/div><\/div><\/div><br \/>\n<div  class='hr av-2iibkc-619770fc8ab1d0143d63f1b80d1f1085 hr-default  avia-builder-el-89  el_after_av_partner  avia-builder-el-last '><span class='hr-inner '><span class=\"hr-inner-style\"><\/span><\/span><\/div><\/p><\/div>\n<div  class='flex_column av-lvgcb0-867669fbab5baa4de9d21f8cca9b5fb2 av_two_third  avia-builder-el-90  el_after_av_one_third  avia-builder-el-last  flex_column_div  '     ><section  class='av_textblock_section av-lt7d4v4q-dc24af0436100c43825237dc536a2460 '   itemscope=\"itemscope\" itemtype=\"https:\/\/schema.org\/CreativeWork\" ><div class='avia_textblock'  itemprop=\"text\" ><p>Saillon \u00e8 nota da tempo per le sue acque termali. Alla fine degli anni \u201870, i potenziali economici offerti dalle acque locali sono stati riconosciuti. Dopo l\u2019apertura del centro termale nel 1983 e gli ampliamenti degli anni successivi, le terme di Saillon sono diventate un punto di riferimento tra le terme vallesane. Dopo una chiusura temporanea, a causa di un incendio nel 2020, il centro \u00e8 ora di nuovo aperto e registra circa 500&#8217;000 ingressi all\u2019anno.<\/p>\n<p>Finanziamento :<strong><br \/>\n<\/strong><em>1984-2003 :<\/em> Costo del progetto 15&#8217;923&#8217;330 franchi, contributo della Confederazione 500&#8217;000 franchi, contributo del cantone 500&#8217;000 franchi.<br \/>\n<em>1998-2008 :<\/em> Costo del progetto 8&#8217;779&#8217;000 franchi, contributo della Confederazione 500&#8217;000 franchi, contributo del cantone 1&#8217;250&#8217;000 franchi.<br \/>\n<em>2007-2008 :<\/em> Costo del progetto 1&#8217;360&#8217;000 franchi, contributo della Confederazione 240&#8217;000 franchi, contributo del cantone 240&#8217;000 franchi.<\/p>\n<p><a href=\"https:\/\/www.bainsdesaillon.ch\/de\/\">Informazioni aggiuntive<\/a><\/p>\n<p><a href=\"https:\/\/www.sab.ch\/wp-content\/uploads\/2024\/03\/Plakat-Saillon.pdf\">Manifesto <\/a><\/p>\n<p>Strumenti : <a href=\"https:\/\/regiosuisse.ch\/it\/politica-regionale-1970-2007\">LIM<\/a>, <a href=\"https:\/\/regiosuisse.ch\/it\/regio-plus\">RegioPlus<\/a><\/p>\n<\/div><\/section><\/div>\n","protected":false},"excerpt":{"rendered":"","protected":false},"author":4,"featured_media":0,"parent":0,"menu_order":0,"comment_status":"closed","ping_status":"closed","template":"","meta":{"footnotes":""},"class_list":["post-20625","page","type-page","status-publish","hentry"],"yoast_head":"<!-- This site is optimized with the Yoast SEO plugin v27.5 - https:\/\/yoast.com\/product\/yoast-seo-wordpress\/ -->\n<title>I 50 anni della politica regionale - S A B<\/title>\n<meta name=\"robots\" content=\"index, follow, max-snippet:-1, max-image-preview:large, max-video-preview:-1\" \/>\n<link rel=\"canonical\" href=\"https:\/\/www.sab.ch\/it\/50-anni-di-politica-regionale\/\" \/>\n<meta property=\"og:locale\" content=\"it_IT\" \/>\n<meta property=\"og:type\" content=\"article\" \/>\n<meta property=\"og:title\" content=\"I 50 anni della politica regionale - S A B\" \/>\n<meta property=\"og:url\" content=\"https:\/\/www.sab.ch\/it\/50-anni-di-politica-regionale\/\" \/>\n<meta property=\"og:site_name\" content=\"S A B\" \/>\n<meta property=\"article:modified_time\" content=\"2024-08-02T07:40:35+00:00\" \/>\n<meta name=\"twitter:card\" content=\"summary_large_image\" \/>\n<script type=\"application\/ld+json\" class=\"yoast-schema-graph\">{\"@context\":\"https:\\\/\\\/schema.org\",\"@graph\":[{\"@type\":\"WebPage\",\"@id\":\"https:\\\/\\\/www.sab.ch\\\/it\\\/50-anni-di-politica-regionale\\\/\",\"url\":\"https:\\\/\\\/www.sab.ch\\\/it\\\/50-anni-di-politica-regionale\\\/\",\"name\":\"I 50 anni della politica regionale - S A B\",\"isPartOf\":{\"@id\":\"https:\\\/\\\/www.sab.ch\\\/it\\\/#website\"},\"datePublished\":\"2024-03-05T08:21:11+00:00\",\"dateModified\":\"2024-08-02T07:40:35+00:00\",\"breadcrumb\":{\"@id\":\"https:\\\/\\\/www.sab.ch\\\/it\\\/50-anni-di-politica-regionale\\\/#breadcrumb\"},\"inLanguage\":\"it-IT\",\"potentialAction\":[{\"@type\":\"ReadAction\",\"target\":[\"https:\\\/\\\/www.sab.ch\\\/it\\\/50-anni-di-politica-regionale\\\/\"]}]},{\"@type\":\"BreadcrumbList\",\"@id\":\"https:\\\/\\\/www.sab.ch\\\/it\\\/50-anni-di-politica-regionale\\\/#breadcrumb\",\"itemListElement\":[{\"@type\":\"ListItem\",\"position\":1,\"name\":\"Startseite\",\"item\":\"https:\\\/\\\/www.sab.ch\\\/it\\\/home\\\/\"},{\"@type\":\"ListItem\",\"position\":2,\"name\":\"I 50 anni della politica regionale\"}]},{\"@type\":\"WebSite\",\"@id\":\"https:\\\/\\\/www.sab.ch\\\/it\\\/#website\",\"url\":\"https:\\\/\\\/www.sab.ch\\\/it\\\/\",\"name\":\"S A B\",\"description\":\"\",\"potentialAction\":[{\"@type\":\"SearchAction\",\"target\":{\"@type\":\"EntryPoint\",\"urlTemplate\":\"https:\\\/\\\/www.sab.ch\\\/it\\\/?s={search_term_string}\"},\"query-input\":{\"@type\":\"PropertyValueSpecification\",\"valueRequired\":true,\"valueName\":\"search_term_string\"}}],\"inLanguage\":\"it-IT\"}]}<\/script>\n<!-- \/ Yoast SEO plugin. -->","yoast_head_json":{"title":"I 50 anni della politica regionale - S A B","robots":{"index":"index","follow":"follow","max-snippet":"max-snippet:-1","max-image-preview":"max-image-preview:large","max-video-preview":"max-video-preview:-1"},"canonical":"https:\/\/www.sab.ch\/it\/50-anni-di-politica-regionale\/","og_locale":"it_IT","og_type":"article","og_title":"I 50 anni della politica regionale - S A B","og_url":"https:\/\/www.sab.ch\/it\/50-anni-di-politica-regionale\/","og_site_name":"S A B","article_modified_time":"2024-08-02T07:40:35+00:00","twitter_card":"summary_large_image","schema":{"@context":"https:\/\/schema.org","@graph":[{"@type":"WebPage","@id":"https:\/\/www.sab.ch\/it\/50-anni-di-politica-regionale\/","url":"https:\/\/www.sab.ch\/it\/50-anni-di-politica-regionale\/","name":"I 50 anni della politica regionale - S A B","isPartOf":{"@id":"https:\/\/www.sab.ch\/it\/#website"},"datePublished":"2024-03-05T08:21:11+00:00","dateModified":"2024-08-02T07:40:35+00:00","breadcrumb":{"@id":"https:\/\/www.sab.ch\/it\/50-anni-di-politica-regionale\/#breadcrumb"},"inLanguage":"it-IT","potentialAction":[{"@type":"ReadAction","target":["https:\/\/www.sab.ch\/it\/50-anni-di-politica-regionale\/"]}]},{"@type":"BreadcrumbList","@id":"https:\/\/www.sab.ch\/it\/50-anni-di-politica-regionale\/#breadcrumb","itemListElement":[{"@type":"ListItem","position":1,"name":"Startseite","item":"https:\/\/www.sab.ch\/it\/home\/"},{"@type":"ListItem","position":2,"name":"I 50 anni della politica regionale"}]},{"@type":"WebSite","@id":"https:\/\/www.sab.ch\/it\/#website","url":"https:\/\/www.sab.ch\/it\/","name":"S A B","description":"","potentialAction":[{"@type":"SearchAction","target":{"@type":"EntryPoint","urlTemplate":"https:\/\/www.sab.ch\/it\/?s={search_term_string}"},"query-input":{"@type":"PropertyValueSpecification","valueRequired":true,"valueName":"search_term_string"}}],"inLanguage":"it-IT"}]}},"_links":{"self":[{"href":"https:\/\/www.sab.ch\/it\/wp-json\/wp\/v2\/pages\/20625","targetHints":{"allow":["GET"]}}],"collection":[{"href":"https:\/\/www.sab.ch\/it\/wp-json\/wp\/v2\/pages"}],"about":[{"href":"https:\/\/www.sab.ch\/it\/wp-json\/wp\/v2\/types\/page"}],"author":[{"embeddable":true,"href":"https:\/\/www.sab.ch\/it\/wp-json\/wp\/v2\/users\/4"}],"replies":[{"embeddable":true,"href":"https:\/\/www.sab.ch\/it\/wp-json\/wp\/v2\/comments?post=20625"}],"version-history":[{"count":61,"href":"https:\/\/www.sab.ch\/it\/wp-json\/wp\/v2\/pages\/20625\/revisions"}],"predecessor-version":[{"id":22931,"href":"https:\/\/www.sab.ch\/it\/wp-json\/wp\/v2\/pages\/20625\/revisions\/22931"}],"wp:attachment":[{"href":"https:\/\/www.sab.ch\/it\/wp-json\/wp\/v2\/media?parent=20625"}],"curies":[{"name":"wp","href":"https:\/\/api.w.org\/{rel}","templated":true}]}}